{"id":210528,"date":"2018-04-09T11:38:52","date_gmt":"2018-04-09T11:38:52","guid":{"rendered":"https:\/\/www.fundacionyuste.org\/?page_id=210528"},"modified":"2026-02-16T09:40:32","modified_gmt":"2026-02-16T09:40:32","slug":"inicio-ingles-2018-2-2","status":"publish","type":"page","link":"https:\/\/www.fundacionyuste.org\/en\/","title":{"rendered":"INICIO ingles 2018"},"content":{"rendered":"<p>[et_pb_section fb_built=&#8221;1&#8243; specialty=&#8221;on&#8221; _builder_version=&#8221;4.16&#8243; _module_preset=&#8221;default&#8221; min_height=&#8221;440.1px&#8221; global_colors_info=&#8221;{}&#8221;][et_pb_column type=&#8221;1_2&#8243; _builder_version=&#8221;4.16&#8243; custom_padding=&#8221;|||&#8221; global_colors_info=&#8221;{}&#8221; custom_padding__hover=&#8221;|||&#8221;][et_pb_post_slider include_categories=&#8221;142&#8243; show_pagination=&#8221;off&#8221; show_more_button=&#8221;off&#8221; use_manual_excerpt=&#8221;off&#8221; excerpt_length=&#8221;0&#8243; show_meta=&#8221;off&#8221; _builder_version=&#8221;4.19.5&#8243; _module_preset=&#8221;default&#8221; header_level=&#8221;h3&#8243; header_font=&#8221;|600||on|||||&#8221; header_text_align=&#8221;left&#8221; header_text_color=&#8221;#FFFFFF&#8221; header_font_size=&#8221;17px&#8221; header_line_height=&#8221;1.2em&#8221; body_text_align=&#8221;left&#8221; background_color=&#8221;#FFFFFF&#8221; text_orientation=&#8221;left&#8221; min_height=&#8221;400px&#8221; height=&#8221;400px&#8221; hover_enabled=&#8221;0&#8243; header_text_shadow_style=&#8221;preset3&#8243; header_text_shadow_blur_strength=&#8221;0.32em&#8221; header_text_shadow_color=&#8221;#000000&#8243; border_radii=&#8221;on|5px|5px|5px|5px&#8221; global_colors_info=&#8221;{}&#8221; sticky_enabled=&#8221;0&#8243; custom_css_slide_title=&#8221;font-weight: 400;font-size: 20px;||&#8221; custom_css_slide_description=&#8221;font-weight: 400;font-size: 20px;&#8221;][\/et_pb_post_slider][\/et_pb_column][et_pb_column type=&#8221;1_2&#8243; specialty_columns=&#8221;2&#8243; _builder_version=&#8221;4.16&#8243; custom_padding=&#8221;|||&#8221; global_colors_info=&#8221;{}&#8221; custom_padding__hover=&#8221;|||&#8221;][et_pb_row_inner column_structure=&#8221;1_3,1_3,1_3&#8243; _builder_version=&#8221;4.19.5&#8243; _module_preset=&#8221;default&#8221; global_colors_info=&#8221;{}&#8221;][et_pb_column_inner type=&#8221;1_3&#8243; saved_specialty_column_type=&#8221;1_2&#8243; _builder_version=&#8221;4.16&#8243; _module_preset=&#8221;default&#8221; global_colors_info=&#8221;{}&#8221;][et_pb_cta button_url=&#8221;https:\/\/www.fundacionyuste.org\/en\/the-european-carlos-v-award\/convocatoria-2026\/&#8221; button_text=&#8221;CARLOS V EUROPEAN AWARD&#8221; _builder_version=&#8221;4.19.5&#8243; _module_preset=&#8221;default&#8221; background_enable_color=&#8221;off&#8221; background_image=&#8221;https:\/\/www.fundacionyuste.org\/wp-content\/uploads\/2020\/11\/PremioEuropeo.jpg&#8221; custom_button=&#8221;on&#8221; button_text_size=&#8221;15px&#8221; button_text_color=&#8221;#FFFFFF&#8221; button_bg_color=&#8221;rgba(247,197,0,0.66)&#8221; button_border_width=&#8221;0px&#8221; button_alignment=&#8221;left&#8221; button_custom_margin=&#8221;90px|||-41px|false|false&#8221; button_custom_margin_tablet=&#8221;60px||||false|false&#8221; button_custom_margin_phone=&#8221;60px||||false|false&#8221; button_custom_margin_last_edited=&#8221;on|tablet&#8221; min_height=&#8221;186px&#8221; height=&#8221;186px&#8221; custom_margin=&#8221;|-10px|||false|false&#8221; button_text_size_tablet=&#8221;16px&#8221; button_text_size_phone=&#8221;16px&#8221; button_text_size_last_edited=&#8221;on|desktop&#8221; custom_css_promo_button=&#8221;border-radius:0px 5px 5px 5px;&#8221; border_radii=&#8221;on|5px|5px|5px|5px&#8221; button_text_shadow_style=&#8221;preset3&#8243; global_colors_info=&#8221;{}&#8221;][\/et_pb_cta][et_pb_cta button_url=&#8221;https:\/\/www.fundacionyuste.org\/en\/carlos-v-european-award-grants-2&#8243; button_text=&#8221;CARLOS V EUROPEAN AWARD GRANTS&#8221; _builder_version=&#8221;4.19.5&#8243; _module_preset=&#8221;default&#8221; background_enable_color=&#8221;off&#8221; background_image=&#8221;https:\/\/www.fundacionyuste.org\/wp-content\/uploads\/2023\/01\/Becas_Carlos_V.jpg&#8221; custom_button=&#8221;on&#8221; button_text_size=&#8221;15px&#8221; button_text_color=&#8221;#FFFFFF&#8221; button_bg_color=&#8221;rgba(247,197,0,0.66)&#8221; button_border_width=&#8221;0px&#8221; button_alignment=&#8221;left&#8221; button_custom_margin=&#8221;90px|||-41px|false|false&#8221; button_custom_margin_tablet=&#8221;60px||||false|false&#8221; button_custom_margin_phone=&#8221;60px||||false|false&#8221; button_custom_margin_last_edited=&#8221;on|phone&#8221; min_height=&#8221;186px&#8221; height=&#8221;186px&#8221; custom_margin=&#8221;29px|-10px|||false|false&#8221; button_text_size_tablet=&#8221;16px&#8221; button_text_size_phone=&#8221;16px&#8221; button_text_size_last_edited=&#8221;on|tablet&#8221; custom_css_main_element=&#8221;border: 0px solid !important;&#8221; custom_css_promo_button=&#8221;border-radius:0px 5px 5px 5px;&#8221; border_radii=&#8221;on|5px|5px|5px|5px&#8221; button_text_shadow_style=&#8221;preset3&#8243; global_colors_info=&#8221;{}&#8221;][\/et_pb_cta][\/et_pb_column_inner][et_pb_column_inner type=&#8221;1_3&#8243; saved_specialty_column_type=&#8221;1_2&#8243; _builder_version=&#8221;4.16&#8243; _module_preset=&#8221;default&#8221; global_colors_info=&#8221;{}&#8221;][et_pb_cta button_url=&#8221;https:\/\/www.fundacionyuste.org\/campus-yuste\/becas\/&#8221; button_text=&#8221;CAMPUS YUSTE&#8221; _builder_version=&#8221;4.16&#8243; _module_preset=&#8221;default&#8221; background_enable_color=&#8221;off&#8221; background_image=&#8221;https:\/\/www.fundacionyuste.org\/wp-content\/uploads\/2020\/11\/CampusYuste.jpg&#8221; custom_button=&#8221;on&#8221; button_text_size=&#8221;15px&#8221; button_text_color=&#8221;#FFFFFF&#8221; button_bg_color=&#8221;rgba(247,197,0,0.66)&#8221; button_border_width=&#8221;0px&#8221; button_alignment=&#8221;left&#8221; button_custom_margin=&#8221;90px|||-41px|false|false&#8221; button_custom_margin_tablet=&#8221;&#8221; button_custom_margin_phone=&#8221;60px|||-41px|false|false&#8221; button_custom_margin_last_edited=&#8221;on|desktop&#8221; min_height=&#8221;186px&#8221; height=&#8221;186px&#8221; custom_margin=&#8221;|-10px|||false|false&#8221; button_text_size_tablet=&#8221;16px&#8221; button_text_size_phone=&#8221;16px&#8221; button_text_size_last_edited=&#8221;on|phone&#8221; custom_css_promo_button=&#8221;border-radius:0px 5px 5px 5px;&#8221; border_radii=&#8221;on|5px|5px|5px|5px&#8221; button_text_shadow_style=&#8221;preset3&#8243; global_colors_info=&#8221;{}&#8221;][\/et_pb_cta][et_pb_cta button_url=&#8221;https:\/\/www.fundacionyuste.org\/fundacion\/inscripcion-al-boletin\/&#8221; button_text=&#8221;NEWSLETTER&#8221; _builder_version=&#8221;4.16&#8243; _module_preset=&#8221;default&#8221; background_enable_color=&#8221;off&#8221; background_image=&#8221;https:\/\/www.fundacionyuste.org\/wp-content\/uploads\/2020\/11\/news.jpg&#8221; custom_button=&#8221;on&#8221; button_text_size=&#8221;15px&#8221; button_text_color=&#8221;#FFFFFF&#8221; button_bg_color=&#8221;rgba(247,197,0,0.66)&#8221; button_border_width=&#8221;0px&#8221; button_alignment=&#8221;left&#8221; button_custom_margin=&#8221;90px|||-41px|false|false&#8221; button_custom_margin_tablet=&#8221;&#8221; button_custom_margin_phone=&#8221;60px|||-41px|false|false&#8221; button_custom_margin_last_edited=&#8221;on|desktop&#8221; min_height=&#8221;186px&#8221; height=&#8221;186px&#8221; custom_margin=&#8221;29px|-10px|||false|false&#8221; button_text_size_tablet=&#8221;16px&#8221; button_text_size_phone=&#8221;16px&#8221; button_text_size_last_edited=&#8221;on|desktop&#8221; custom_css_promo_button=&#8221;border-radius:0px 5px 5px 5px;&#8221; border_radii=&#8221;on|5px|5px|5px|5px&#8221; button_text_shadow_style=&#8221;preset3&#8243; global_colors_info=&#8221;{}&#8221;][\/et_pb_cta][\/et_pb_column_inner][et_pb_column_inner type=&#8221;1_3&#8243; saved_specialty_column_type=&#8221;1_2&#8243; _builder_version=&#8221;4.16&#8243; _module_preset=&#8221;default&#8221; global_colors_info=&#8221;{}&#8221;][et_pb_cta button_url=&#8221;https:\/\/www.fundacionyuste.org\/en\/activities-2\/emperors-concerts\/&#8221; button_text=&#8221;EMPEROR`S CONCERTS&#8221; _builder_version=&#8221;4.19.5&#8243; _module_preset=&#8221;default&#8221; background_enable_color=&#8221;off&#8221; background_image=&#8221;https:\/\/www.fundacionyuste.org\/wp-content\/uploads\/2023\/01\/conciertos-emperador.jpg&#8221; custom_button=&#8221;on&#8221; button_text_size=&#8221;15px&#8221; button_text_color=&#8221;#FFFFFF&#8221; button_bg_color=&#8221;rgba(247,197,0,0.66)&#8221; button_border_width=&#8221;0px&#8221; button_alignment=&#8221;left&#8221; button_custom_margin=&#8221;90px|||-41px|false|false&#8221; button_custom_margin_tablet=&#8221;&#8221; button_custom_margin_phone=&#8221;60px|||-41px|false|false&#8221; button_custom_margin_last_edited=&#8221;on|desktop&#8221; min_height=&#8221;186px&#8221; height=&#8221;186px&#8221; custom_margin=&#8221;|-10px|||false|false&#8221; button_text_size_tablet=&#8221;16px&#8221; button_text_size_phone=&#8221;16px&#8221; button_text_size_last_edited=&#8221;on|phone&#8221; custom_css_promo_button=&#8221;border-radius:0px 5px 5px 5px;&#8221; border_radii=&#8221;on|5px|5px|5px|5px&#8221; button_text_shadow_style=&#8221;preset3&#8243; global_colors_info=&#8221;{}&#8221;][\/et_pb_cta][et_pb_cta button_url=&#8221;https:\/\/www.fundacionyuste.org\/en\/research-prize-to-ibero-american-doctoral-theses-2022\/&#8221; button_text=&#8221;DOCTORAL THESES AWARD&#8221; _builder_version=&#8221;4.19.5&#8243; _module_preset=&#8221;default&#8221; background_enable_color=&#8221;off&#8221; background_image=&#8221;https:\/\/www.fundacionyuste.org\/wp-content\/uploads\/2023\/01\/premios-tesis.jpg&#8221; custom_button=&#8221;on&#8221; button_text_size=&#8221;15px&#8221; button_text_color=&#8221;#FFFFFF&#8221; button_bg_color=&#8221;rgba(247,197,0,0.66)&#8221; button_border_width=&#8221;0px&#8221; button_alignment=&#8221;left&#8221; button_custom_margin=&#8221;90px|||-41px|false|false&#8221; button_custom_margin_tablet=&#8221;&#8221; button_custom_margin_phone=&#8221;60px|||-41px|false|false&#8221; button_custom_margin_last_edited=&#8221;on|desktop&#8221; min_height=&#8221;186px&#8221; height=&#8221;186px&#8221; custom_margin=&#8221;|-10px|||false|false&#8221; button_text_size_tablet=&#8221;16px&#8221; button_text_size_phone=&#8221;16px&#8221; button_text_size_last_edited=&#8221;on|phone&#8221; custom_css_promo_button=&#8221;border-radius:0px 5px 5px 5px;&#8221; border_radii=&#8221;on|5px|5px|5px|5px&#8221; button_text_shadow_style=&#8221;preset3&#8243; global_colors_info=&#8221;{}&#8221;][\/et_pb_cta][\/et_pb_column_inner][\/et_pb_row_inner][\/et_pb_column][\/et_pb_section][et_pb_section fb_built=&#8221;1&#8243; _builder_version=&#8221;4.16&#8243; global_colors_info=&#8221;{}&#8221;][et_pb_row column_structure=&#8221;1_2,1_2&#8243; _builder_version=&#8221;4.16&#8243; global_colors_info=&#8221;{}&#8221;][et_pb_column type=&#8221;1_2&#8243; _builder_version=&#8221;4.16&#8243; custom_padding=&#8221;|||&#8221; global_colors_info=&#8221;{}&#8221; custom_padding__hover=&#8221;|||&#8221;][et_pb_tabs admin_label=&#8221;PESTA\u00d1AS DE DESTACADOS&#8221; _builder_version=&#8221;4.16&#8243; body_line_height=&#8221;1.3em&#8221; tab_font=&#8221;Muli||||||||&#8221; custom_margin=&#8221;-15px|||&#8221; animation_direction=&#8221;top&#8221; tab_font_size_tablet=&#8221;11px&#8221; tab_font_size_phone=&#8221;&#8221; tab_font_size_last_edited=&#8221;on|tablet&#8221; z_index_tablet=&#8221;500&#8243; custom_css_active_tab=&#8221;color: #fff !important;&#8221; custom_css_tabs_content=&#8221;min-height:256px !important; max-height:256px !important; padding: 0 2em 0 1em;&#8221; body_text_shadow_horizontal_length_tablet=&#8221;0px&#8221; body_text_shadow_vertical_length_tablet=&#8221;0px&#8221; body_text_shadow_blur_strength_tablet=&#8221;1px&#8221; tab_text_shadow_horizontal_length_tablet=&#8221;0px&#8221; tab_text_shadow_vertical_length_tablet=&#8221;0px&#8221; tab_text_shadow_blur_strength_tablet=&#8221;1px&#8221; body_link_text_shadow_horizontal_length_tablet=&#8221;0px&#8221; body_link_text_shadow_vertical_length_tablet=&#8221;0px&#8221; body_link_text_shadow_blur_strength_tablet=&#8221;1px&#8221; body_ul_text_shadow_horizontal_length_tablet=&#8221;0px&#8221; body_ul_text_shadow_vertical_length_tablet=&#8221;0px&#8221; body_ul_text_shadow_blur_strength_tablet=&#8221;1px&#8221; body_ol_text_shadow_horizontal_length_tablet=&#8221;0px&#8221; body_ol_text_shadow_vertical_length_tablet=&#8221;0px&#8221; body_ol_text_shadow_blur_strength_tablet=&#8221;1px&#8221; body_quote_text_shadow_horizontal_length_tablet=&#8221;0px&#8221; body_quote_text_shadow_vertical_length_tablet=&#8221;0px&#8221; body_quote_text_shadow_blur_strength_tablet=&#8221;1px&#8221; box_shadow_horizontal_tablet=&#8221;0px&#8221; box_shadow_vertical_tablet=&#8221;0px&#8221; box_shadow_blur_tablet=&#8221;40px&#8221; box_shadow_spread_tablet=&#8221;0px&#8221; global_colors_info=&#8221;{}&#8221;][et_pb_tab title=&#8221;CHARLES V&#8221; title_tablet=&#8221;CHARLES V&#8221; title_phone=&#8221;CHARLES V&#8221; _builder_version=&#8221;4.16&#8243; body_font=&#8221;Muli||||||||&#8221; body_line_height_tablet=&#8221;1.7em&#8221; body_line_height_phone=&#8221;1.7em&#8221; background_color_gradient_direction_tablet=&#8221;180deg&#8221; background_color_gradient_direction_phone=&#8221;180deg&#8221; background_color_gradient_stops_tablet=&#8221;#2b87da 0%|#29c4a9 100%&#8221; background_color_gradient_stops_phone=&#8221;#2b87da 0%|#29c4a9 100%&#8221; background_color_gradient_start_position_tablet=&#8221;0%&#8221; background_color_gradient_start_position_phone=&#8221;0%&#8221; background_color_gradient_end_position_tablet=&#8221;100%&#8221; background_color_gradient_end_position_phone=&#8221;100%&#8221; hover_transition_duration_tablet=&#8221;300ms&#8221; hover_transition_duration_phone=&#8221;300ms&#8221; hover_transition_delay_tablet=&#8221;0ms&#8221; hover_transition_delay_phone=&#8221;0ms&#8221; body_text_shadow_horizontal_length_tablet=&#8221;0px&#8221; body_text_shadow_horizontal_length_phone=&#8221;0px&#8221; body_text_shadow_vertical_length_tablet=&#8221;0px&#8221; body_text_shadow_vertical_length_phone=&#8221;0px&#8221; body_text_shadow_blur_strength_tablet=&#8221;1px&#8221; body_text_shadow_blur_strength_phone=&#8221;1px&#8221; tab_text_shadow_horizontal_length_tablet=&#8221;0px&#8221; tab_text_shadow_horizontal_length_phone=&#8221;0px&#8221; tab_text_shadow_vertical_length_tablet=&#8221;0px&#8221; tab_text_shadow_vertical_length_phone=&#8221;0px&#8221; tab_text_shadow_blur_strength_tablet=&#8221;1px&#8221; tab_text_shadow_blur_strength_phone=&#8221;1px&#8221; body_link_text_shadow_horizontal_length_tablet=&#8221;0px&#8221; body_link_text_shadow_horizontal_length_phone=&#8221;0px&#8221; body_link_text_shadow_vertical_length_tablet=&#8221;0px&#8221; body_link_text_shadow_vertical_length_phone=&#8221;0px&#8221; body_link_text_shadow_blur_strength_tablet=&#8221;1px&#8221; body_link_text_shadow_blur_strength_phone=&#8221;1px&#8221; body_ul_text_shadow_horizontal_length_tablet=&#8221;0px&#8221; body_ul_text_shadow_horizontal_length_phone=&#8221;0px&#8221; body_ul_text_shadow_vertical_length_tablet=&#8221;0px&#8221; body_ul_text_shadow_vertical_length_phone=&#8221;0px&#8221; body_ul_text_shadow_blur_strength_tablet=&#8221;1px&#8221; body_ul_text_shadow_blur_strength_phone=&#8221;1px&#8221; body_ol_text_shadow_horizontal_length_tablet=&#8221;0px&#8221; body_ol_text_shadow_horizontal_length_phone=&#8221;0px&#8221; body_ol_text_shadow_vertical_length_tablet=&#8221;0px&#8221; body_ol_text_shadow_vertical_length_phone=&#8221;0px&#8221; body_ol_text_shadow_blur_strength_tablet=&#8221;1px&#8221; body_ol_text_shadow_blur_strength_phone=&#8221;1px&#8221; body_quote_text_shadow_horizontal_length_tablet=&#8221;0px&#8221; body_quote_text_shadow_horizontal_length_phone=&#8221;0px&#8221; body_quote_text_shadow_vertical_length_tablet=&#8221;0px&#8221; body_quote_text_shadow_vertical_length_phone=&#8221;0px&#8221; body_quote_text_shadow_blur_strength_tablet=&#8221;1px&#8221; body_quote_text_shadow_blur_strength_phone=&#8221;1px&#8221; global_colors_info=&#8221;{}&#8221;]<\/p>\n<p><img decoding=\"async\" loading=\"lazy\" class=\"imagen_sin_sombra alignleft wp-image-206414 \" src=\"https:\/\/www.fundacionyuste.org\/wp-content\/uploads\/2018\/02\/CArlosV-204x300.png\" alt=\"\" width=\"153\" height=\"225\" srcset=\"https:\/\/www.fundacionyuste.org\/wp-content\/uploads\/2018\/02\/CArlosV-204x300.png 204w, https:\/\/www.fundacionyuste.org\/wp-content\/uploads\/2018\/02\/CArlosV.png 447w\" sizes=\"(max-width: 153px) 100vw, 153px\" \/><\/p>\n<h2>BIOGRAPHICAL NOTE<\/h2>\n<p align=\"justify\">Charles V was born on 24 February 1500 in Ghent (Belgium). He was the first son of Joanna (daughter of the Catholic Monarchs) and Philip the Handsome (son of Maximilian I, King of the Germans). After his abdication, Charles V travels once again to Spain. The place chosen as his retreat is the Monastery of Yuste, in Extremadura. Carlos V built a residential palace annexed to the Monastery, decorated with tapestries and paintings by Titian.<\/p>\n<h4><a href='https:\/\/www.fundacionyuste.org\/en\/charles-v\/' class='small-button smallblue'><strong>Read more \u2630 <\/strong><\/a><\/h4>\n<p>[\/et_pb_tab][et_pb_tab title=&#8221;MONASTERY OF YUSTE&#8221; title_tablet=&#8221;MONASTERY OF YUSTE&#8221; title_phone=&#8221;MONASTERY OF YUSTE&#8221; _builder_version=&#8221;4.16&#8243; tab_font=&#8221;||||||||&#8221; body_line_height_tablet=&#8221;1.7em&#8221; body_line_height_phone=&#8221;1.7em&#8221; background_color_gradient_direction_tablet=&#8221;180deg&#8221; background_color_gradient_direction_phone=&#8221;180deg&#8221; background_color_gradient_stops_tablet=&#8221;#2b87da 0%|#29c4a9 100%&#8221; background_color_gradient_stops_phone=&#8221;#2b87da 0%|#29c4a9 100%&#8221; background_color_gradient_start_position_tablet=&#8221;0%&#8221; background_color_gradient_start_position_phone=&#8221;0%&#8221; background_color_gradient_end_position_tablet=&#8221;100%&#8221; background_color_gradient_end_position_phone=&#8221;100%&#8221; hover_transition_duration_tablet=&#8221;300ms&#8221; hover_transition_duration_phone=&#8221;300ms&#8221; hover_transition_delay_tablet=&#8221;0ms&#8221; hover_transition_delay_phone=&#8221;0ms&#8221; body_text_shadow_horizontal_length_tablet=&#8221;0px&#8221; body_text_shadow_horizontal_length_phone=&#8221;0px&#8221; body_text_shadow_vertical_length_tablet=&#8221;0px&#8221; body_text_shadow_vertical_length_phone=&#8221;0px&#8221; body_text_shadow_blur_strength_tablet=&#8221;1px&#8221; body_text_shadow_blur_strength_phone=&#8221;1px&#8221; tab_text_shadow_horizontal_length_tablet=&#8221;0px&#8221; tab_text_shadow_horizontal_length_phone=&#8221;0px&#8221; tab_text_shadow_vertical_length_tablet=&#8221;0px&#8221; tab_text_shadow_vertical_length_phone=&#8221;0px&#8221; tab_text_shadow_blur_strength_tablet=&#8221;1px&#8221; tab_text_shadow_blur_strength_phone=&#8221;1px&#8221; body_link_text_shadow_horizontal_length_tablet=&#8221;0px&#8221; body_link_text_shadow_horizontal_length_phone=&#8221;0px&#8221; body_link_text_shadow_vertical_length_tablet=&#8221;0px&#8221; body_link_text_shadow_vertical_length_phone=&#8221;0px&#8221; body_link_text_shadow_blur_strength_tablet=&#8221;1px&#8221; body_link_text_shadow_blur_strength_phone=&#8221;1px&#8221; body_ul_text_shadow_horizontal_length_tablet=&#8221;0px&#8221; body_ul_text_shadow_horizontal_length_phone=&#8221;0px&#8221; body_ul_text_shadow_vertical_length_tablet=&#8221;0px&#8221; body_ul_text_shadow_vertical_length_phone=&#8221;0px&#8221; body_ul_text_shadow_blur_strength_tablet=&#8221;1px&#8221; body_ul_text_shadow_blur_strength_phone=&#8221;1px&#8221; body_ol_text_shadow_horizontal_length_tablet=&#8221;0px&#8221; body_ol_text_shadow_horizontal_length_phone=&#8221;0px&#8221; body_ol_text_shadow_vertical_length_tablet=&#8221;0px&#8221; body_ol_text_shadow_vertical_length_phone=&#8221;0px&#8221; body_ol_text_shadow_blur_strength_tablet=&#8221;1px&#8221; body_ol_text_shadow_blur_strength_phone=&#8221;1px&#8221; body_quote_text_shadow_horizontal_length_tablet=&#8221;0px&#8221; body_quote_text_shadow_horizontal_length_phone=&#8221;0px&#8221; body_quote_text_shadow_vertical_length_tablet=&#8221;0px&#8221; body_quote_text_shadow_vertical_length_phone=&#8221;0px&#8221; body_quote_text_shadow_blur_strength_tablet=&#8221;1px&#8221; body_quote_text_shadow_blur_strength_phone=&#8221;1px&#8221; global_colors_info=&#8221;{}&#8221;]<\/p>\n<p><img decoding=\"async\" loading=\"lazy\" class=\"alignleft wp-image-209747\" src=\"https:\/\/www.fundacionyuste.org\/wp-content\/uploads\/2018\/03\/MONASTERIO2-300x207.jpg\" alt=\"\" width=\"250\" height=\"172\" srcset=\"https:\/\/www.fundacionyuste.org\/wp-content\/uploads\/2018\/03\/MONASTERIO2-300x207.jpg 300w, https:\/\/www.fundacionyuste.org\/wp-content\/uploads\/2018\/03\/MONASTERIO2-768x530.jpg 768w, https:\/\/www.fundacionyuste.org\/wp-content\/uploads\/2018\/03\/MONASTERIO2.jpg 1024w\" sizes=\"(max-width: 250px) 100vw, 250px\" \/><\/p>\n<h2>MONASTERY OF YUSTE<\/h2>\n<p align=\"justify\">Even though the founding origins of the Monastery of San Jer\u00f3nimo de Yuste are found in the Chapel of San Salvador de la Sierra, located between Cuacos and Garganta la Olla, the first structure of the building that can be seen today dates from 1402; the year when the owner of the land between the streams Gilona and Vercelejo (also known as Yuste) cedes it so that the \u201cpoor life hermits\u201d could build a convent.<\/p>\n<h4><a href='https:\/\/www.fundacionyuste.org\/en\/monasterio-yuste\/' class='small-button smallblue'><strong>Read more \u2630 <\/strong><\/a><\/h4>\n<p>&nbsp;<\/p>\n<p>[\/et_pb_tab][\/et_pb_tabs][\/et_pb_column][et_pb_column type=&#8221;1_2&#8243; _builder_version=&#8221;4.16&#8243; custom_padding=&#8221;|||&#8221; global_colors_info=&#8221;{}&#8221; custom_padding__hover=&#8221;|||&#8221;][et_pb_text disabled_on=&#8221;off|off|off&#8221; admin_label=&#8221;TITULO MODULO&#8221; _builder_version=&#8221;4.16&#8243; text_font=&#8221;Muli||||||||&#8221; text_font_size=&#8221;9px&#8221; text_line_height=&#8221;1.6em&#8221; header_font=&#8221;Muli||||||||&#8221; header_font_size=&#8221;15px&#8221; header_2_font=&#8221;Muli||||||||&#8221; header_2_font_size=&#8221;15px&#8221; background_color=&#8221;#ffffff&#8221; background_image=&#8221;https:\/\/www.fundacionyuste.org\/wp-content\/uploads\/2018\/02\/icono-9mini.png&#8221; background_size=&#8221;initial&#8221; background_position=&#8221;center_left&#8221; background_layout=&#8221;dark&#8221; custom_margin=&#8221;-5px|||&#8221; custom_padding=&#8221;14px|10px|30px|40px&#8221; animation_direction=&#8221;bottom&#8221; custom_css_main_element=&#8221;border-radius: 4px 4px 0 0 !important;||-webkit-box-shadow: 4px -8px 8px 0px rgba(0,65,145,0.1); -moz-box-shadow: 4px -8px 8px 0px rgba(0,65,145,0.1); ||box-shadow: 4px -8px 8px 0px rgba(0,65,145,0.1); border-radius: 4px 4px 0 0 ;||display: inline-block;||position: relative;||\/*z-index: 9;*\/||background-position:8px 5px; ||\/*background-size: 9% !important;*\/||||||&#8221; text_text_shadow_style=&#8221;preset3&#8243; text_text_shadow_color=&#8221;rgba(0,0,0,0.2)&#8221; header_2_text_shadow_style=&#8221;preset1&#8243; header_2_text_shadow_color=&#8221;rgba(145,145,145,0.4)&#8221; global_colors_info=&#8221;{}&#8221;]<\/p>\n<h2>AGENDA<\/h2>\n<p>[\/et_pb_text][et_pb_code admin_label=&#8221;AGENDA &#8211; C\u00f3digo&#8221; _builder_version=&#8221;4.16&#8243; custom_margin=&#8221;-50px|||&#8221; custom_css_main_element=&#8221;background:#fff !important; border-radius: 4px; webkit-box-shadow: 3px 16px 30px -2px rgba(0,65,145,0.09);||-moz-box-shadow: 3px 16px 30px -2px rgba(0,65,145,0.09);||box-shadow: 3px 16px 30px -2px rgba(0,65,145,0.09);&#8221; global_colors_info=&#8221;{}&#8221;]<div id=\"mec_skin_212804\" class=\"mec-wrap colorskin-custom  \">\r\n\r\n    \r\n    <div class=\"mec-calendar mec-box-calendar\" id=\"mec_skin_events_212804_full\">\r\n        <div class=\"mec-calendar-topsec\">        <div class=\"mec-calendar-side mec-clear\">\r\n                        <div class=\"mec-skin-monthly-view-month-navigator-container\">\r\n                <div class=\"mec-month-navigator\" id=\"mec_month_navigator_212804_202605\"><div class=\"mec-previous-month mec-load-month mec-previous-month\" data-mec-year=\"2026\" data-mec-month=\"04\"><a href=\"#\" class=\"mec-load-month-link\"><i class=\"mec-sl-angle-left\"><\/i> April<\/a><\/div><div class=\"mec-calendar-header\"><h2>May 2026<\/h2><\/div><div class=\"mec-next-month mec-load-month mec-next-month\" data-mec-year=\"2026\" data-mec-month=\"06\"><a href=\"#\" class=\"mec-load-month-link\">June <i class=\"mec-sl-angle-right\"><\/i><\/a><\/div><\/div>\r\n            <\/div>\r\n            \r\n            <div class=\"mec-calendar-table\" id=\"mec_skin_events_212804\">\r\n                <div class=\"mec-month-container mec-month-container-selected\" id=\"mec_monthly_view_month_212804_202605\" data-month-id=\"202605\"><dl class=\"mec-calendar-table-head\"><dt class=\"mec-calendar-day-head\">LU<\/dt><dt class=\"mec-calendar-day-head\">MA<\/dt><dt class=\"mec-calendar-day-head\">MI<\/dt><dt class=\"mec-calendar-day-head\">JU<\/dt><dt class=\"mec-calendar-day-head\">VI<\/dt><dt class=\"mec-calendar-day-head\">SA<\/dt><dt class=\"mec-calendar-day-head\">DO<\/dt><\/dl><dl class=\"mec-calendar-row\">\r\n    <dt class=\"mec-table-nullday\">27<\/dt><dt class=\"mec-table-nullday\">28<\/dt><dt class=\"mec-table-nullday\">29<\/dt><dt class=\"mec-table-nullday\">30<\/dt><dt class=\"mec-calendar-day \" data-mec-cell=\"20260501\" data-day=\"1\" data-month=\"202605\">1<\/dt><\/dt><dt class=\"mec-calendar-day \" data-mec-cell=\"20260502\" data-day=\"2\" data-month=\"202605\">2<\/dt><\/dt><dt class=\"mec-calendar-day  mec-selected-day\" data-mec-cell=\"20260503\" data-day=\"3\" data-month=\"202605\">3<\/dt><\/dt><\/dl><dl class=\"mec-calendar-row\"><dt class=\"mec-calendar-day \" data-mec-cell=\"20260504\" data-day=\"4\" data-month=\"202605\">4<\/dt><\/dt><dt class=\"mec-calendar-day \" data-mec-cell=\"20260505\" data-day=\"5\" data-month=\"202605\">5<\/dt><\/dt><dt class=\"mec-calendar-day \" data-mec-cell=\"20260506\" data-day=\"6\" data-month=\"202605\">6<\/dt><\/dt><dt class=\"mec-calendar-day \" data-mec-cell=\"20260507\" data-day=\"7\" data-month=\"202605\">7<\/dt><\/dt><dt class=\"mec-calendar-day \" data-mec-cell=\"20260508\" data-day=\"8\" data-month=\"202605\">8<\/dt><\/dt><dt class=\"mec-calendar-day \" data-mec-cell=\"20260509\" data-day=\"9\" data-month=\"202605\">9<\/dt><\/dt><dt class=\"mec-calendar-day \" data-mec-cell=\"20260510\" data-day=\"10\" data-month=\"202605\">10<\/dt><\/dt><\/dl><dl class=\"mec-calendar-row\"><dt class=\"mec-calendar-day \" data-mec-cell=\"20260511\" data-day=\"11\" data-month=\"202605\">11<\/dt><\/dt><dt class=\"mec-calendar-day \" data-mec-cell=\"20260512\" data-day=\"12\" data-month=\"202605\">12<\/dt><\/dt><dt class=\"mec-calendar-day \" data-mec-cell=\"20260513\" data-day=\"13\" data-month=\"202605\">13<\/dt><\/dt><dt class=\"mec-calendar-day \" data-mec-cell=\"20260514\" data-day=\"14\" data-month=\"202605\">14<\/dt><\/dt><dt class=\"mec-calendar-day \" data-mec-cell=\"20260515\" data-day=\"15\" data-month=\"202605\">15<\/dt><\/dt><dt class=\"mec-calendar-day \" data-mec-cell=\"20260516\" data-day=\"16\" data-month=\"202605\">16<\/dt><\/dt><dt class=\"mec-calendar-day \" data-mec-cell=\"20260517\" data-day=\"17\" data-month=\"202605\">17<\/dt><\/dt><\/dl><dl class=\"mec-calendar-row\"><dt class=\"mec-calendar-day \" data-mec-cell=\"20260518\" data-day=\"18\" data-month=\"202605\">18<\/dt><\/dt><dt class=\"mec-calendar-day \" data-mec-cell=\"20260519\" data-day=\"19\" data-month=\"202605\">19<\/dt><\/dt><dt class=\"mec-calendar-day \" data-mec-cell=\"20260520\" data-day=\"20\" data-month=\"202605\">20<\/dt><\/dt><dt class=\"mec-calendar-day \" data-mec-cell=\"20260521\" data-day=\"21\" data-month=\"202605\">21<\/dt><\/dt><dt class=\"mec-calendar-day \" data-mec-cell=\"20260522\" data-day=\"22\" data-month=\"202605\">22<\/dt><\/dt><dt class=\"mec-calendar-day \" data-mec-cell=\"20260523\" data-day=\"23\" data-month=\"202605\">23<\/dt><\/dt><dt class=\"mec-calendar-day \" data-mec-cell=\"20260524\" data-day=\"24\" data-month=\"202605\">24<\/dt><\/dt><\/dl><dl class=\"mec-calendar-row\"><dt class=\"mec-calendar-day \" data-mec-cell=\"20260525\" data-day=\"25\" data-month=\"202605\">25<\/dt><\/dt><dt class=\"mec-calendar-day \" data-mec-cell=\"20260526\" data-day=\"26\" data-month=\"202605\">26<\/dt><\/dt><dt class=\"mec-calendar-day \" data-mec-cell=\"20260527\" data-day=\"27\" data-month=\"202605\">27<\/dt><\/dt><dt class=\"mec-calendar-day \" data-mec-cell=\"20260528\" data-day=\"28\" data-month=\"202605\">28<\/dt><\/dt><dt class=\"mec-calendar-day \" data-mec-cell=\"20260529\" data-day=\"29\" data-month=\"202605\">29<\/dt><\/dt><dt class=\"mec-calendar-day \" data-mec-cell=\"20260530\" data-day=\"30\" data-month=\"202605\">30<\/dt><\/dt><dt class=\"mec-calendar-day \" data-mec-cell=\"20260531\" data-day=\"31\" data-month=\"202605\">31<\/dt><\/dt><\/dl><dl class=\"mec-calendar-row\"><dt class=\"mec-table-nullday\">1<\/dt><dt class=\"mec-table-nullday\">2<\/dt><dt class=\"mec-table-nullday\">3<\/dt><dt class=\"mec-table-nullday\">4<\/dt><dt class=\"mec-table-nullday\">5<\/dt><dt class=\"mec-table-nullday\">6<\/dt><dt class=\"mec-table-nullday\">7<\/dt><\/dl>\r\n<\/div>\r\n            <\/div>\r\n\r\n                    <\/div>\r\n        <div class=\"mec-calendar-events-side mec-clear\"><div class=\"mec-month-side\" id=\"mec_month_side_212804_202605\"><div class=\"mec-calendar-events-sec\" id=\"mec-calendar-events-sec-212804-20260501\" data-mec-cell=\"20260501\" ><h6 class=\"mec-table-side-title\">Events for <span class=\"mec-color mec-table-side-day\"> 1st<\/span> May<\/h6><article class=\"mec-event-article\"><div class=\"mec-event-detail\">No Events<\/div><\/article><\/div><div class=\"mec-calendar-events-sec\" id=\"mec-calendar-events-sec-212804-20260502\" data-mec-cell=\"20260502\" ><h6 class=\"mec-table-side-title\">Events for <span class=\"mec-color mec-table-side-day\"> 2nd<\/span> May<\/h6><article class=\"mec-event-article\"><div class=\"mec-event-detail\">No Events<\/div><\/article><\/div><div class=\"mec-calendar-events-sec\" id=\"mec-calendar-events-sec-212804-20260503\" data-mec-cell=\"20260503\"  style=\"display: block;\"><h6 class=\"mec-table-side-title\">Events for <span class=\"mec-color mec-table-side-day\"> 3rd<\/span> May<\/h6><article class=\"mec-event-article\"><div class=\"mec-event-detail\">No Events<\/div><\/article><\/div><div class=\"mec-calendar-events-sec\" id=\"mec-calendar-events-sec-212804-20260504\" data-mec-cell=\"20260504\" ><h6 class=\"mec-table-side-title\">Events for <span class=\"mec-color mec-table-side-day\"> 4th<\/span> May<\/h6><article class=\"mec-event-article\"><div class=\"mec-event-detail\">No Events<\/div><\/article><\/div><div class=\"mec-calendar-events-sec\" id=\"mec-calendar-events-sec-212804-20260505\" data-mec-cell=\"20260505\" ><h6 class=\"mec-table-side-title\">Events for <span class=\"mec-color mec-table-side-day\"> 5th<\/span> May<\/h6><article class=\"mec-event-article\"><div class=\"mec-event-detail\">No Events<\/div><\/article><\/div><div class=\"mec-calendar-events-sec\" id=\"mec-calendar-events-sec-212804-20260506\" data-mec-cell=\"20260506\" ><h6 class=\"mec-table-side-title\">Events for <span class=\"mec-color mec-table-side-day\"> 6th<\/span> May<\/h6><article class=\"mec-event-article\"><div class=\"mec-event-detail\">No Events<\/div><\/article><\/div><div class=\"mec-calendar-events-sec\" id=\"mec-calendar-events-sec-212804-20260507\" data-mec-cell=\"20260507\" ><h6 class=\"mec-table-side-title\">Events for <span class=\"mec-color mec-table-side-day\"> 7th<\/span> May<\/h6><article class=\"mec-event-article\"><div class=\"mec-event-detail\">No Events<\/div><\/article><\/div><div class=\"mec-calendar-events-sec\" id=\"mec-calendar-events-sec-212804-20260508\" data-mec-cell=\"20260508\" ><h6 class=\"mec-table-side-title\">Events for <span class=\"mec-color mec-table-side-day\"> 8th<\/span> May<\/h6><article class=\"mec-event-article\"><div class=\"mec-event-detail\">No Events<\/div><\/article><\/div><div class=\"mec-calendar-events-sec\" id=\"mec-calendar-events-sec-212804-20260509\" data-mec-cell=\"20260509\" ><h6 class=\"mec-table-side-title\">Events for <span class=\"mec-color mec-table-side-day\"> 9th<\/span> May<\/h6><article class=\"mec-event-article\"><div class=\"mec-event-detail\">No Events<\/div><\/article><\/div><div class=\"mec-calendar-events-sec\" id=\"mec-calendar-events-sec-212804-20260510\" data-mec-cell=\"20260510\" ><h6 class=\"mec-table-side-title\">Events for <span class=\"mec-color mec-table-side-day\"> 10th<\/span> May<\/h6><article class=\"mec-event-article\"><div class=\"mec-event-detail\">No Events<\/div><\/article><\/div><div class=\"mec-calendar-events-sec\" id=\"mec-calendar-events-sec-212804-20260511\" data-mec-cell=\"20260511\" ><h6 class=\"mec-table-side-title\">Events for <span class=\"mec-color mec-table-side-day\"> 11th<\/span> May<\/h6><article class=\"mec-event-article\"><div class=\"mec-event-detail\">No Events<\/div><\/article><\/div><div class=\"mec-calendar-events-sec\" id=\"mec-calendar-events-sec-212804-20260512\" data-mec-cell=\"20260512\" ><h6 class=\"mec-table-side-title\">Events for <span class=\"mec-color mec-table-side-day\"> 12th<\/span> May<\/h6><article class=\"mec-event-article\"><div class=\"mec-event-detail\">No Events<\/div><\/article><\/div><div class=\"mec-calendar-events-sec\" id=\"mec-calendar-events-sec-212804-20260513\" data-mec-cell=\"20260513\" ><h6 class=\"mec-table-side-title\">Events for <span class=\"mec-color mec-table-side-day\"> 13th<\/span> May<\/h6><article class=\"mec-event-article\"><div class=\"mec-event-detail\">No Events<\/div><\/article><\/div><div class=\"mec-calendar-events-sec\" id=\"mec-calendar-events-sec-212804-20260514\" data-mec-cell=\"20260514\" ><h6 class=\"mec-table-side-title\">Events for <span class=\"mec-color mec-table-side-day\"> 14th<\/span> May<\/h6><article class=\"mec-event-article\"><div class=\"mec-event-detail\">No Events<\/div><\/article><\/div><div class=\"mec-calendar-events-sec\" id=\"mec-calendar-events-sec-212804-20260515\" data-mec-cell=\"20260515\" ><h6 class=\"mec-table-side-title\">Events for <span class=\"mec-color mec-table-side-day\"> 15th<\/span> May<\/h6><article class=\"mec-event-article\"><div class=\"mec-event-detail\">No Events<\/div><\/article><\/div><div class=\"mec-calendar-events-sec\" id=\"mec-calendar-events-sec-212804-20260516\" data-mec-cell=\"20260516\" ><h6 class=\"mec-table-side-title\">Events for <span class=\"mec-color mec-table-side-day\"> 16th<\/span> May<\/h6><article class=\"mec-event-article\"><div class=\"mec-event-detail\">No Events<\/div><\/article><\/div><div class=\"mec-calendar-events-sec\" id=\"mec-calendar-events-sec-212804-20260517\" data-mec-cell=\"20260517\" ><h6 class=\"mec-table-side-title\">Events for <span class=\"mec-color mec-table-side-day\"> 17th<\/span> May<\/h6><article class=\"mec-event-article\"><div class=\"mec-event-detail\">No Events<\/div><\/article><\/div><div class=\"mec-calendar-events-sec\" id=\"mec-calendar-events-sec-212804-20260518\" data-mec-cell=\"20260518\" ><h6 class=\"mec-table-side-title\">Events for <span class=\"mec-color mec-table-side-day\"> 18th<\/span> May<\/h6><article class=\"mec-event-article\"><div class=\"mec-event-detail\">No Events<\/div><\/article><\/div><div class=\"mec-calendar-events-sec\" id=\"mec-calendar-events-sec-212804-20260519\" data-mec-cell=\"20260519\" ><h6 class=\"mec-table-side-title\">Events for <span class=\"mec-color mec-table-side-day\"> 19th<\/span> May<\/h6><article class=\"mec-event-article\"><div class=\"mec-event-detail\">No Events<\/div><\/article><\/div><div class=\"mec-calendar-events-sec\" id=\"mec-calendar-events-sec-212804-20260520\" data-mec-cell=\"20260520\" ><h6 class=\"mec-table-side-title\">Events for <span class=\"mec-color mec-table-side-day\"> 20th<\/span> May<\/h6><article class=\"mec-event-article\"><div class=\"mec-event-detail\">No Events<\/div><\/article><\/div><div class=\"mec-calendar-events-sec\" id=\"mec-calendar-events-sec-212804-20260521\" data-mec-cell=\"20260521\" ><h6 class=\"mec-table-side-title\">Events for <span class=\"mec-color mec-table-side-day\"> 21st<\/span> May<\/h6><article class=\"mec-event-article\"><div class=\"mec-event-detail\">No Events<\/div><\/article><\/div><div class=\"mec-calendar-events-sec\" id=\"mec-calendar-events-sec-212804-20260522\" data-mec-cell=\"20260522\" ><h6 class=\"mec-table-side-title\">Events for <span class=\"mec-color mec-table-side-day\"> 22nd<\/span> May<\/h6><article class=\"mec-event-article\"><div class=\"mec-event-detail\">No Events<\/div><\/article><\/div><div class=\"mec-calendar-events-sec\" id=\"mec-calendar-events-sec-212804-20260523\" data-mec-cell=\"20260523\" ><h6 class=\"mec-table-side-title\">Events for <span class=\"mec-color mec-table-side-day\"> 23rd<\/span> May<\/h6><article class=\"mec-event-article\"><div class=\"mec-event-detail\">No Events<\/div><\/article><\/div><div class=\"mec-calendar-events-sec\" id=\"mec-calendar-events-sec-212804-20260524\" data-mec-cell=\"20260524\" ><h6 class=\"mec-table-side-title\">Events for <span class=\"mec-color mec-table-side-day\"> 24th<\/span> May<\/h6><article class=\"mec-event-article\"><div class=\"mec-event-detail\">No Events<\/div><\/article><\/div><div class=\"mec-calendar-events-sec\" id=\"mec-calendar-events-sec-212804-20260525\" data-mec-cell=\"20260525\" ><h6 class=\"mec-table-side-title\">Events for <span class=\"mec-color mec-table-side-day\"> 25th<\/span> May<\/h6><article class=\"mec-event-article\"><div class=\"mec-event-detail\">No Events<\/div><\/article><\/div><div class=\"mec-calendar-events-sec\" id=\"mec-calendar-events-sec-212804-20260526\" data-mec-cell=\"20260526\" ><h6 class=\"mec-table-side-title\">Events for <span class=\"mec-color mec-table-side-day\"> 26th<\/span> May<\/h6><article class=\"mec-event-article\"><div class=\"mec-event-detail\">No Events<\/div><\/article><\/div><div class=\"mec-calendar-events-sec\" id=\"mec-calendar-events-sec-212804-20260527\" data-mec-cell=\"20260527\" ><h6 class=\"mec-table-side-title\">Events for <span class=\"mec-color mec-table-side-day\"> 27th<\/span> May<\/h6><article class=\"mec-event-article\"><div class=\"mec-event-detail\">No Events<\/div><\/article><\/div><div class=\"mec-calendar-events-sec\" id=\"mec-calendar-events-sec-212804-20260528\" data-mec-cell=\"20260528\" ><h6 class=\"mec-table-side-title\">Events for <span class=\"mec-color mec-table-side-day\"> 28th<\/span> May<\/h6><article class=\"mec-event-article\"><div class=\"mec-event-detail\">No Events<\/div><\/article><\/div><div class=\"mec-calendar-events-sec\" id=\"mec-calendar-events-sec-212804-20260529\" data-mec-cell=\"20260529\" ><h6 class=\"mec-table-side-title\">Events for <span class=\"mec-color mec-table-side-day\"> 29th<\/span> May<\/h6><article class=\"mec-event-article\"><div class=\"mec-event-detail\">No Events<\/div><\/article><\/div><div class=\"mec-calendar-events-sec\" id=\"mec-calendar-events-sec-212804-20260530\" data-mec-cell=\"20260530\" ><h6 class=\"mec-table-side-title\">Events for <span class=\"mec-color mec-table-side-day\"> 30th<\/span> May<\/h6><article class=\"mec-event-article\"><div class=\"mec-event-detail\">No Events<\/div><\/article><\/div><div class=\"mec-calendar-events-sec\" id=\"mec-calendar-events-sec-212804-20260531\" data-mec-cell=\"20260531\" ><h6 class=\"mec-table-side-title\">Events for <span class=\"mec-color mec-table-side-day\"> 31st<\/span> May<\/h6><article class=\"mec-event-article\"><div class=\"mec-event-detail\">No Events<\/div><\/article><\/div><\/div><\/div><\/div><div class=\"mec-event-footer\"><\/div>    <\/div>\r\n\r\n<\/div>[\/et_pb_code][\/et_pb_column][\/et_pb_row][et_pb_row column_structure=&#8221;1_2,1_2&#8243; _builder_version=&#8221;4.16&#8243; global_colors_info=&#8221;{}&#8221;][et_pb_column type=&#8221;1_2&#8243; _builder_version=&#8221;4.16&#8243; custom_padding=&#8221;|||&#8221; global_colors_info=&#8221;{}&#8221; custom_padding__hover=&#8221;|||&#8221;][et_pb_image src=&#8221;https:\/\/www.fundacionyuste.org\/wp-content\/uploads\/2020\/03\/BANNERSexpo_virtuales-ing.jpg&#8221; url=&#8221;https:\/\/www.fundacionyuste.org\/en\/activities\/exhibitions\/&#8221; _builder_version=&#8221;4.16&#8243; z_index_tablet=&#8221;500&#8243; box_shadow_horizontal_tablet=&#8221;0px&#8221; box_shadow_vertical_tablet=&#8221;0px&#8221; box_shadow_blur_tablet=&#8221;40px&#8221; box_shadow_spread_tablet=&#8221;0px&#8221; global_colors_info=&#8221;{}&#8221;][\/et_pb_image][\/et_pb_column][et_pb_column type=&#8221;1_2&#8243; _builder_version=&#8221;4.16&#8243; custom_padding=&#8221;|||&#8221; global_colors_info=&#8221;{}&#8221; custom_padding__hover=&#8221;|||&#8221;][et_pb_image src=&#8221;https:\/\/www.fundacionyuste.org\/wp-content\/uploads\/2020\/03\/BANNERSPublicaciones-1-ing-1.jpg&#8221; url=&#8221;https:\/\/www.fundacionyuste.org\/en\/publicaciones\/&#8221; _builder_version=&#8221;4.16&#8243; z_index_tablet=&#8221;500&#8243; box_shadow_horizontal_tablet=&#8221;0px&#8221; box_shadow_vertical_tablet=&#8221;0px&#8221; box_shadow_blur_tablet=&#8221;40px&#8221; box_shadow_spread_tablet=&#8221;0px&#8221; global_colors_info=&#8221;{}&#8221;][\/et_pb_image][\/et_pb_column][\/et_pb_row][\/et_pb_section][et_pb_section fb_built=&#8221;1&#8243; fullwidth=&#8221;on&#8221; admin_label=&#8221;PREMIADOS &#8221; _builder_version=&#8221;4.16&#8243; _module_preset=&#8221;default&#8221; global_colors_info=&#8221;{}&#8221;][et_pb_fullwidth_portfolio title=&#8221;AWARD RECIPIENTS&#8221; include_categories=&#8221;229&#8243; show_date=&#8221;off&#8221; hover_overlay_color=&#8221;rgba(255,255,255,0.66)&#8221; admin_label=&#8221;Carrusel de Premiados&#8221; _builder_version=&#8221;4.16&#8243; _module_preset=&#8221;default&#8221; portfolio_header_level=&#8221;h1&#8243; portfolio_header_text_align=&#8221;left&#8221; portfolio_header_text_color=&#8221;#0e19ea&#8221; width=&#8221;91%&#8221; width_tablet=&#8221;&#8221; width_phone=&#8221;&#8221; width_last_edited=&#8221;on|desktop&#8221; module_alignment=&#8221;center&#8221; custom_margin=&#8221;-16px||14px||false|true&#8221; custom_padding=&#8221;16px||18px||false|false&#8221; auto=&#8221;on&#8221; auto_speed=&#8221;5000&#8243; custom_css_portfolio_item=&#8221;padding:8px;&#8221; border_width_top=&#8221;1px&#8221; border_color_top=&#8221;#FFFFFF&#8221; global_colors_info=&#8221;{}&#8221;][\/et_pb_fullwidth_portfolio][\/et_pb_section]<\/p>\n","protected":false},"excerpt":{"rendered":"<p>BIOGRAPHICAL NOTECharles V was born on 24 February 1500 in Ghent (Belgium). He was the first son of Joanna (daughter of the Catholic Monarchs) and Philip the Handsome (son of Maximilian I, King of the Germans). After his abdication, Charles V travels once again to Spain. The place chosen as his retreat is the Monastery [&hellip;]<\/p>\n","protected":false},"author":1,"featured_media":0,"parent":0,"menu_order":0,"comment_status":"closed","ping_status":"closed","template":"page-template-fullwidth.php","meta":{"_et_pb_use_builder":"on","_et_pb_old_content":"<p>[et_pb_section bb_built=\"1\" _builder_version=\"3.0.85\"][et_pb_row _builder_version=\"3.0.85\"][et_pb_column type=\"1_2\"][et_pb_code admin_label=\"SLIDER HOME\" _builder_version=\"3.0.85\" custom_css_main_element=\"min-height:360px !important; max-height:360px !important; border-radius: 4px !important;\"][ess_grid alias=\"slider-home\"][\/et_pb_code][\/et_pb_column][et_pb_column type=\"1_2\"][et_pb_code admin_label=\"ENLACES HOME\" _builder_version=\"3.0.85\"][ess_grid alias=\"enlaces-home\"][\/et_pb_code][\/et_pb_column][\/et_pb_row][et_pb_row custom_margin=\"|||\" _builder_version=\"3.0.85\" custom_margin_tablet=\"-70px|||\" custom_margin_last_edited=\"on|tablet\" padding_right_2=\"5px\" padding_left_3=\"5px\"][et_pb_column type=\"1_2\"][et_pb_tabs admin_label=\"PESTA\u00d1AS DE DESTACADOS\" _builder_version=\"3.0.85\" tab_font=\"Muli||||||||\" tab_font_size_tablet=\"11px\" tab_font_size_last_edited=\"on|tablet\" body_line_height=\"1.3em\" custom_margin=\"-15px|||\" animation_style=\"flip\" animation_direction=\"top\" animation_delay=\"300ms\" custom_css_active_tab=\"color: #fff !important;\" custom_css_tabs_content=\"min-height:306px !important; max-height:302px !important; padding: 0 2em 0 1em;\"] [et_pb_tab title=\"CARLOS V\" _builder_version=\"3.0.85\" tab_font=\"Muli||||||||\" body_font=\"Muli||||||||\" use_background_color_gradient=\"off\" background_color_gradient_start=\"#2b87da\" background_color_gradient_end=\"#29c4a9\" background_color_gradient_type=\"linear\" background_color_gradient_direction=\"180deg\" background_color_gradient_direction_radial=\"center\" background_color_gradient_start_position=\"0%\" background_color_gradient_end_position=\"100%\" parallax=\"off\" parallax_method=\"on\" background_size=\"cover\" background_position=\"center\" background_repeat=\"no-repeat\" background_blend=\"normal\" allow_player_pause=\"off\" tab_text_shadow_style=\"none\" tab_text_shadow_color=\"rgba(0,0,0,0.4)\" body_text_shadow_style=\"none\" body_text_shadow_color=\"rgba(0,0,0,0.4)\"]<\/p><p><img class=\"imagen_sin_sombra alignleft wp-image-206414 \" src=\"https:\/\/www.fundacionyuste.org\/wp-content\/uploads\/2018\/02\/CArlosV-204x300.png\" alt=\"\" width=\"153\" height=\"225\" \/><\/p><h2>Apunte biogr\u00e1fico<\/h2><p align=\"justify\">Carlos V nace el 24 de febrero de 1500 en Gante (B\u00e9lgica). Primer hijo var\u00f3n de do\u00f1a Juana (hija de los Reyes Cat\u00f3licos) y de Felipe el Hermoso (hijo de Maximiliano de Austria). Tras la abdicaci\u00f3n, Carlos V viaja de nuevo a Espa\u00f1a. El lugar elegido para su retiro es el Monasterio de Yuste, en Extremadura. Adosado a dicho Monasterio, Carlos V mand\u00f3 edificar una casa-palacio decorada con tapices y pinturas de Tiziano.<\/p><h4>[button link=\"https:\/\/www.fundacionyuste.org\/carlos-v-2\/\"]<strong>Leer m\u00e1s \u2630 <\/strong>[\/button]<\/h4><p>[\/et_pb_tab][et_pb_tab title=\"MONASTERIO DE YUSTE\" _builder_version=\"3.0.85\" tab_font=\"||||||||\" body_font=\"||||||||\" use_background_color_gradient=\"off\" background_color_gradient_start=\"#2b87da\" background_color_gradient_end=\"#29c4a9\" background_color_gradient_type=\"linear\" background_color_gradient_direction=\"180deg\" background_color_gradient_direction_radial=\"center\" background_color_gradient_start_position=\"0%\" background_color_gradient_end_position=\"100%\" parallax=\"off\" parallax_method=\"on\" background_size=\"cover\" background_position=\"center\" background_repeat=\"no-repeat\" background_blend=\"normal\" allow_player_pause=\"off\" tab_text_shadow_style=\"none\" tab_text_shadow_color=\"rgba(0,0,0,0.4)\" body_text_shadow_style=\"none\" body_text_shadow_color=\"rgba(0,0,0,0.4)\"]<\/p><p>\u00a0<\/p><p align=\"justify\"><img class=\"alignleft wp-image-209747\" src=\"https:\/\/www.fundacionyuste.org\/wp-content\/uploads\/2018\/03\/MONASTERIO2-300x207.jpg\" alt=\"\" width=\"250\" height=\"172\" \/>Aunque los or\u00edgenes fundacionales del Monasterio de San Jer\u00f3nimo de Yuste se encuentran en la ermita de San Salvador de la Sierra, situada entre las localidades de Cuacos y Garganta la Olla, la primera c\u00e9lula del edificio que hoy podemos contemplar se encuentra en 1402, a\u00f1o en el que el propietario de los terrenos existentes entre los arroyos Gilona y Vercelejo (conocido tambi\u00e9n con el nombre de Yuste) son cedidos por su propietario para que los \u201cermita\u00f1os de la pobre vida\u201d pudieran levantar convento.<\/p><h4>[button link=\"https:\/\/www.fundacionyuste.org\/monasterio-yuste\/\"]<strong>Leer m\u00e1s \u2630 <\/strong>[\/button]<\/h4><p>[\/et_pb_tab] [\/et_pb_tabs][\/et_pb_column][et_pb_column type=\"1_4\"][et_pb_text admin_label=\"TITULO MODULO\" background_layout=\"dark\" disabled_on=\"off|off|off\" _builder_version=\"3.0.85\" text_font=\"Muli||||||||\" text_font_size=\"9px\" text_line_height=\"1.6em\" text_text_shadow_style=\"preset3\" text_text_shadow_color=\"rgba(0,0,0,0.2)\" header_font=\"Muli||||||||\" header_font_size=\"15px\" header_letter_spacing=\"0.0001em\" header_2_font=\"Muli||||||||\" header_2_font_size=\"15px\" header_2_text_shadow_style=\"preset1\" header_2_text_shadow_color=\"rgba(145,145,145,0.4)\" background_color=\"#ffffff\" background_image=\"https:\/\/www.fundacionyuste.org\/wp-content\/uploads\/2018\/02\/icono-9mini.png\" background_size=\"initial\" background_position=\"center_left\" custom_margin=\"-20px|||\" custom_padding=\"14px|10px|10px|40px\" animation_style=\"fold\" animation_direction=\"bottom\" animation_duration=\"650ms\" animation_delay=\"100ms\" animation_intensity_fold=\"100%\" custom_css_main_element=\"border-radius: 4px 4px 0 0 !important;||-webkit-box-shadow: 4px -8px 8px 0px rgba(0,65,145,0.1); -moz-box-shadow: 4px -8px 8px 0px rgba(0,65,145,0.1); ||box-shadow: 4px -8px 8px 0px rgba(0,65,145,0.1); border-radius: 4px 4px 0 0 ;||display: inline-block;||position: relative;||z-index: 999999;||background-position:8px 5px; ||\/*background-size: 9% !important;*\/||||||\"]<\/p><h2>AGENDA<\/h2><p>[\/et_pb_text][et_pb_sidebar admin_label=\"MODULO - PROXIMOS EVENTOS\" orientation=\"right\" area=\"et_pb_widget_area_9\" show_border=\"off\" _builder_version=\"3.0.85\" header_font=\"|700||on|||||\" header_line_height=\"1.1em\" custom_margin=\"-6px|||\" custom_padding=\"|||\" animation_style=\"fold\" animation_direction=\"top\" animation_intensity_fold=\"100%\" custom_css_main_element=\"min-height:301px !important; max-height:296px !important; width: 104.5%;background:#fff !important; border-radius: 4px; webkit-box-shadow: 3px 16px 30px -2px rgba(0,65,145,0.09);||-moz-box-shadow: 3px 16px 30px -2px rgba(0,65,145,0.09);||box-shadow: 3px 16px 30px -2px rgba(0,65,145,0.09);\"]<\/p><p>\u00a0<\/p><p>[\/et_pb_sidebar][\/et_pb_column][et_pb_column type=\"1_4\"][et_pb_text admin_label=\"TITULO MODULO\" background_layout=\"dark\" disabled_on=\"off|off|off\" _builder_version=\"3.0.85\" text_font=\"Muli||||||||\" text_font_size=\"9px\" text_line_height=\"1.6em\" text_text_shadow_style=\"preset3\" text_text_shadow_color=\"rgba(0,0,0,0.2)\" header_font=\"Muli||||||||\" header_font_size=\"15px\" header_2_font=\"Muli||||||||\" header_2_font_size=\"16px\" header_2_text_shadow_style=\"preset1\" header_2_text_shadow_color=\"rgba(145,145,145,0.4)\" header_6_font=\"Muli||||||||\" header_6_font_size=\"15px\" header_6_letter_spacing=\"0.0001em\" background_color_gradient_direction=\"355deg\" background_image=\"https:\/\/www.fundacionyuste.org\/wp-content\/uploads\/2018\/02\/icono-9mini.png\" background_size=\"initial\" background_position=\"center_left\" custom_margin=\"-20px|||\" custom_padding=\"14px|10px|14px|10px\" animation_style=\"fold\" animation_direction=\"bottom\" animation_duration=\"650ms\" animation_delay=\"100ms\" animation_intensity_fold=\"100%\" custom_css_main_element=\"border-radius: 4px 4px 0 0 !important;||-webkit-box-shadow: px -6px 10px 0px rgba(0,65,145,0.1); -moz-box-shadow: px -6px 10px 0px rgba(0,65,145,0.1); box-shadow: px -6px 10px 0px rgba(0,65,145,0.1); border-radius: 4px 4px 0 0 ;||display:inline-block;||position: relative;||z-index: 999999;||background:linear-gradient(-5deg,#000f2e 0%,#011842 42%) !important;||\"]<\/p><h6>\u2630\u00a0 ACTIVIDADES REALIZADAS<\/h6><p>[\/et_pb_text][et_pb_sidebar admin_label=\"MODULO - EVENTOS PASADOS\" orientation=\"right\" area=\"et_pb_widget_area_10\" background_layout=\"dark\" show_border=\"off\" _builder_version=\"3.0.85\" header_font=\"Muli|700||on|||||\" header_line_height=\"1.1em\" header_text_shadow_style=\"preset1\" body_font=\"Muli||||||||\" use_background_color_gradient=\"on\" background_color_gradient_start=\"#00265b\" background_color_gradient_end=\"#1d4e8e\" background_color_gradient_direction=\"360deg\" custom_margin=\"-6px|||\" custom_padding=\"|||\" animation_style=\"fold\" animation_direction=\"top\" animation_intensity_fold=\"100%\" custom_css_main_element=\"min-height:302px !important; max-height:302px !important; width: 104.5%;||margin-bottom: 2%;||border-radius: 0 4px 4px 4px!important;||padding: 0px;||webkit-box-shadow: 3px 16px 30px -2px rgba(0,65,145,0.09);||-moz-box-shadow: 3px 16px 30px -2px rgba(0,65,145,0.09);||box-shadow: 3px 16px 30px -2px rgba(0,65,145,0.09);\" custom_css_widget=\"background: transparent !important;\"]<\/p><p>\u00a0<\/p><p>[\/et_pb_sidebar][\/et_pb_column][\/et_pb_row][et_pb_row custom_padding=\"34px|0px|0px|0px\" _builder_version=\"3.0.85\"][et_pb_column type=\"4_4\"][et_pb_text admin_label=\"PREMIADOS TITULO\" _builder_version=\"3.0.85\" header_font=\"Muli||||||||\" header_font_size=\"32px\" header_2_font=\"Muli||||||||\" header_2_font_size=\"24px\" animation_style=\"bounce\" animation_direction=\"right\"]<\/p><h2>LOS PREMIADOS<\/h2><p>[\/et_pb_text][et_pb_text admin_label=\"PREMIADOS CARRUSEL\" _builder_version=\"3.0.85\" custom_margin=\"-50px|||\" animation_style=\"bounce\" animation_direction=\"bottom\" animation_delay=\"400ms\"]<\/p><p>[ess_grid alias=\"premiados-inicio\"]<\/p><p>[\/et_pb_text][\/et_pb_column][\/et_pb_row][\/et_pb_section][et_pb_section bb_built=\"1\" disabled_on=\"on|on|on\" _builder_version=\"3.0.85\" background_size=\"contain\" background_position=\"bottom_center\" background_repeat=\"repeat-x\" custom_margin=\"0px|0px|0px|0px\" custom_padding=\"0px|0px|0px|0px\" disabled=\"on\"][et_pb_row _builder_version=\"3.0.47\" background_size=\"initial\" background_position=\"top_left\" background_repeat=\"repeat\"][et_pb_column type=\"1_2\"][et_pb_post_slider admin_label=\"CARRUSEL DE DESTACADOS\" include_categories=\"142\" show_pagination=\"off\" content_source=\"off\" use_manual_excerpt=\"off\" excerpt_length=\"0\" show_meta=\"off\" use_bg_overlay=\"off\" use_text_overlay=\"off\" show_inner_shadow=\"off\" _builder_version=\"3.0.85\" header_level=\"h3\" header_font=\"Montserrat|600||on|||||\" header_text_align=\"left\" header_font_size=\"18px\" header_font_size_tablet=\"22px\" header_font_size_phone=\"23px\" header_font_size_last_edited=\"on|desktop\" header_text_color=\"#ffffff\" header_line_height=\"0.9em\" header_text_shadow_style=\"preset3\" header_text_shadow_vertical_length=\"0.05em\" header_text_shadow_blur_strength=\"0.31em\" header_text_shadow_color=\"#050505\" body_font=\"|600|||||||\" body_text_align=\"left\" body_font_size=\"1px\" meta_text_align=\"left\" text_orientation=\"left\" max_width_last_edited=\"on|desktop\" custom_margin=\"|||\" custom_padding=\"|||\" custom_button=\"on\" button_text_size=\"14px\" button_bg_color=\"#efb821\" button_border_width=\"0\" button_border_radius=\"4px\" button_font=\"Muli|600|||||||\" button_icon=\"%%20%%\" button_border_radius_hover=\"4\" button_alignment=\"right\" animation_style=\"bounce\" animation_direction=\"top\" custom_css_main_element=\"position:relative; z-index:666; min-height:350px !important; max-height:354px !important; border-radius: 4px !important;\" custom_css_slide_description=\"padding-top: 20px;padding-right: 20%;padding-left: 5%;background: rgba(0,0,0,.4);||||\" custom_css_slide_title=\"color:#fff !important; \" custom_css_slide_button=\"border-radius: 4px 0px 0px 4px !important; padding-bottom: 7px !important; background-color: #f2f2f2 !important; color:#333; margin-top: 0px; -webkit-box-shadow: 4px -8px 8px 0px rgba(0,65,145,0.1); -moz-box-shadow: 4px -8px 8px 0px rgba(0,65,145,0.1); box-shadow: 1px -14px 14px 0px rgba(0,0,0,.4); position: absolute; bottom: 49%; right:0%; padding: .7% 4% .7% 2% !important;||\"]<\/p><p>\u00a0<\/p><p>[\/et_pb_post_slider][et_pb_tabs admin_label=\"PESTA\u00d1AS DE DESTACADOS\" _builder_version=\"3.0.85\" tab_font=\"Muli||||||||\" tab_font_size_tablet=\"11px\" tab_font_size_last_edited=\"on|tablet\" body_line_height=\"1.3em\" custom_margin=\"-15px|||\" animation_style=\"flip\" animation_direction=\"top\" animation_delay=\"300ms\" custom_css_active_tab=\"color: #fff !important;\" custom_css_tabs_content=\"min-height:306px !important; max-height:302px !important; padding: 0 2em 0 1em;\"]<\/p><p>[et_pb_tab title=\"CARLOS V\" _builder_version=\"3.0.85\" tab_font=\"Muli||||||||\" body_font=\"Muli||||||||\"]<\/p><p><img class=\"imagen_sin_sombra alignleft wp-image-206414 \" src=\"https:\/\/www.fundacionyuste.org\/wp-content\/uploads\/2018\/02\/CArlosV-204x300.png\" alt=\"\" width=\"173\" height=\"254\" \/><\/p><h2>Visionario de una Europa multicultural<\/h2><p>Carlos V nace el 24 de febrero de 1500 en Gante (B\u00e9lgica). Primer hijo var\u00f3n de do\u00f1a Juana (hija de los Reyes Cat\u00f3licos) y de Felipe el Hermoso (hijo de Maximiliano de Austria). Hoy en d\u00eda muchos pa\u00edses de la Uni\u00f3n Europea identifican gran parte de su historia con la figura de Carlos V.<\/p><h4>[button link=\"https:\/\/www.fundacionyuste.org\/carlos-v-2\/\"]<strong>Leer m\u00e1s \u2630 <\/strong>[\/button]<\/h4><p>[\/et_pb_tab][et_pb_tab title=\"MONASTERIO DE YUSTE\" _builder_version=\"3.0.85\" tab_font=\"||||||||\" body_font=\"||||||||\"]<\/p><p><img class=\"alignleft wp-image-209747\" src=\"https:\/\/www.fundacionyuste.org\/wp-content\/uploads\/2018\/03\/MONASTERIO2-300x207.jpg\" alt=\"\" width=\"250\" height=\"172\" \/>Aunque los or\u00edgenes fundacionales del Monasterio de San Jer\u00f3nimo de Yuste se encuentran en Plasencia y en la ermita de San Salvador de la Sierra, situada entre las localidades de Cuacos y Garganta la Olla, la primera c\u00e9lula del edificio que hoy podemos contemplar se encuentra en 1402, a\u00f1o en el que el propietario de los terrenos existentes entre los arroyos Gilona y Vercelejo (conocido tambi\u00e9n con el nombre de Yuste) son cedidos por su propietario para que los \u201cermita\u00f1os de la pobre vida\u201d, nombre con el que se conoce a esta primera comunidad religiosa, pudieran levantar convento.<\/p><p style=\"text-align: right;\"><img class=\"wp-image-206405 alignnone\" src=\"https:\/\/www.fundacionyuste.org\/wp-content\/uploads\/2018\/02\/icono-3-1.png\" alt=\"\" width=\"10\" height=\"13\" \/> <a href=\"https:\/\/www.fundacionyuste.org\/monasterio-de-yuste\/\"><strong>Leer m\u00e1s<\/strong><\/a><\/p><p>[\/et_pb_tab]<\/p><p>[\/et_pb_tabs][\/et_pb_column][et_pb_column type=\"1_4\"][et_pb_video src=\"https:\/\/www.youtube.com\/watch?v=mRNJ8DCwdJY&t=4s\" _builder_version=\"3.0.85\" custom_margin=\"|||\" custom_css_main_element=\"height:173px; border-radius:4px;\"]<\/p><p>\u00a0<\/p><p>[\/et_pb_video][et_pb_button button_url=\"https:\/\/www.fundacionyuste.org\/actividades-2\/cursos-verano-otono\/\" button_text=\"CAMPUS YUSTE 2018\" _builder_version=\"3.0.85\" custom_margin=\"6px|||\" custom_button=\"on\" button_text_color=\"#ffffff\" button_bg_image=\"https:\/\/www.fundacionyuste.org\/wp-content\/uploads\/2018\/03\/home_campus.jpg\" button_border_width=\"0px\" button_border_radius=\"4px\" button_font=\"Muli|700|||||||\" button_text_shadow_style=\"preset3\" button_text_shadow_blur_strength=\"0.23em\" button_text_shadow_color=\"rgba(5,5,5,0.4)\" animation_style=\"fade\" animation_direction=\"left\" animation_duration=\"2000ms\" custom_css_main_element=\"height:173px; border-radius:4px; width: 100%; \"]<\/p><p>\u00a0<\/p><p>[\/et_pb_button][et_pb_text admin_label=\"TITULO MODULO\" background_layout=\"dark\" disabled_on=\"off|off|off\" _builder_version=\"3.0.85\" text_font=\"Muli||||||||\" text_font_size=\"9px\" text_line_height=\"1.6em\" text_text_shadow_style=\"preset3\" text_text_shadow_color=\"rgba(0,0,0,0.2)\" header_font=\"Muli||||||||\" header_font_size=\"15px\" header_2_font=\"Muli||||||||\" header_2_font_size=\"16px\" header_2_text_shadow_style=\"preset1\" header_2_text_shadow_color=\"rgba(145,145,145,0.4)\" background_color=\"#ffffff\" background_image=\"https:\/\/www.fundacionyuste.org\/wp-content\/uploads\/2018\/02\/icono-9mini.png\" background_size=\"initial\" background_position=\"center_left\" custom_margin=\"6px|||\" custom_padding=\"14px|10px|10px|40px\" animation_style=\"fold\" animation_direction=\"bottom\" animation_duration=\"650ms\" animation_delay=\"100ms\" animation_intensity_fold=\"100%\" custom_css_main_element=\"border-radius: 4px 4px 0 0 !important;||-webkit-box-shadow: 4px -8px 8px 0px rgba(0,65,145,0.1); -moz-box-shadow: 4px -8px 8px 0px rgba(0,65,145,0.1); ||box-shadow: 4px -8px 8px 0px rgba(0,65,145,0.1); border-radius: 4px 4px 0 0 ;||display: inline-block;||position: relative;||z-index: 999999;||background-position:8px 5px; ||\/*background-size: 9% !important;*\/||||||\"]<\/p><h2>AGENDA<\/h2><p>[\/et_pb_text][et_pb_sidebar admin_label=\"MODULO - PROXIMOS EVENTOS\" orientation=\"right\" area=\"et_pb_widget_area_9\" show_border=\"off\" _builder_version=\"3.0.85\" header_font=\"|700||on|||||\" header_line_height=\"1.1em\" custom_margin=\"-6px|||\" custom_padding=\"|||\" animation_style=\"fold\" animation_direction=\"top\" animation_intensity_fold=\"100%\" custom_css_main_element=\"min-height:301px !important; max-height:296px !important; background:#fff !important; border-radius: 4px; webkit-box-shadow: 3px 16px 30px -2px rgba(0,65,145,0.09);||-moz-box-shadow: 3px 16px 30px -2px rgba(0,65,145,0.09);||box-shadow: 3px 16px 30px -2px rgba(0,65,145,0.09);\"]<\/p><p>\u00a0<\/p><p>[\/et_pb_sidebar][\/et_pb_column][et_pb_column type=\"1_4\"][et_pb_button button_url=\"https:\/\/www.fundacionyuste.org\/actividades-2\/conciertos-del-emperador\/\" button_text=\"CONCIERTOS DEL EMPERADOR\" _builder_version=\"3.0.85\" custom_margin=\"|||\" custom_button=\"on\" button_text_color=\"#ffffff\" button_bg_image=\"https:\/\/www.fundacionyuste.org\/wp-content\/uploads\/2018\/02\/home2.jpg\" button_border_width=\"0px\" button_border_radius=\"4px\" button_font=\"Muli|700|||||||\" button_text_shadow_style=\"preset3\" button_text_shadow_blur_strength=\"0.23em\" button_text_shadow_color=\"rgba(5,5,5,0.4)\" animation_style=\"fade\" animation_direction=\"left\" animation_duration=\"2000ms\" custom_css_main_element=\"height:173px; border-radius:4px; width: 100%; \"]<\/p><p>\u00a0<\/p><p>[\/et_pb_button][et_pb_button button_url=\"https:\/\/www.fundacionyuste.org\/actividades-2\/exposiciones\/\" button_text=\"EXPOSICIONES VIRTUALES\" _builder_version=\"3.0.85\" custom_margin=\"|||\" custom_button=\"on\" button_text_color=\"#ffffff\" button_bg_image=\"https:\/\/www.fundacionyuste.org\/wp-content\/uploads\/2018\/02\/home3a.jpg\" button_border_width=\"0px\" button_border_radius=\"4px\" button_font=\"Muli|700|||||||\" button_text_shadow_style=\"preset3\" button_text_shadow_blur_strength=\"0.23em\" button_text_shadow_color=\"rgba(5,5,5,0.4)\" animation_style=\"fade\" animation_direction=\"left\" animation_duration=\"2000ms\" custom_css_main_element=\"height:173px; border-radius:4px; width: 100%; \"]<\/p><p>\u00a0<\/p><p>[\/et_pb_button][et_pb_text admin_label=\"TITULO MODULO\" background_layout=\"dark\" disabled_on=\"off|off|off\" _builder_version=\"3.0.85\" text_font=\"Muli||||||||\" text_font_size=\"9px\" text_line_height=\"1.6em\" text_text_shadow_style=\"preset3\" text_text_shadow_color=\"rgba(0,0,0,0.2)\" header_font=\"Muli||||||||\" header_font_size=\"15px\" header_2_font=\"Muli||||||||\" header_2_font_size=\"16px\" header_2_text_shadow_style=\"preset1\" header_2_text_shadow_color=\"rgba(145,145,145,0.4)\" header_6_font=\"Muli||||||||\" background_color_gradient_direction=\"355deg\" background_image=\"https:\/\/www.fundacionyuste.org\/wp-content\/uploads\/2018\/02\/icono-9mini.png\" background_size=\"initial\" background_position=\"center_left\" custom_margin=\"6px|||\" custom_padding=\"14px|10px|14px|10px\" animation_style=\"fold\" animation_direction=\"bottom\" animation_duration=\"650ms\" animation_delay=\"100ms\" animation_intensity_fold=\"100%\" custom_css_main_element=\"border-radius: 4px 4px 0 0 !important;||-webkit-box-shadow: px -6px 10px 0px rgba(0,65,145,0.1); -moz-box-shadow: px -6px 10px 0px rgba(0,65,145,0.1); box-shadow: px -6px 10px 0px rgba(0,65,145,0.1); border-radius: 4px 4px 0 0 ;||display:inline-block;||position: relative;||z-index: 999999;||background:linear-gradient(-5deg,#000f2e 0%,#011842 42%) !important;||\"]<\/p><h6>\u2630\u00a0 ACTIVIDADES REALIZADAS<\/h6><p>[\/et_pb_text][et_pb_sidebar admin_label=\"MODULO - EVENTOS PASADOS\" orientation=\"right\" area=\"et_pb_widget_area_10\" background_layout=\"dark\" show_border=\"off\" _builder_version=\"3.0.85\" header_font=\"Muli|700||on|||||\" header_line_height=\"1.1em\" header_text_shadow_style=\"preset1\" body_font=\"Muli||||||||\" use_background_color_gradient=\"on\" background_color_gradient_start=\"#00265b\" background_color_gradient_end=\"#1d4e8e\" background_color_gradient_direction=\"360deg\" custom_margin=\"-6px|||\" custom_padding=\"|||\" animation_style=\"fold\" animation_direction=\"top\" animation_intensity_fold=\"100%\" custom_css_main_element=\"min-height:302px !important; max-height:302px !important; ||margin-bottom: 2%;||border-radius: 0 4px 4px 4px!important;||padding: 0px;||webkit-box-shadow: 3px 16px 30px -2px rgba(0,65,145,0.09);||-moz-box-shadow: 3px 16px 30px -2px rgba(0,65,145,0.09);||box-shadow: 3px 16px 30px -2px rgba(0,65,145,0.09);\" custom_css_widget=\"background: transparent !important;\"]<\/p><p>\u00a0<\/p><p>[\/et_pb_sidebar][\/et_pb_column][\/et_pb_row][et_pb_row custom_padding=\"34px|0px|0px|0px\" _builder_version=\"3.0.85\"][et_pb_column type=\"4_4\"][et_pb_text admin_label=\"PREMIADOS TITULO\" _builder_version=\"3.0.85\" header_font=\"Muli||||||||\" header_font_size=\"32px\" header_2_font=\"Muli||||||||\" header_2_font_size=\"24px\" animation_style=\"bounce\" animation_direction=\"right\"]<\/p><h2>LOS PREMIADOS<\/h2><p>[\/et_pb_text][\/et_pb_column][\/et_pb_row][\/et_pb_section]<\/p>","_et_gb_content_width":"","_links_to":"","_links_to_target":""},"_links":{"self":[{"href":"https:\/\/www.fundacionyuste.org\/en\/wp-json\/wp\/v2\/pages\/210528"}],"collection":[{"href":"https:\/\/www.fundacionyuste.org\/en\/wp-json\/wp\/v2\/pages"}],"about":[{"href":"https:\/\/www.fundacionyuste.org\/en\/wp-json\/wp\/v2\/types\/page"}],"author":[{"embeddable":true,"href":"https:\/\/www.fundacionyuste.org\/en\/wp-json\/wp\/v2\/users\/1"}],"replies":[{"embeddable":true,"href":"https:\/\/www.fundacionyuste.org\/en\/wp-json\/wp\/v2\/comments?post=210528"}],"version-history":[{"count":19,"href":"https:\/\/www.fundacionyuste.org\/en\/wp-json\/wp\/v2\/pages\/210528\/revisions"}],"predecessor-version":[{"id":243223,"href":"https:\/\/www.fundacionyuste.org\/en\/wp-json\/wp\/v2\/pages\/210528\/revisions\/243223"}],"wp:attachment":[{"href":"https:\/\/www.fundacionyuste.org\/en\/wp-json\/wp\/v2\/media?parent=210528"}],"curies":[{"name":"wp","href":"https:\/\/api.w.org\/{rel}","templated":true}]}}