{"id":210639,"date":"2018-04-25T09:42:05","date_gmt":"2018-04-25T09:42:05","guid":{"rendered":"https:\/\/www.fundacionyuste.org\/?page_id=210639"},"modified":"2018-05-04T09:16:42","modified_gmt":"2018-05-04T09:16:42","slug":"charles-v","status":"publish","type":"page","link":"https:\/\/www.fundacionyuste.org\/en\/charles-v\/","title":{"rendered":"CHARLES V"},"content":{"rendered":"<p>[et_pb_section fb_built=&#8221;1&#8243; inner_shadow=&#8221;on&#8221; _builder_version=&#8221;3.0.85&#8243; background_image=&#8221;https:\/\/www.fundacionyuste.org\/wp-content\/uploads\/2018\/04\/fondocarlos_3.jpg&#8221; background_size=&#8221;initial&#8221; background_position=&#8221;top_left&#8221; custom_padding=&#8221;|||&#8221; animation_style=&#8221;bounce&#8221; animation_direction=&#8221;left&#8221; custom_css_main_element=&#8221;background-repeat: no-repeat; background-color:#fff;&#8221;][et_pb_row custom_padding=&#8221;1%|25%||&#8221; custom_margin=&#8221;|||25em&#8221; _builder_version=&#8221;3.0.85&#8243;][et_pb_column type=&#8221;4_4&#8243; _builder_version=&#8221;3.0.47&#8243; parallax=&#8221;off&#8221; parallax_method=&#8221;on&#8221;][et_pb_text _builder_version=&#8221;3.0.85&#8243; text_font=&#8221;Muli||||||||&#8221; header_font=&#8221;Muli||||||||&#8221; header_font_size=&#8221;14px&#8221; header_2_font=&#8221;Muli||||||||&#8221; header_2_font_size=&#8221;25px&#8221; header_4_font=&#8221;Muli||||||||&#8221; header_4_font_size=&#8221;17px&#8221; header_4_line_height=&#8221;1.1em&#8221; header_6_font=&#8221;Muli||||||||&#8221; header_6_font_size=&#8221;7px&#8221;]<\/p>\n<p>&nbsp;<\/p>\n<h2>Charles V<\/h2>\n<h5>Short bio<\/h5>\n<p>Charles V was born on 24 February 1500 in Ghent (Belgium). He was the first son of Joan (daughter of the Catholic Monarchs) and Philip the Handsome (son of Maximilian of Austria). In 1517, he came to Spain to be recognised by the Cortes [Parliament] of Castile, Aragon and Catalonia and pledged an oath before them, moreover, as Count of Barcelona. He engaged in a prolonged conflict with Francis I of France for European hegemony gaining diplomatic victory in 1519. His coronation as Emperor took place in Aachen in 1520. He would receive the following two crowns in Bologne (Italy) in 1530.<\/p>\n<p>The continuing confrontations with France, especially in Italy, the Turkish threat in the Mediterranean and the war between Protestants and Catholics in 1531 took its toll on Charles V. For this reason, on 25 October 1555, he decided to abdicate the throne in Brussels and divide his vast heritage between his brother Ferdinand and his son Philip II.<\/p>\n<p>After his abdication, Charles V travelled again to Spain. The place he chose to retire to is the Monastery of Yuste, in Extremadura. He ordered a palace to be built adjacent to the monastery. It was to be decorated with tapestries and paintings by Titian. He had 50 servants. Despite his desire to distance himself from politics, he closely followed affairs of state until the day of his death on 21 September 1558.<\/p>\n<h6><img decoding=\"async\" loading=\"lazy\" class=\"wp-image-210339 alignleft\" src=\"https:\/\/www.fundacionyuste.org\/wp-content\/uploads\/2018\/04\/firma.png\" alt=\"\" width=\"101\" height=\"106\" \/><\/h6>\n<h6><\/h6>\n<h6>Signature of the emperor in his testament (Brussels 1.554)<\/h6>\n<p>&nbsp;<\/p>\n<p>[\/et_pb_text][\/et_pb_column][\/et_pb_row][\/et_pb_section][et_pb_section fb_built=&#8221;1&#8243; _builder_version=&#8221;3.0.85&#8243; background_size=&#8221;initial&#8221; background_position=&#8221;top_left&#8221; custom_padding=&#8221;||8%|&#8221; animation_style=&#8221;fade&#8221; animation_direction=&#8221;left&#8221; animation_duration=&#8221;1950ms&#8221; custom_css_main_element=&#8221;background-repeat: no-repeat;&#8221;][et_pb_row custom_padding=&#8221;|5%||5%&#8221; _builder_version=&#8221;3.0.85&#8243;][et_pb_column type=&#8221;4_4&#8243; _builder_version=&#8221;3.0.47&#8243; parallax=&#8221;off&#8221; parallax_method=&#8221;on&#8221;][et_pb_text admin_label=&#8221;Cronolog\u00eda&#8221; _builder_version=&#8221;3.0.85&#8243; text_font=&#8221;Muli||||||||&#8221; header_font=&#8221;Muli||||||||&#8221; header_font_size=&#8221;14px&#8221; header_2_font=&#8221;Muli||||||||&#8221; header_2_font_size=&#8221;25px&#8221; header_4_font=&#8221;Muli||||||||&#8221; header_4_font_size=&#8221;17px&#8221; header_4_line_height=&#8221;1.1em&#8221;]<\/p>\n<h2>Chronology<\/h2>\n<hr \/>\n\n\t\t<style type=\"text\/css\">\n\t\t\t#gallery-1 {\n\t\t\t\tmargin: auto;\n\t\t\t}\n\t\t\t#gallery-1 .gallery-item {\n\t\t\t\tfloat: left;\n\t\t\t\tmargin-top: 10px;\n\t\t\t\ttext-align: center;\n\t\t\t\twidth: 16%;\n\t\t\t}\n\t\t\t#gallery-1 img {\n\t\t\t\tborder: 2px solid #cfcfcf;\n\t\t\t}\n\t\t\t#gallery-1 .gallery-caption {\n\t\t\t\tmargin-left: 0;\n\t\t\t}\n\t\t\t\/* see gallery_shortcode() in wp-includes\/media.php *\/\n\t\t<\/style>\n\t\t<div id='gallery-1' class='gallery galleryid-210639 gallery-columns-6 gallery-size-medium'><dl class='gallery-item'>\n\t\t\t<dt class='gallery-icon landscape'>\n\t\t\t\t<img width=\"300\" height=\"194\" src=\"https:\/\/www.fundacionyuste.org\/wp-content\/uploads\/2018\/03\/1500-familia-300x194.jpg\" class=\"attachment-medium size-medium\" alt=\"\" decoding=\"async\" loading=\"lazy\" aria-describedby=\"gallery-1-209766\" srcset=\"https:\/\/www.fundacionyuste.org\/wp-content\/uploads\/2018\/03\/1500-familia-300x194.jpg 300w, https:\/\/www.fundacionyuste.org\/wp-content\/uploads\/2018\/03\/1500-familia.jpg 423w\" sizes=\"(max-width: 300px) 100vw, 300px\" \/>\n\t\t\t<\/dt>\n\t\t\t\t<dd class='wp-caption-text gallery-caption' id='gallery-1-209766'>\n\t\t\t\t1500. On the 24th of February Prince Charles, son of the Archduke Philip of Habsburg and Princess Joanna of Castile, is born in Ghent.\n\t\t\t\t<\/dd><\/dl><dl class='gallery-item'>\n\t\t\t<dt class='gallery-icon landscape'>\n\t\t\t\t<img width=\"300\" height=\"194\" src=\"https:\/\/www.fundacionyuste.org\/wp-content\/uploads\/2018\/03\/1504-IsabelFotoTestamento-300x194.jpg\" class=\"attachment-medium size-medium\" alt=\"\" decoding=\"async\" loading=\"lazy\" aria-describedby=\"gallery-1-209767\" srcset=\"https:\/\/www.fundacionyuste.org\/wp-content\/uploads\/2018\/03\/1504-IsabelFotoTestamento-300x194.jpg 300w, https:\/\/www.fundacionyuste.org\/wp-content\/uploads\/2018\/03\/1504-IsabelFotoTestamento.jpg 423w\" sizes=\"(max-width: 300px) 100vw, 300px\" \/>\n\t\t\t<\/dt>\n\t\t\t\t<dd class='wp-caption-text gallery-caption' id='gallery-1-209767'>\n\t\t\t\t1504. Death of Isabella the Catholic, Philip and Joanna monarchs of Castile.\n\t\t\t\t<\/dd><\/dl><dl class='gallery-item'>\n\t\t\t<dt class='gallery-icon landscape'>\n\t\t\t\t<img width=\"300\" height=\"194\" src=\"https:\/\/www.fundacionyuste.org\/wp-content\/uploads\/2018\/03\/1506-juana_felipe02-300x194.jpg\" class=\"attachment-medium size-medium\" alt=\"\" decoding=\"async\" loading=\"lazy\" aria-describedby=\"gallery-1-209961\" srcset=\"https:\/\/www.fundacionyuste.org\/wp-content\/uploads\/2018\/03\/1506-juana_felipe02-300x194.jpg 300w, https:\/\/www.fundacionyuste.org\/wp-content\/uploads\/2018\/03\/1506-juana_felipe02.jpg 423w\" sizes=\"(max-width: 300px) 100vw, 300px\" \/>\n\t\t\t<\/dt>\n\t\t\t\t<dd class='wp-caption-text gallery-caption' id='gallery-1-209961'>\n\t\t\t\t1506. Death of Philip the Fair. Ferdinand the Catholic exercised the regency in Castile due to his daughter Joanna\u2019s incapacity. \n\t\t\t\t<\/dd><\/dl><dl class='gallery-item'>\n\t\t\t<dt class='gallery-icon landscape'>\n\t\t\t\t<img width=\"300\" height=\"194\" src=\"https:\/\/www.fundacionyuste.org\/wp-content\/uploads\/2018\/03\/1517-RECREACION-DESEMBARCO-DE-CARLOS-V-EN-TAZONES-Pintura-de-A.-Romo-300x194.jpg\" class=\"attachment-medium size-medium\" alt=\"\" decoding=\"async\" loading=\"lazy\" aria-describedby=\"gallery-1-209962\" srcset=\"https:\/\/www.fundacionyuste.org\/wp-content\/uploads\/2018\/03\/1517-RECREACION-DESEMBARCO-DE-CARLOS-V-EN-TAZONES-Pintura-de-A.-Romo-300x194.jpg 300w, https:\/\/www.fundacionyuste.org\/wp-content\/uploads\/2018\/03\/1517-RECREACION-DESEMBARCO-DE-CARLOS-V-EN-TAZONES-Pintura-de-A.-Romo.jpg 423w\" sizes=\"(max-width: 300px) 100vw, 300px\" \/>\n\t\t\t<\/dt>\n\t\t\t\t<dd class='wp-caption-text gallery-caption' id='gallery-1-209962'>\n\t\t\t\t1517. Arrival of Charles of Habsburg in Spain. Luther begins the Protestant Reformation.\n\t\t\t\t<\/dd><\/dl><dl class='gallery-item'>\n\t\t\t<dt class='gallery-icon landscape'>\n\t\t\t\t<img width=\"300\" height=\"194\" src=\"https:\/\/www.fundacionyuste.org\/wp-content\/uploads\/2018\/03\/1519-maximiliano-i-300x194.jpg\" class=\"attachment-medium size-medium\" alt=\"\" decoding=\"async\" loading=\"lazy\" aria-describedby=\"gallery-1-209963\" srcset=\"https:\/\/www.fundacionyuste.org\/wp-content\/uploads\/2018\/03\/1519-maximiliano-i-300x194.jpg 300w, https:\/\/www.fundacionyuste.org\/wp-content\/uploads\/2018\/03\/1519-maximiliano-i.jpg 423w\" sizes=\"(max-width: 300px) 100vw, 300px\" \/>\n\t\t\t<\/dt>\n\t\t\t\t<dd class='wp-caption-text gallery-caption' id='gallery-1-209963'>\n\t\t\t\t1519. Death of Maximilian I. Charles V is appointed emperor. Ferdinand Magellan begins the first circumvallation around the globe\n\t\t\t\t<\/dd><\/dl><dl class='gallery-item'>\n\t\t\t<dt class='gallery-icon landscape'>\n\t\t\t\t<img width=\"300\" height=\"194\" src=\"https:\/\/www.fundacionyuste.org\/wp-content\/uploads\/2018\/03\/1520-Comuneros-300x194.jpg\" class=\"attachment-medium size-medium\" alt=\"\" decoding=\"async\" loading=\"lazy\" aria-describedby=\"gallery-1-209964\" srcset=\"https:\/\/www.fundacionyuste.org\/wp-content\/uploads\/2018\/03\/1520-Comuneros-300x194.jpg 300w, https:\/\/www.fundacionyuste.org\/wp-content\/uploads\/2018\/03\/1520-Comuneros.jpg 423w\" sizes=\"(max-width: 300px) 100vw, 300px\" \/>\n\t\t\t<\/dt>\n\t\t\t\t<dd class='wp-caption-text gallery-caption' id='gallery-1-209964'>\n\t\t\t\t1520. Charles V is crowned in Aachen. Uprising of the \u201ccomuneros\u201d (co-proprietors) of Castile.\n\t\t\t\t<\/dd><\/dl><br style=\"clear: both\" \/><dl class='gallery-item'>\n\t\t\t<dt class='gallery-icon landscape'>\n\t\t\t\t<img width=\"300\" height=\"194\" src=\"https:\/\/www.fundacionyuste.org\/wp-content\/uploads\/2018\/03\/1521-martin_luther1-300x194.jpg\" class=\"attachment-medium size-medium\" alt=\"\" decoding=\"async\" loading=\"lazy\" aria-describedby=\"gallery-1-209965\" srcset=\"https:\/\/www.fundacionyuste.org\/wp-content\/uploads\/2018\/03\/1521-martin_luther1-300x194.jpg 300w, https:\/\/www.fundacionyuste.org\/wp-content\/uploads\/2018\/03\/1521-martin_luther1.jpg 423w\" sizes=\"(max-width: 300px) 100vw, 300px\" \/>\n\t\t\t<\/dt>\n\t\t\t\t<dd class='wp-caption-text gallery-caption' id='gallery-1-209965'>\n\t\t\t\t1521. Diet of Worms. Imperial Edict against Luther\u2019s doctrines. End of the War of the Communities.\n\t\t\t\t<\/dd><\/dl><dl class='gallery-item'>\n\t\t\t<dt class='gallery-icon landscape'>\n\t\t\t\t<img width=\"300\" height=\"194\" src=\"https:\/\/www.fundacionyuste.org\/wp-content\/uploads\/2018\/03\/1522-cortes_hernan_2-300x194.jpg\" class=\"attachment-medium size-medium\" alt=\"\" decoding=\"async\" loading=\"lazy\" aria-describedby=\"gallery-1-209966\" srcset=\"https:\/\/www.fundacionyuste.org\/wp-content\/uploads\/2018\/03\/1522-cortes_hernan_2-300x194.jpg 300w, https:\/\/www.fundacionyuste.org\/wp-content\/uploads\/2018\/03\/1522-cortes_hernan_2.jpg 423w\" sizes=\"(max-width: 300px) 100vw, 300px\" \/>\n\t\t\t<\/dt>\n\t\t\t\t<dd class='wp-caption-text gallery-caption' id='gallery-1-209966'>\n\t\t\t\t1522. Hern\u00e1n Cort\u00e9s conquers Mexico. The survivors in Magellan\u2019s expedition return to Spain.\n\t\t\t\t<\/dd><\/dl><dl class='gallery-item'>\n\t\t\t<dt class='gallery-icon landscape'>\n\t\t\t\t<img width=\"300\" height=\"194\" src=\"https:\/\/www.fundacionyuste.org\/wp-content\/uploads\/2018\/03\/1525-Fernando-MartuFF61nez-LauFF61nez.La-guerra-del-Turco.Francisco-I-y-Carlos-V-300x194.jpg\" class=\"attachment-medium size-medium\" alt=\"\" decoding=\"async\" loading=\"lazy\" aria-describedby=\"gallery-1-209967\" srcset=\"https:\/\/www.fundacionyuste.org\/wp-content\/uploads\/2018\/03\/1525-Fernando-MartuFF61nez-LauFF61nez.La-guerra-del-Turco.Francisco-I-y-Carlos-V-300x194.jpg 300w, https:\/\/www.fundacionyuste.org\/wp-content\/uploads\/2018\/03\/1525-Fernando-MartuFF61nez-LauFF61nez.La-guerra-del-Turco.Francisco-I-y-Carlos-V.jpg 423w\" sizes=\"(max-width: 300px) 100vw, 300px\" \/>\n\t\t\t<\/dt>\n\t\t\t\t<dd class='wp-caption-text gallery-caption' id='gallery-1-209967'>\n\t\t\t\t1525. Battle of Pavia. Imprisonment of Francis I in Madrid.\n\t\t\t\t<\/dd><\/dl><dl class='gallery-item'>\n\t\t\t<dt class='gallery-icon landscape'>\n\t\t\t\t<img width=\"300\" height=\"194\" src=\"https:\/\/www.fundacionyuste.org\/wp-content\/uploads\/2018\/03\/1526-Isabella_of_Portugal_by_Titian-300x194.jpg\" class=\"attachment-medium size-medium\" alt=\"\" decoding=\"async\" loading=\"lazy\" aria-describedby=\"gallery-1-209968\" srcset=\"https:\/\/www.fundacionyuste.org\/wp-content\/uploads\/2018\/03\/1526-Isabella_of_Portugal_by_Titian-300x194.jpg 300w, https:\/\/www.fundacionyuste.org\/wp-content\/uploads\/2018\/03\/1526-Isabella_of_Portugal_by_Titian.jpg 423w\" sizes=\"(max-width: 300px) 100vw, 300px\" \/>\n\t\t\t<\/dt>\n\t\t\t\t<dd class='wp-caption-text gallery-caption' id='gallery-1-209968'>\n\t\t\t\t1526. Francis I is released following the Treaty of Madrid. Charles V and Isabella of Portugal\u2019s marriage.\n\t\t\t\t<\/dd><\/dl><dl class='gallery-item'>\n\t\t\t<dt class='gallery-icon landscape'>\n\t\t\t\t<img width=\"300\" height=\"194\" src=\"https:\/\/www.fundacionyuste.org\/wp-content\/uploads\/2018\/03\/1527-El-Saco-de-Roma-300x194.jpg\" class=\"attachment-medium size-medium\" alt=\"\" decoding=\"async\" loading=\"lazy\" aria-describedby=\"gallery-1-209969\" srcset=\"https:\/\/www.fundacionyuste.org\/wp-content\/uploads\/2018\/03\/1527-El-Saco-de-Roma-300x194.jpg 300w, https:\/\/www.fundacionyuste.org\/wp-content\/uploads\/2018\/03\/1527-El-Saco-de-Roma.jpg 423w\" sizes=\"(max-width: 300px) 100vw, 300px\" \/>\n\t\t\t<\/dt>\n\t\t\t\t<dd class='wp-caption-text gallery-caption' id='gallery-1-209969'>\n\t\t\t\t1527. Nace el futuro Felipe II. Saco de Roma por los ej\u00e9rcitos imperiales.\n\t\t\t\t<\/dd><\/dl><dl class='gallery-item'>\n\t\t\t<dt class='gallery-icon landscape'>\n\t\t\t\t<img width=\"300\" height=\"194\" src=\"https:\/\/www.fundacionyuste.org\/wp-content\/uploads\/2018\/03\/1530-el-papa-corona-al-castigador-de-roma_detalle_articulo-300x194.jpg\" class=\"attachment-medium size-medium\" alt=\"\" decoding=\"async\" loading=\"lazy\" aria-describedby=\"gallery-1-209970\" srcset=\"https:\/\/www.fundacionyuste.org\/wp-content\/uploads\/2018\/03\/1530-el-papa-corona-al-castigador-de-roma_detalle_articulo-300x194.jpg 300w, https:\/\/www.fundacionyuste.org\/wp-content\/uploads\/2018\/03\/1530-el-papa-corona-al-castigador-de-roma_detalle_articulo.jpg 423w\" sizes=\"(max-width: 300px) 100vw, 300px\" \/>\n\t\t\t<\/dt>\n\t\t\t\t<dd class='wp-caption-text gallery-caption' id='gallery-1-209970'>\n\t\t\t\t1530. Coronation of Charles V by Pope Clement VII in Bolgna.\n\t\t\t\t<\/dd><\/dl><br style=\"clear: both\" \/><dl class='gallery-item'>\n\t\t\t<dt class='gallery-icon landscape'>\n\t\t\t\t<img width=\"300\" height=\"194\" src=\"https:\/\/www.fundacionyuste.org\/wp-content\/uploads\/2018\/03\/1531-Fernando-de-Austria-hermano-de-Carlos-2-300x194.jpg\" class=\"attachment-medium size-medium\" alt=\"\" decoding=\"async\" loading=\"lazy\" aria-describedby=\"gallery-1-209971\" srcset=\"https:\/\/www.fundacionyuste.org\/wp-content\/uploads\/2018\/03\/1531-Fernando-de-Austria-hermano-de-Carlos-2-300x194.jpg 300w, https:\/\/www.fundacionyuste.org\/wp-content\/uploads\/2018\/03\/1531-Fernando-de-Austria-hermano-de-Carlos-2.jpg 423w\" sizes=\"(max-width: 300px) 100vw, 300px\" \/>\n\t\t\t<\/dt>\n\t\t\t\t<dd class='wp-caption-text gallery-caption' id='gallery-1-209971'>\n\t\t\t\t1531. Ferdinand of Austria is named King of the Romans.\n\t\t\t\t<\/dd><\/dl><dl class='gallery-item'>\n\t\t\t<dt class='gallery-icon landscape'>\n\t\t\t\t<img width=\"300\" height=\"194\" src=\"https:\/\/www.fundacionyuste.org\/wp-content\/uploads\/2018\/03\/1532-carlos5-pizarro-300x194.jpg\" class=\"attachment-medium size-medium\" alt=\"\" decoding=\"async\" loading=\"lazy\" aria-describedby=\"gallery-1-209972\" srcset=\"https:\/\/www.fundacionyuste.org\/wp-content\/uploads\/2018\/03\/1532-carlos5-pizarro-300x194.jpg 300w, https:\/\/www.fundacionyuste.org\/wp-content\/uploads\/2018\/03\/1532-carlos5-pizarro.jpg 423w\" sizes=\"(max-width: 300px) 100vw, 300px\" \/>\n\t\t\t<\/dt>\n\t\t\t\t<dd class='wp-caption-text gallery-caption' id='gallery-1-209972'>\n\t\t\t\t1532. Conquest of the Inca Empire by Francisco Pizarro. Suleiman puts an end to the Siege of Vienna with the arrival of the imperial army. The German protestant princess create the Schmalkaldic League. \n\t\t\t\t<\/dd><\/dl><dl class='gallery-item'>\n\t\t\t<dt class='gallery-icon landscape'>\n\t\t\t\t<img width=\"300\" height=\"194\" src=\"https:\/\/www.fundacionyuste.org\/wp-content\/uploads\/2018\/03\/1535-Willem-Pannemaker-La-toma-de-T\uff63nez-Pa\uff64o-IX.-Detalle2-300x194.jpg\" class=\"attachment-medium size-medium\" alt=\"\" decoding=\"async\" loading=\"lazy\" aria-describedby=\"gallery-1-209973\" srcset=\"https:\/\/www.fundacionyuste.org\/wp-content\/uploads\/2018\/03\/1535-Willem-Pannemaker-La-toma-de-T\uff63nez-Pa\uff64o-IX.-Detalle2-300x194.jpg 300w, https:\/\/www.fundacionyuste.org\/wp-content\/uploads\/2018\/03\/1535-Willem-Pannemaker-La-toma-de-T\uff63nez-Pa\uff64o-IX.-Detalle2.jpg 423w\" sizes=\"(max-width: 300px) 100vw, 300px\" \/>\n\t\t\t<\/dt>\n\t\t\t\t<dd class='wp-caption-text gallery-caption' id='gallery-1-209973'>\n\t\t\t\t1535. Charles V defeats Barbarossa and the conquest of Tunis.\n\t\t\t\t<\/dd><\/dl><dl class='gallery-item'>\n\t\t\t<dt class='gallery-icon landscape'>\n\t\t\t\t<img width=\"300\" height=\"194\" src=\"https:\/\/www.fundacionyuste.org\/wp-content\/uploads\/2018\/03\/1539-Francisco-de-Borja-Muerte-de-Isabel-de-Portugal-300x194.jpg\" class=\"attachment-medium size-medium\" alt=\"\" decoding=\"async\" loading=\"lazy\" aria-describedby=\"gallery-1-209974\" srcset=\"https:\/\/www.fundacionyuste.org\/wp-content\/uploads\/2018\/03\/1539-Francisco-de-Borja-Muerte-de-Isabel-de-Portugal-300x194.jpg 300w, https:\/\/www.fundacionyuste.org\/wp-content\/uploads\/2018\/03\/1539-Francisco-de-Borja-Muerte-de-Isabel-de-Portugal.jpg 423w\" sizes=\"(max-width: 300px) 100vw, 300px\" \/>\n\t\t\t<\/dt>\n\t\t\t\t<dd class='wp-caption-text gallery-caption' id='gallery-1-209974'>\n\t\t\t\t1539. Death of Empress Isabella.\n\t\t\t\t<\/dd><\/dl><dl class='gallery-item'>\n\t\t\t<dt class='gallery-icon landscape'>\n\t\t\t\t<img width=\"300\" height=\"194\" src=\"https:\/\/www.fundacionyuste.org\/wp-content\/uploads\/2018\/03\/1541-RGEL-IMPERIO-OTOMANO.1-300x194.jpg\" class=\"attachment-medium size-medium\" alt=\"\" decoding=\"async\" loading=\"lazy\" aria-describedby=\"gallery-1-209975\" srcset=\"https:\/\/www.fundacionyuste.org\/wp-content\/uploads\/2018\/03\/1541-RGEL-IMPERIO-OTOMANO.1-300x194.jpg 300w, https:\/\/www.fundacionyuste.org\/wp-content\/uploads\/2018\/03\/1541-RGEL-IMPERIO-OTOMANO.1.jpg 423w\" sizes=\"(max-width: 300px) 100vw, 300px\" \/>\n\t\t\t<\/dt>\n\t\t\t\t<dd class='wp-caption-text gallery-caption' id='gallery-1-209975'>\n\t\t\t\t1541. Failure of Argiels expedition.\n\t\t\t\t<\/dd><\/dl><dl class='gallery-item'>\n\t\t\t<dt class='gallery-icon landscape'>\n\t\t\t\t<img width=\"300\" height=\"194\" src=\"https:\/\/www.fundacionyuste.org\/wp-content\/uploads\/2018\/03\/1542-fray_b8-300x194.jpg\" class=\"attachment-medium size-medium\" alt=\"\" decoding=\"async\" loading=\"lazy\" aria-describedby=\"gallery-1-209976\" srcset=\"https:\/\/www.fundacionyuste.org\/wp-content\/uploads\/2018\/03\/1542-fray_b8-300x194.jpg 300w, https:\/\/www.fundacionyuste.org\/wp-content\/uploads\/2018\/03\/1542-fray_b8.jpg 423w\" sizes=\"(max-width: 300px) 100vw, 300px\" \/>\n\t\t\t<\/dt>\n\t\t\t\t<dd class='wp-caption-text gallery-caption' id='gallery-1-209976'>\n\t\t\t\t1542. The enactment of the New Laws for the government of the American colonies.\n\t\t\t\t<\/dd><\/dl><br style=\"clear: both\" \/><dl class='gallery-item'>\n\t\t\t<dt class='gallery-icon landscape'>\n\t\t\t\t<img width=\"300\" height=\"194\" src=\"https:\/\/www.fundacionyuste.org\/wp-content\/uploads\/2018\/03\/1545-concilio-de-trento-300x194.jpg\" class=\"attachment-medium size-medium\" alt=\"\" decoding=\"async\" loading=\"lazy\" aria-describedby=\"gallery-1-209977\" srcset=\"https:\/\/www.fundacionyuste.org\/wp-content\/uploads\/2018\/03\/1545-concilio-de-trento-300x194.jpg 300w, https:\/\/www.fundacionyuste.org\/wp-content\/uploads\/2018\/03\/1545-concilio-de-trento.jpg 423w\" sizes=\"(max-width: 300px) 100vw, 300px\" \/>\n\t\t\t<\/dt>\n\t\t\t\t<dd class='wp-caption-text gallery-caption' id='gallery-1-209977'>\n\t\t\t\t1545. The Council of Trent begins.\n\t\t\t\t<\/dd><\/dl><dl class='gallery-item'>\n\t\t\t<dt class='gallery-icon landscape'>\n\t\t\t\t<img width=\"300\" height=\"194\" src=\"https:\/\/www.fundacionyuste.org\/wp-content\/uploads\/2018\/03\/1547-carlos-V-en-la-batalla-de-M\u201dlberg-Tiziano-300x194.jpg\" class=\"attachment-medium size-medium\" alt=\"\" decoding=\"async\" loading=\"lazy\" aria-describedby=\"gallery-1-209978\" srcset=\"https:\/\/www.fundacionyuste.org\/wp-content\/uploads\/2018\/03\/1547-carlos-V-en-la-batalla-de-M\u201dlberg-Tiziano-300x194.jpg 300w, https:\/\/www.fundacionyuste.org\/wp-content\/uploads\/2018\/03\/1547-carlos-V-en-la-batalla-de-M\u201dlberg-Tiziano.jpg 423w\" sizes=\"(max-width: 300px) 100vw, 300px\" \/>\n\t\t\t<\/dt>\n\t\t\t\t<dd class='wp-caption-text gallery-caption' id='gallery-1-209978'>\n\t\t\t\t1547. Second expedition against the League. Battle of M\u00fchlberg.\n\t\t\t\t<\/dd><\/dl><dl class='gallery-item'>\n\t\t\t<dt class='gallery-icon landscape'>\n\t\t\t\t<img width=\"300\" height=\"194\" src=\"https:\/\/www.fundacionyuste.org\/wp-content\/uploads\/2018\/03\/1550-esmalcalda-300x194.jpg\" class=\"attachment-medium size-medium\" alt=\"\" decoding=\"async\" loading=\"lazy\" aria-describedby=\"gallery-1-209979\" srcset=\"https:\/\/www.fundacionyuste.org\/wp-content\/uploads\/2018\/03\/1550-esmalcalda-300x194.jpg 300w, https:\/\/www.fundacionyuste.org\/wp-content\/uploads\/2018\/03\/1550-esmalcalda.jpg 423w\" sizes=\"(max-width: 300px) 100vw, 300px\" \/>\n\t\t\t<\/dt>\n\t\t\t\t<dd class='wp-caption-text gallery-caption' id='gallery-1-209979'>\n\t\t\t\t1550. Creation of a new Protestant League. \n\t\t\t\t<\/dd><\/dl><dl class='gallery-item'>\n\t\t\t<dt class='gallery-icon landscape'>\n\t\t\t\t<img width=\"300\" height=\"194\" src=\"https:\/\/www.fundacionyuste.org\/wp-content\/uploads\/2018\/03\/1552-innsbruck_mountain_wm-300x194.jpg\" class=\"attachment-medium size-medium\" alt=\"\" decoding=\"async\" loading=\"lazy\" aria-describedby=\"gallery-1-209980\" srcset=\"https:\/\/www.fundacionyuste.org\/wp-content\/uploads\/2018\/03\/1552-innsbruck_mountain_wm-300x194.jpg 300w, https:\/\/www.fundacionyuste.org\/wp-content\/uploads\/2018\/03\/1552-innsbruck_mountain_wm.jpg 423w\" sizes=\"(max-width: 300px) 100vw, 300px\" \/>\n\t\t\t<\/dt>\n\t\t\t\t<dd class='wp-caption-text gallery-caption' id='gallery-1-209980'>\n\t\t\t\t1552. The Emperor is defeated by the Protestants. Flee from Innsbruck. \n\t\t\t\t<\/dd><\/dl><dl class='gallery-item'>\n\t\t\t<dt class='gallery-icon landscape'>\n\t\t\t\t<img width=\"300\" height=\"194\" src=\"https:\/\/www.fundacionyuste.org\/wp-content\/uploads\/2018\/03\/1554-fernando-I-300x194.jpg\" class=\"attachment-medium size-medium\" alt=\"\" decoding=\"async\" loading=\"lazy\" aria-describedby=\"gallery-1-209981\" srcset=\"https:\/\/www.fundacionyuste.org\/wp-content\/uploads\/2018\/03\/1554-fernando-I-300x194.jpg 300w, https:\/\/www.fundacionyuste.org\/wp-content\/uploads\/2018\/03\/1554-fernando-I.jpg 423w\" sizes=\"(max-width: 300px) 100vw, 300px\" \/>\n\t\t\t<\/dt>\n\t\t\t\t<dd class='wp-caption-text gallery-caption' id='gallery-1-209981'>\n\t\t\t\t1554. Charles V leaves the empire in the hands of his brother Ferdinand.\n\t\t\t\t<\/dd><\/dl><dl class='gallery-item'>\n\t\t\t<dt class='gallery-icon landscape'>\n\t\t\t\t<img width=\"300\" height=\"194\" src=\"https:\/\/www.fundacionyuste.org\/wp-content\/uploads\/2018\/03\/1555-Abdicacion-300x194.jpg\" class=\"attachment-medium size-medium\" alt=\"\" decoding=\"async\" loading=\"lazy\" aria-describedby=\"gallery-1-209982\" srcset=\"https:\/\/www.fundacionyuste.org\/wp-content\/uploads\/2018\/03\/1555-Abdicacion-300x194.jpg 300w, https:\/\/www.fundacionyuste.org\/wp-content\/uploads\/2018\/03\/1555-Abdicacion.jpg 423w\" sizes=\"(max-width: 300px) 100vw, 300px\" \/>\n\t\t\t<\/dt>\n\t\t\t\t<dd class='wp-caption-text gallery-caption' id='gallery-1-209982'>\n\t\t\t\t1555. Death of Joanna the Mad. Abdication of Charles V in favour of his son Philip in Brussels.\n\t\t\t\t<\/dd><\/dl><br style=\"clear: both\" \/><dl class='gallery-item'>\n\t\t\t<dt class='gallery-icon landscape'>\n\t\t\t\t<img width=\"300\" height=\"194\" src=\"https:\/\/www.fundacionyuste.org\/wp-content\/uploads\/2018\/03\/1556-yuste-300x194.jpg\" class=\"attachment-medium size-medium\" alt=\"\" decoding=\"async\" loading=\"lazy\" aria-describedby=\"gallery-1-209983\" srcset=\"https:\/\/www.fundacionyuste.org\/wp-content\/uploads\/2018\/03\/1556-yuste-300x194.jpg 300w, https:\/\/www.fundacionyuste.org\/wp-content\/uploads\/2018\/03\/1556-yuste.jpg 423w\" sizes=\"(max-width: 300px) 100vw, 300px\" \/>\n\t\t\t<\/dt>\n\t\t\t\t<dd class='wp-caption-text gallery-caption' id='gallery-1-209983'>\n\t\t\t\t1556. King Charles retires to the monastery of Yuste.\n\t\t\t\t<\/dd><\/dl><dl class='gallery-item'>\n\t\t\t<dt class='gallery-icon landscape'>\n\t\t\t\t<img width=\"300\" height=\"194\" src=\"https:\/\/www.fundacionyuste.org\/wp-content\/uploads\/2018\/03\/1558-cayusmuerteG-300x194.jpg\" class=\"attachment-medium size-medium\" alt=\"\" decoding=\"async\" loading=\"lazy\" aria-describedby=\"gallery-1-209984\" srcset=\"https:\/\/www.fundacionyuste.org\/wp-content\/uploads\/2018\/03\/1558-cayusmuerteG-300x194.jpg 300w, https:\/\/www.fundacionyuste.org\/wp-content\/uploads\/2018\/03\/1558-cayusmuerteG.jpg 423w\" sizes=\"(max-width: 300px) 100vw, 300px\" \/>\n\t\t\t<\/dt>\n\t\t\t\t<dd class='wp-caption-text gallery-caption' id='gallery-1-209984'>\n\t\t\t\t1558. On the 21st of September Charles V dies in the monastery of Yuste.\n\t\t\t\t<\/dd><\/dl>\n\t\t\t<br style='clear: both' \/>\n\t\t<\/div>\n\n<p>[\/et_pb_text][\/et_pb_column][\/et_pb_row][\/et_pb_section]<\/p>\n","protected":false},"excerpt":{"rendered":"<p>&nbsp; Charles V Short bio Charles V was born on 24 February 1500 in Ghent (Belgium). He was the first son of Joan (daughter of the Catholic Monarchs) and Philip the Handsome (son of Maximilian of Austria). In 1517, he came to Spain to be recognised by the Cortes [Parliament] of Castile, Aragon and Catalonia [&hellip;]<\/p>\n","protected":false},"author":1,"featured_media":0,"parent":0,"menu_order":0,"comment_status":"closed","ping_status":"closed","template":"page-template-fullwidth.php","meta":{"_et_pb_use_builder":"on","_et_pb_old_content":"[et_pb_section bb_built=\"1\" inner_shadow=\"on\" _builder_version=\"3.0.85\" background_image=\"https:\/\/www.fundacionyuste.org\/wp-content\/uploads\/2018\/04\/fondocarlos_3.jpg\" background_size=\"initial\" background_position=\"top_left\" custom_padding=\"|||\" animation_style=\"bounce\" animation_direction=\"left\" custom_css_main_element=\"background-repeat: no-repeat; background-color:#fff;\"][et_pb_row custom_padding=\"1%|25%||\" custom_margin=\"|||25em\" _builder_version=\"3.0.85\"][et_pb_column type=\"4_4\"][et_pb_text _builder_version=\"3.0.85\" text_font=\"Muli||||||||\" header_font=\"Muli||||||||\" header_font_size=\"14px\" header_2_font=\"Muli||||||||\" header_2_font_size=\"25px\" header_4_font=\"Muli||||||||\" header_4_font_size=\"17px\" header_4_line_height=\"1.1em\" header_6_font=\"Muli||||||||\" header_6_font_size=\"7px\" background_layout=\"light\"]\r\n<h2>Carlos V<\/h2>\r\n<h5>Breve rese\u00f1a biogr\u00e1fica<\/h5>\r\nCarlos V nace el 24 de febrero de 1500 en Gante (B\u00e9lgica). Primer hijo var\u00f3n de do\u00f1a Juana (hija de los Reyes Cat\u00f3licos) y de Felipe el Hermoso (hijo de Maximiliano de Austria).\r\n\r\nEn 1517 se traslad\u00f3 a Espa\u00f1a para recibir el reconocimiento de las cortes de Castilla, de Arag\u00f3n y de Catalu\u00f1a, ante las que jur\u00f3, adem\u00e1s, como conde de Barcelona. Entabl\u00f3 una prolongada lucha con Francisco I de Francia por la hegemon\u00eda europea logrando la victoria diplom\u00e1tica en 1519 y la coronaci\u00f3n como Emperador en Aquisgr\u00e1n en 1520. Las dos siguientes coronas se entregar\u00e1n en Bolonia (Italia) en 1530. Las continuas confrontaciones con Francia, desarrolladas especialmente en Italia, la amenaza turca en el Mediterr\u00e1neo y la guerra entre protestantes y cat\u00f3licos en 1531 hicieron mella en Carlos V, por lo que el 25 de octubre de 1555 decidi\u00f3 abdicar en Bruselas y repartir el vasto patrimonio entre su hermano Fernando y su hijo Felipe II.\r\n\r\nTras la abdicaci\u00f3n, Carlos V viaja de nuevo a Espa\u00f1a. El lugar elegido para su retiro es el Monasterio de Yuste, en Extremadura. Adosado a dicho Monasterio, Carlos V mand\u00f3 edificar una casa-palacio decorada con tapices y pinturas de Tiziano. Su servidumbre estaba compuesta por cincuenta personas. A pesar de su deseo de alejarse de la pol\u00edtica, sigui\u00f3 muy de cerca los asuntos de Estado hasta el d\u00eda de su muerte el 21 de septiembre de 1558.\r\n<h6><img class=\"wp-image-210339 alignleft\" src=\"https:\/\/www.fundacionyuste.org\/wp-content\/uploads\/2018\/04\/firma.png\" alt=\"\" width=\"101\" height=\"106\" \/><\/h6>\r\n<h6><\/h6>\r\n<h6>Firma del emperador en su testamento (Bruselas 1554)<\/h6>\r\n[\/et_pb_text][\/et_pb_column][\/et_pb_row][\/et_pb_section][et_pb_section bb_built=\"1\" _builder_version=\"3.0.85\" background_size=\"initial\" background_position=\"top_left\" custom_padding=\"||8%|\" animation_style=\"fade\" animation_direction=\"left\" animation_duration=\"1950ms\" custom_css_main_element=\"background-repeat: no-repeat;\"][et_pb_row custom_padding=\"|5%||5%\" _builder_version=\"3.0.85\"][et_pb_column type=\"4_4\"][et_pb_text admin_label=\"Cronolog\u00eda\" _builder_version=\"3.0.85\" text_font=\"Muli||||||||\" header_font=\"Muli||||||||\" header_font_size=\"14px\" header_2_font=\"Muli||||||||\" header_2_font_size=\"25px\" header_4_font=\"Muli||||||||\" header_4_font_size=\"17px\" header_4_line_height=\"1.1em\"]\r\n<h2>Cronolog\u00eda<\/h2>\r\n\u00a0\r\n\r\n[gallery columns=\"6\" link=\"none\" size=\"medium\" ids=\"209766,209767,209961,209962,209963,209964,209965,209966,209967,209968,209969,209970,209971,209972,209973,209974,209975,209976,209977,209978,209979,209980,209981,209982,209983,209984\"]\r\n\r\n[\/et_pb_text][\/et_pb_column][\/et_pb_row][\/et_pb_section]","_et_gb_content_width":"","_links_to":"","_links_to_target":""},"_links":{"self":[{"href":"https:\/\/www.fundacionyuste.org\/en\/wp-json\/wp\/v2\/pages\/210639"}],"collection":[{"href":"https:\/\/www.fundacionyuste.org\/en\/wp-json\/wp\/v2\/pages"}],"about":[{"href":"https:\/\/www.fundacionyuste.org\/en\/wp-json\/wp\/v2\/types\/page"}],"author":[{"embeddable":true,"href":"https:\/\/www.fundacionyuste.org\/en\/wp-json\/wp\/v2\/users\/1"}],"replies":[{"embeddable":true,"href":"https:\/\/www.fundacionyuste.org\/en\/wp-json\/wp\/v2\/comments?post=210639"}],"version-history":[{"count":0,"href":"https:\/\/www.fundacionyuste.org\/en\/wp-json\/wp\/v2\/pages\/210639\/revisions"}],"wp:attachment":[{"href":"https:\/\/www.fundacionyuste.org\/en\/wp-json\/wp\/v2\/media?parent=210639"}],"curies":[{"name":"wp","href":"https:\/\/api.w.org\/{rel}","templated":true}]}}