{"id":219963,"date":"2020-05-02T08:30:10","date_gmt":"2020-05-02T08:30:10","guid":{"rendered":"https:\/\/www.fundacionyuste.org\/?page_id=219963"},"modified":"2020-05-09T15:28:09","modified_gmt":"2020-05-09T15:28:09","slug":"committed-to-europe-project","status":"publish","type":"page","link":"https:\/\/www.fundacionyuste.org\/en\/committed-to-europe-project\/","title":{"rendered":"COMMITTED TO EUROPE PROJECT"},"content":{"rendered":"<p>[et_pb_section bb_built=&#8221;1&#8243; _builder_version=&#8221;3.0.85&#8243; inner_width=&#8221;auto&#8221; inner_max_width=&#8221;none&#8221;][et_pb_row _builder_version=&#8221;3.0.47&#8243; background_size=&#8221;initial&#8221; background_position=&#8221;top_left&#8221; background_repeat=&#8221;repeat&#8221; width=&#8221;90%&#8221; max_width=&#8221;1080px&#8221;][et_pb_column type=&#8221;1_4&#8243; custom_padding__hover=&#8221;|||&#8221; custom_padding=&#8221;|||&#8221;][et_pb_text admin_label=&#8221;TITULO SECCI\u00d3N&#8221; _builder_version=&#8221;3.27.4&#8243; text_font=&#8221;Muli||||||||&#8221; text_orientation=&#8221;right&#8221; module_alignment=&#8221;right&#8221; custom_padding=&#8221;|20px||&#8221; text_text_shadow_horizontal_length=&#8221;text_text_shadow_style,%91object Object%93&#8243; text_text_shadow_horizontal_length_tablet=&#8221;0px&#8221; text_text_shadow_vertical_length=&#8221;text_text_shadow_style,%91object Object%93&#8243; text_text_shadow_vertical_length_tablet=&#8221;0px&#8221; text_text_shadow_blur_strength=&#8221;text_text_shadow_style,%91object Object%93&#8243; text_text_shadow_blur_strength_tablet=&#8221;1px&#8221; link_text_shadow_horizontal_length=&#8221;link_text_shadow_style,%91object Object%93&#8243; link_text_shadow_horizontal_length_tablet=&#8221;0px&#8221; link_text_shadow_vertical_length=&#8221;link_text_shadow_style,%91object Object%93&#8243; link_text_shadow_vertical_length_tablet=&#8221;0px&#8221; link_text_shadow_blur_strength=&#8221;link_text_shadow_style,%91object Object%93&#8243; link_text_shadow_blur_strength_tablet=&#8221;1px&#8221; ul_text_shadow_horizontal_length=&#8221;ul_text_shadow_style,%91object Object%93&#8243; ul_text_shadow_horizontal_length_tablet=&#8221;0px&#8221; ul_text_shadow_vertical_length=&#8221;ul_text_shadow_style,%91object Object%93&#8243; ul_text_shadow_vertical_length_tablet=&#8221;0px&#8221; ul_text_shadow_blur_strength=&#8221;ul_text_shadow_style,%91object Object%93&#8243; ul_text_shadow_blur_strength_tablet=&#8221;1px&#8221; ol_text_shadow_horizontal_length=&#8221;ol_text_shadow_style,%91object Object%93&#8243; ol_text_shadow_horizontal_length_tablet=&#8221;0px&#8221; ol_text_shadow_vertical_length=&#8221;ol_text_shadow_style,%91object Object%93&#8243; ol_text_shadow_vertical_length_tablet=&#8221;0px&#8221; ol_text_shadow_blur_strength=&#8221;ol_text_shadow_style,%91object Object%93&#8243; ol_text_shadow_blur_strength_tablet=&#8221;1px&#8221; quote_text_shadow_horizontal_length=&#8221;quote_text_shadow_style,%91object Object%93&#8243; quote_text_shadow_horizontal_length_tablet=&#8221;0px&#8221; quote_text_shadow_vertical_length=&#8221;quote_text_shadow_style,%91object Object%93&#8243; quote_text_shadow_vertical_length_tablet=&#8221;0px&#8221; quote_text_shadow_blur_strength=&#8221;quote_text_shadow_style,%91object Object%93&#8243; quote_text_shadow_blur_strength_tablet=&#8221;1px&#8221; header_text_shadow_horizontal_length=&#8221;header_text_shadow_style,%91object Object%93&#8243; header_text_shadow_horizontal_length_tablet=&#8221;0px&#8221; header_text_shadow_vertical_length=&#8221;header_text_shadow_style,%91object Object%93&#8243; header_text_shadow_vertical_length_tablet=&#8221;0px&#8221; header_text_shadow_blur_strength=&#8221;header_text_shadow_style,%91object Object%93&#8243; header_text_shadow_blur_strength_tablet=&#8221;1px&#8221; header_2_text_shadow_horizontal_length=&#8221;header_2_text_shadow_style,%91object Object%93&#8243; header_2_text_shadow_horizontal_length_tablet=&#8221;0px&#8221; header_2_text_shadow_vertical_length=&#8221;header_2_text_shadow_style,%91object Object%93&#8243; header_2_text_shadow_vertical_length_tablet=&#8221;0px&#8221; header_2_text_shadow_blur_strength=&#8221;header_2_text_shadow_style,%91object Object%93&#8243; header_2_text_shadow_blur_strength_tablet=&#8221;1px&#8221; header_3_text_shadow_horizontal_length=&#8221;header_3_text_shadow_style,%91object Object%93&#8243; header_3_text_shadow_horizontal_length_tablet=&#8221;0px&#8221; header_3_text_shadow_vertical_length=&#8221;header_3_text_shadow_style,%91object Object%93&#8243; header_3_text_shadow_vertical_length_tablet=&#8221;0px&#8221; header_3_text_shadow_blur_strength=&#8221;header_3_text_shadow_style,%91object Object%93&#8243; header_3_text_shadow_blur_strength_tablet=&#8221;1px&#8221; header_4_text_shadow_horizontal_length=&#8221;header_4_text_shadow_style,%91object Object%93&#8243; header_4_text_shadow_horizontal_length_tablet=&#8221;0px&#8221; header_4_text_shadow_vertical_length=&#8221;header_4_text_shadow_style,%91object Object%93&#8243; header_4_text_shadow_vertical_length_tablet=&#8221;0px&#8221; header_4_text_shadow_blur_strength=&#8221;header_4_text_shadow_style,%91object Object%93&#8243; header_4_text_shadow_blur_strength_tablet=&#8221;1px&#8221; header_5_text_shadow_horizontal_length=&#8221;header_5_text_shadow_style,%91object Object%93&#8243; header_5_text_shadow_horizontal_length_tablet=&#8221;0px&#8221; header_5_text_shadow_vertical_length=&#8221;header_5_text_shadow_style,%91object Object%93&#8243; header_5_text_shadow_vertical_length_tablet=&#8221;0px&#8221; header_5_text_shadow_blur_strength=&#8221;header_5_text_shadow_style,%91object Object%93&#8243; header_5_text_shadow_blur_strength_tablet=&#8221;1px&#8221; header_6_text_shadow_horizontal_length=&#8221;header_6_text_shadow_style,%91object Object%93&#8243; header_6_text_shadow_horizontal_length_tablet=&#8221;0px&#8221; header_6_text_shadow_vertical_length=&#8221;header_6_text_shadow_style,%91object Object%93&#8243; header_6_text_shadow_vertical_length_tablet=&#8221;0px&#8221; header_6_text_shadow_blur_strength=&#8221;header_6_text_shadow_style,%91object Object%93&#8243; header_6_text_shadow_blur_strength_tablet=&#8221;1px&#8221; box_shadow_horizontal_tablet=&#8221;0px&#8221; box_shadow_vertical_tablet=&#8221;0px&#8221; box_shadow_blur_tablet=&#8221;40px&#8221; box_shadow_spread_tablet=&#8221;0px&#8221; z_index_tablet=&#8221;500&#8243;]<\/p>\n<h1>ACTIVITIES<\/h1>\n<p>[\/et_pb_text][\/et_pb_column][et_pb_column type=&#8221;3_4&#8243; custom_padding__hover=&#8221;|||&#8221; custom_padding=&#8221;|||&#8221;][et_pb_post_title admin_label=&#8221;T\u00cdTULO DE LA ACTIVIDAD (Autom\u00e1tico)&#8221; meta=&#8221;off&#8221; featured_image=&#8221;off&#8221; _builder_version=&#8221;3.27.4&#8243; title_level=&#8221;h2&#8243; title_font=&#8221;Muli|700||on|||||&#8221; title_font_size=&#8221;20px&#8221; custom_padding=&#8221;6px|||&#8221;]<\/p>\n<p>&nbsp;<\/p>\n<p>[\/et_pb_post_title][\/et_pb_column][\/et_pb_row][et_pb_row _builder_version=&#8221;3.0.47&#8243; background_size=&#8221;initial&#8221; background_position=&#8221;top_left&#8221; background_repeat=&#8221;repeat&#8221; width=&#8221;90%&#8221; max_width=&#8221;1080px&#8221;][et_pb_column type=&#8221;1_4&#8243; custom_padding__hover=&#8221;|||&#8221; custom_padding=&#8221;|||&#8221;][et_pb_sidebar admin_label=&#8221;MEN\u00da LATERAL&#8221; area=&#8221;et_pb_widget_area_4&#8243; _builder_version=&#8221;3.27.4&#8243; text_shadow_horizontal_length=&#8221;text_shadow_style,%91object Object%93&#8243; text_shadow_horizontal_length_tablet=&#8221;0px&#8221; text_shadow_vertical_length=&#8221;text_shadow_style,%91object Object%93&#8243; text_shadow_vertical_length_tablet=&#8221;0px&#8221; text_shadow_blur_strength=&#8221;text_shadow_style,%91object Object%93&#8243; text_shadow_blur_strength_tablet=&#8221;1px&#8221; header_text_shadow_horizontal_length=&#8221;header_text_shadow_style,%91object Object%93&#8243; header_text_shadow_horizontal_length_tablet=&#8221;0px&#8221; header_text_shadow_vertical_length=&#8221;header_text_shadow_style,%91object Object%93&#8243; header_text_shadow_vertical_length_tablet=&#8221;0px&#8221; header_text_shadow_blur_strength=&#8221;header_text_shadow_style,%91object Object%93&#8243; header_text_shadow_blur_strength_tablet=&#8221;1px&#8221; body_text_shadow_horizontal_length=&#8221;body_text_shadow_style,%91object Object%93&#8243; body_text_shadow_horizontal_length_tablet=&#8221;0px&#8221; body_text_shadow_vertical_length=&#8221;body_text_shadow_style,%91object Object%93&#8243; body_text_shadow_vertical_length_tablet=&#8221;0px&#8221; body_text_shadow_blur_strength=&#8221;body_text_shadow_style,%91object Object%93&#8243; body_text_shadow_blur_strength_tablet=&#8221;1px&#8221; box_shadow_horizontal_tablet=&#8221;0px&#8221; box_shadow_vertical_tablet=&#8221;0px&#8221; box_shadow_blur_tablet=&#8221;40px&#8221; box_shadow_spread_tablet=&#8221;0px&#8221; z_index_tablet=&#8221;500&#8243;]<\/p>\n<p>&nbsp;<\/p>\n<p>[\/et_pb_sidebar][\/et_pb_column][et_pb_column type=&#8221;3_4&#8243; custom_padding__hover=&#8221;|||&#8221; custom_padding=&#8221;|||&#8221;][et_pb_text admin_label=&#8221;CONTENIDO DE LA ACTIVIDAD&#8221; _builder_version=&#8221;3.27.4&#8243; text_font=&#8221;Muli||||||||&#8221; text_text_color=&#8221;#262626&#8243; header_font=&#8221;Muli||||||||&#8221; header_font_size=&#8221;22px&#8221; header_2_font=&#8221;Muli||||||||&#8221; header_3_font=&#8221;Muli||||||||&#8221; header_4_font=&#8221;Muli||||||||&#8221; header_5_font=&#8221;Muli||||||||&#8221; header_6_font=&#8221;Muli||||||||&#8221; text_text_shadow_horizontal_length=&#8221;text_text_shadow_style,%91object Object%93&#8243; text_text_shadow_horizontal_length_tablet=&#8221;0px&#8221; text_text_shadow_vertical_length=&#8221;text_text_shadow_style,%91object Object%93&#8243; text_text_shadow_vertical_length_tablet=&#8221;0px&#8221; text_text_shadow_blur_strength=&#8221;text_text_shadow_style,%91object Object%93&#8243; text_text_shadow_blur_strength_tablet=&#8221;1px&#8221; link_text_shadow_horizontal_length=&#8221;link_text_shadow_style,%91object Object%93&#8243; link_text_shadow_horizontal_length_tablet=&#8221;0px&#8221; link_text_shadow_vertical_length=&#8221;link_text_shadow_style,%91object Object%93&#8243; link_text_shadow_vertical_length_tablet=&#8221;0px&#8221; link_text_shadow_blur_strength=&#8221;link_text_shadow_style,%91object Object%93&#8243; link_text_shadow_blur_strength_tablet=&#8221;1px&#8221; ul_text_shadow_horizontal_length=&#8221;ul_text_shadow_style,%91object Object%93&#8243; ul_text_shadow_horizontal_length_tablet=&#8221;0px&#8221; ul_text_shadow_vertical_length=&#8221;ul_text_shadow_style,%91object Object%93&#8243; ul_text_shadow_vertical_length_tablet=&#8221;0px&#8221; ul_text_shadow_blur_strength=&#8221;ul_text_shadow_style,%91object Object%93&#8243; ul_text_shadow_blur_strength_tablet=&#8221;1px&#8221; ol_text_shadow_horizontal_length=&#8221;ol_text_shadow_style,%91object Object%93&#8243; ol_text_shadow_horizontal_length_tablet=&#8221;0px&#8221; ol_text_shadow_vertical_length=&#8221;ol_text_shadow_style,%91object Object%93&#8243; ol_text_shadow_vertical_length_tablet=&#8221;0px&#8221; ol_text_shadow_blur_strength=&#8221;ol_text_shadow_style,%91object Object%93&#8243; ol_text_shadow_blur_strength_tablet=&#8221;1px&#8221; quote_text_shadow_horizontal_length=&#8221;quote_text_shadow_style,%91object Object%93&#8243; quote_text_shadow_horizontal_length_tablet=&#8221;0px&#8221; quote_text_shadow_vertical_length=&#8221;quote_text_shadow_style,%91object Object%93&#8243; quote_text_shadow_vertical_length_tablet=&#8221;0px&#8221; quote_text_shadow_blur_strength=&#8221;quote_text_shadow_style,%91object Object%93&#8243; quote_text_shadow_blur_strength_tablet=&#8221;1px&#8221; header_text_shadow_horizontal_length=&#8221;header_text_shadow_style,%91object Object%93&#8243; header_text_shadow_horizontal_length_tablet=&#8221;0px&#8221; header_text_shadow_vertical_length=&#8221;header_text_shadow_style,%91object Object%93&#8243; header_text_shadow_vertical_length_tablet=&#8221;0px&#8221; header_text_shadow_blur_strength=&#8221;header_text_shadow_style,%91object Object%93&#8243; header_text_shadow_blur_strength_tablet=&#8221;1px&#8221; header_2_text_shadow_horizontal_length=&#8221;header_2_text_shadow_style,%91object Object%93&#8243; header_2_text_shadow_horizontal_length_tablet=&#8221;0px&#8221; header_2_text_shadow_vertical_length=&#8221;header_2_text_shadow_style,%91object Object%93&#8243; header_2_text_shadow_vertical_length_tablet=&#8221;0px&#8221; header_2_text_shadow_blur_strength=&#8221;header_2_text_shadow_style,%91object Object%93&#8243; header_2_text_shadow_blur_strength_tablet=&#8221;1px&#8221; header_3_text_shadow_horizontal_length=&#8221;header_3_text_shadow_style,%91object Object%93&#8243; header_3_text_shadow_horizontal_length_tablet=&#8221;0px&#8221; header_3_text_shadow_vertical_length=&#8221;header_3_text_shadow_style,%91object Object%93&#8243; header_3_text_shadow_vertical_length_tablet=&#8221;0px&#8221; header_3_text_shadow_blur_strength=&#8221;header_3_text_shadow_style,%91object Object%93&#8243; header_3_text_shadow_blur_strength_tablet=&#8221;1px&#8221; header_4_text_shadow_horizontal_length=&#8221;header_4_text_shadow_style,%91object Object%93&#8243; header_4_text_shadow_horizontal_length_tablet=&#8221;0px&#8221; header_4_text_shadow_vertical_length=&#8221;header_4_text_shadow_style,%91object Object%93&#8243; header_4_text_shadow_vertical_length_tablet=&#8221;0px&#8221; header_4_text_shadow_blur_strength=&#8221;header_4_text_shadow_style,%91object Object%93&#8243; header_4_text_shadow_blur_strength_tablet=&#8221;1px&#8221; header_5_text_shadow_horizontal_length=&#8221;header_5_text_shadow_style,%91object Object%93&#8243; header_5_text_shadow_horizontal_length_tablet=&#8221;0px&#8221; header_5_text_shadow_vertical_length=&#8221;header_5_text_shadow_style,%91object Object%93&#8243; header_5_text_shadow_vertical_length_tablet=&#8221;0px&#8221; header_5_text_shadow_blur_strength=&#8221;header_5_text_shadow_style,%91object Object%93&#8243; header_5_text_shadow_blur_strength_tablet=&#8221;1px&#8221; header_6_text_shadow_horizontal_length=&#8221;header_6_text_shadow_style,%91object Object%93&#8243; header_6_text_shadow_horizontal_length_tablet=&#8221;0px&#8221; header_6_text_shadow_vertical_length=&#8221;header_6_text_shadow_style,%91object Object%93&#8243; header_6_text_shadow_vertical_length_tablet=&#8221;0px&#8221; header_6_text_shadow_blur_strength=&#8221;header_6_text_shadow_style,%91object Object%93&#8243; header_6_text_shadow_blur_strength_tablet=&#8221;1px&#8221; box_shadow_horizontal_tablet=&#8221;0px&#8221; box_shadow_vertical_tablet=&#8221;0px&#8221; box_shadow_blur_tablet=&#8221;40px&#8221; box_shadow_spread_tablet=&#8221;0px&#8221; z_index_tablet=&#8221;500&#8243;]<\/p>\n<p><strong>9 May 2020<\/strong><\/p>\n<p><img decoding=\"async\" loading=\"lazy\" class=\"alignleft wp-image-219954 size-medium\" src=\"https:\/\/www.fundacionyuste.org\/wp-content\/uploads\/2020\/05\/COMMITTEDTOEUROPE-300x166.jpg\" alt=\"\" width=\"300\" height=\"166\" srcset=\"https:\/\/www.fundacionyuste.org\/wp-content\/uploads\/2020\/05\/COMMITTEDTOEUROPE-300x166.jpg 300w, https:\/\/www.fundacionyuste.org\/wp-content\/uploads\/2020\/05\/COMMITTEDTOEUROPE-1024x567.jpg 1024w, https:\/\/www.fundacionyuste.org\/wp-content\/uploads\/2020\/05\/COMMITTEDTOEUROPE-768x425.jpg 768w, https:\/\/www.fundacionyuste.org\/wp-content\/uploads\/2020\/05\/COMMITTEDTOEUROPE-1536x850.jpg 1536w, https:\/\/www.fundacionyuste.org\/wp-content\/uploads\/2020\/05\/COMMITTEDTOEUROPE-1080x598.jpg 1080w, https:\/\/www.fundacionyuste.org\/wp-content\/uploads\/2020\/05\/COMMITTEDTOEUROPE-1320x731.jpg 1320w, https:\/\/www.fundacionyuste.org\/wp-content\/uploads\/2020\/05\/COMMITTEDTOEUROPE.jpg 1770w\" sizes=\"(max-width: 300px) 100vw, 300px\" \/><\/p>\n<p align=\"justify\">On the occasion of the celebration of Europe Day on 9 May, the European and Ibero-American Academy of Yuste Foundation will publish several videos reflecting what Europe is, the role it plays in our lives, and what we expect from it in the future. The message will be disseminated through the Foundation\u2019s social media, its website and other channels.<\/p>\n<p align=\"justify\">The project involves the creation of a video-montage under the slogan COMMITTED TO EUROPE, where diverse people from representative sectors of society, who will briefly explain what the European Union has meant personally or professionally in their lives and what they expect from it in the future, will participate.<\/p>\n<p align=\"justify\">\u00a0<\/p>\n<p><strong>Carlos V European Award<\/strong><\/p>\n<p><a href=\"https:\/\/www.youtube.com\/watch?v=cFCR2PS-e4k\" data-rel=\"lightbox-video-0\"><img decoding=\"async\" loading=\"lazy\" class=\"alignleft wp-image-220196\" src=\"https:\/\/www.fundacionyuste.org\/wp-content\/uploads\/2020\/05\/DSC_8624.jpg\" alt=\"\" width=\"274\" height=\"183\" srcset=\"https:\/\/www.fundacionyuste.org\/wp-content\/uploads\/2020\/05\/DSC_8624.jpg 2121w, https:\/\/www.fundacionyuste.org\/wp-content\/uploads\/2020\/05\/DSC_8624-300x200.jpg 300w, https:\/\/www.fundacionyuste.org\/wp-content\/uploads\/2020\/05\/DSC_8624-1024x683.jpg 1024w, https:\/\/www.fundacionyuste.org\/wp-content\/uploads\/2020\/05\/DSC_8624-768x512.jpg 768w, https:\/\/www.fundacionyuste.org\/wp-content\/uploads\/2020\/05\/DSC_8624-391x260.jpg 391w, https:\/\/www.fundacionyuste.org\/wp-content\/uploads\/2020\/05\/DSC_8624-1536x1024.jpg 1536w, https:\/\/www.fundacionyuste.org\/wp-content\/uploads\/2020\/05\/DSC_8624-2048x1365.jpg 2048w, https:\/\/www.fundacionyuste.org\/wp-content\/uploads\/2020\/05\/DSC_8624-1080x720.jpg 1080w, https:\/\/www.fundacionyuste.org\/wp-content\/uploads\/2020\/05\/DSC_8624-1320x880.jpg 1320w\" sizes=\"(max-width: 274px) 100vw, 274px\" \/><\/a><\/p>\n<p>This award honours people, organisations, projects or initiatives that have contributed to the general knowledge and the enhancement of Europe\u2019s cultural and historical values or to the European Union\u2019s process of integration.<\/p>\n<p>\u00a0<\/p>\n<p>\u00a0<\/p>\n<p>\u00a0<\/p>\n<p>\u00a0<\/p>\n<p>\u00a0<\/p>\n<hr \/>\n<p><strong>Message from the President of the Regional Government of Extremadura on the occasion of Europe Day<\/strong><\/p>\n<p><a href=\"https:\/\/www.youtube.com\/watch?v=9NymaEyB6-c\" data-rel=\"lightbox-video-1\"><img decoding=\"async\" loading=\"lazy\" class=\"alignleft wp-image-220162 size-medium\" src=\"https:\/\/www.fundacionyuste.org\/wp-content\/uploads\/2020\/05\/videopresidentediadeeuropa-300x169.jpg\" sizes=\"(max-width: 300px) 100vw, 300px\" srcset=\"https:\/\/www.fundacionyuste.org\/wp-content\/uploads\/2020\/05\/videopresidentediadeeuropa-300x169.jpg 300w, https:\/\/www.fundacionyuste.org\/wp-content\/uploads\/2020\/05\/videopresidentediadeeuropa-1024x576.jpg 1024w, https:\/\/www.fundacionyuste.org\/wp-content\/uploads\/2020\/05\/videopresidentediadeeuropa-768x432.jpg 768w, https:\/\/www.fundacionyuste.org\/wp-content\/uploads\/2020\/05\/videopresidentediadeeuropa-1536x864.jpg 1536w, https:\/\/www.fundacionyuste.org\/wp-content\/uploads\/2020\/05\/videopresidentediadeeuropa-1080x608.jpg 1080w, https:\/\/www.fundacionyuste.org\/wp-content\/uploads\/2020\/05\/videopresidentediadeeuropa-1320x743.jpg 1320w, https:\/\/www.fundacionyuste.org\/wp-content\/uploads\/2020\/05\/videopresidentediadeeuropa.jpg 1920w\" alt=\"\" width=\"300\" height=\"169\" \/><\/a><\/p>\n<p>Guillermo Fern\u00e1ndez Vara<\/p>\n<p>\u00a0<\/p>\n<p>\u00a0<\/p>\n<p>\u00a0<\/p>\n<p>\u00a0<\/p>\n<p>\u00a0<\/p>\n<hr \/>\n<p><strong>Message from the Ibero-American Secretary General, Rebeca Grynspan, on the occasion of Europe Day<\/strong><\/p>\n<p><a href=\"https:\/\/www.youtube.com\/watch?v=G7jBRmc7BM0\" data-rel=\"lightbox-video-2\"><img decoding=\"async\" loading=\"lazy\" class=\"alignleft wp-image-220172\" src=\"https:\/\/www.fundacionyuste.org\/wp-content\/uploads\/2020\/05\/rebecadiaeuropa.png\" sizes=\"(max-width: 274px) 100vw, 274px\" srcset=\"https:\/\/www.fundacionyuste.org\/wp-content\/uploads\/2020\/05\/rebecadiaeuropa.png 1920w, https:\/\/www.fundacionyuste.org\/wp-content\/uploads\/2020\/05\/rebecadiaeuropa-300x169.png 300w, https:\/\/www.fundacionyuste.org\/wp-content\/uploads\/2020\/05\/rebecadiaeuropa-1024x576.png 1024w, https:\/\/www.fundacionyuste.org\/wp-content\/uploads\/2020\/05\/rebecadiaeuropa-768x432.png 768w, https:\/\/www.fundacionyuste.org\/wp-content\/uploads\/2020\/05\/rebecadiaeuropa-1536x864.png 1536w, https:\/\/www.fundacionyuste.org\/wp-content\/uploads\/2020\/05\/rebecadiaeuropa-1080x608.png 1080w, https:\/\/www.fundacionyuste.org\/wp-content\/uploads\/2020\/05\/rebecadiaeuropa-1320x743.png 1320w\" alt=\"\" width=\"274\" height=\"154\" \/><\/a><\/p>\n<p>Rebeca Grynspan Mayufis<\/p>\n<p>\u00a0<\/p>\n<p>\u00a0<\/p>\n<p>\u00a0<\/p>\n<p>\u00a0<\/p>\n<p>\u00a0<\/p>\n<hr \/>\n<p><strong>Promotional Video<\/strong><\/p>\n<p><a href=\"https:\/\/www.youtube.com\/watch?v=yUv__xw25iU\" data-rel=\"lightbox-video-3\"><img decoding=\"async\" loading=\"lazy\" class=\"alignleft wp-image-219975 \" src=\"https:\/\/www.fundacionyuste.org\/wp-content\/uploads\/2020\/05\/Copia-de-COMPROMETIDOS-Promocional-300x169.jpg\" sizes=\"(max-width: 274px) 100vw, 274px\" srcset=\"https:\/\/www.fundacionyuste.org\/wp-content\/uploads\/2020\/05\/Copia-de-COMPROMETIDOS-Promocional-300x169.jpg 300w, https:\/\/www.fundacionyuste.org\/wp-content\/uploads\/2020\/05\/Copia-de-COMPROMETIDOS-Promocional-1024x576.jpg 1024w, https:\/\/www.fundacionyuste.org\/wp-content\/uploads\/2020\/05\/Copia-de-COMPROMETIDOS-Promocional-768x432.jpg 768w, https:\/\/www.fundacionyuste.org\/wp-content\/uploads\/2020\/05\/Copia-de-COMPROMETIDOS-Promocional-1536x864.jpg 1536w, https:\/\/www.fundacionyuste.org\/wp-content\/uploads\/2020\/05\/Copia-de-COMPROMETIDOS-Promocional-1080x608.jpg 1080w, https:\/\/www.fundacionyuste.org\/wp-content\/uploads\/2020\/05\/Copia-de-COMPROMETIDOS-Promocional-1320x743.jpg 1320w, https:\/\/www.fundacionyuste.org\/wp-content\/uploads\/2020\/05\/Copia-de-COMPROMETIDOS-Promocional.jpg 1920w\" alt=\"\" width=\"274\" height=\"154\" \/><\/a><\/p>\n<p>Josep Borrell Fontelles, Guillermo Fern\u00e1ndez Vara, Irene G\u00f3mez, Javier Solana de Madariaga, Beatriz Gonz\u00e1lez Su\u00e1rez, Javier Nadal Ari\u00f1o, Arancha Gonz\u00e1lez Laya, Maria Pia di Nonno, Sof\u00eda Corradi, Jos\u00e9 Mar\u00eda Gil Robles, Juan Carlos Rodr\u00edguez Ibarra, Marzenna Adamczyk, Ram\u00f3n J\u00e1uregui Atondo, Rebeca Grynspan, Antonio Hidalgo Garc\u00eda, Teresa Freixes Sanju\u00e1n, Jaume Duch Guillot, Ana Maria Principe Oliveira Faria, Carmen Romero Mar\u00ed, Enrique Bar\u00f3n Crespo, Sofia Juan Esteve, Felipe Gonz\u00e1lez M\u00e1rquez, Esteban Gonz\u00e1lez Pons, Delia M\u00aa Manzanero Fern\u00e1ndez.<\/p>\n<p>\u00a0<\/p>\n<hr \/>\n<p align=\"justify\"><strong>Messages from His Majesty the King and Honorary President of Yuste Foundation about Europe<\/strong><\/p>\n<p><a href=\"https:\/\/www.youtube.com\/watch?v=FFXLVSI6nyM\" data-rel=\"lightbox-video-4\"><img decoding=\"async\" loading=\"lazy\" class=\"alignleft wp-image-220010\" src=\"https:\/\/www.fundacionyuste.org\/wp-content\/uploads\/2020\/05\/reyvideoeuropa3.jpg\" sizes=\"(max-width: 274px) 100vw, 274px\" srcset=\"https:\/\/www.fundacionyuste.org\/wp-content\/uploads\/2020\/05\/reyvideoeuropa3.jpg 1024w, https:\/\/www.fundacionyuste.org\/wp-content\/uploads\/2020\/05\/reyvideoeuropa3-300x169.jpg 300w, https:\/\/www.fundacionyuste.org\/wp-content\/uploads\/2020\/05\/reyvideoeuropa3-768x432.jpg 768w\" alt=\"\" width=\"274\" height=\"154\" \/><\/a><\/p>\n<p align=\"justify\">The European and Ibero-American Academy of Yuste Foundation commemorates Europe Day, which is celebrated every 9 May, through a compilation of videos and online actions grouped under the title \u201cCommitted to Europe\u201d.<\/p>\n<p align=\"justify\">\u00a0<\/p>\n<p align=\"justify\">\u00a0<\/p>\n<p align=\"justify\">\u00a0<\/p>\n<p align=\"justify\">\u00a0<\/p>\n<hr \/>\n<p align=\"justify\"><strong>Committed to Europe #1<\/strong><\/p>\n<p align=\"justify\"><a href=\"https:\/\/www.youtube.com\/watch?v=zQKCgaxicDY\" data-rel=\"lightbox-video-5\"><img decoding=\"async\" loading=\"lazy\" class=\"alignleft wp-image-220019\" src=\"https:\/\/www.fundacionyuste.org\/wp-content\/uploads\/2020\/05\/bloque1caras.jpg\" alt=\"\" width=\"274\" height=\"154\" srcset=\"https:\/\/www.fundacionyuste.org\/wp-content\/uploads\/2020\/05\/bloque1caras.jpg 1600w, https:\/\/www.fundacionyuste.org\/wp-content\/uploads\/2020\/05\/bloque1caras-300x169.jpg 300w, https:\/\/www.fundacionyuste.org\/wp-content\/uploads\/2020\/05\/bloque1caras-1024x576.jpg 1024w, https:\/\/www.fundacionyuste.org\/wp-content\/uploads\/2020\/05\/bloque1caras-768x432.jpg 768w, https:\/\/www.fundacionyuste.org\/wp-content\/uploads\/2020\/05\/bloque1caras-1536x864.jpg 1536w, https:\/\/www.fundacionyuste.org\/wp-content\/uploads\/2020\/05\/bloque1caras-1080x608.jpg 1080w, https:\/\/www.fundacionyuste.org\/wp-content\/uploads\/2020\/05\/bloque1caras-1320x743.jpg 1320w\" sizes=\"(max-width: 274px) 100vw, 274px\" \/><\/a>Arancha Gonz\u00e1lez Laya &#8211; Marcelino Oreja Aguirre &#8211; Bettina Steible \u2013 \u00c1lvaro Rosado &#8211; Francisco de Jes\u00fas Valverde Luengo &#8211; Javier Nadal Ari\u00f1o &#8211; Blanca Mart\u00edn Delgado &#8211; Guillermo Fern\u00e1ndez Vara \u2013 Laura Vega &#8211; Alfonso Pinilla Garc\u00eda &#8211; Mar\u00eda Encarnaci\u00f3n Chac\u00f3n Belmonte &#8211; Alejandro Cercas Alonso &#8211; Ana Maria Principe Oliveira Faria &#8211; Antonio Ventura Diaz D\u00edaz \u2013 Carla Mu\u00f1oz Parr\u00f3n &#8211; Enrique Bar\u00f3n Crespo &#8211; Kathrin Deventer &#8211; Felipe S\u00e1nchez Barba \u2013 Irene G\u00f3mez &#8211; Esteban Gonz\u00e1lez Pons &#8211; Josep Borrell Fontelles &#8211; Delia M\u00aa Manzanero Fern\u00e1ndez &#8211; Jon\u00e1s Fern\u00e1ndez \u00c1lvarez<\/p>\n<p align=\"justify\">\u00a0<\/p>\n<hr \/>\n<p align=\"justify\"><strong>Committed to Europe #2<\/strong><\/p>\n<p align=\"justify\"><a href=\"https:\/\/www.youtube.com\/watch?v=ULs9uCVSuEU\" data-rel=\"lightbox-video-6\"><img decoding=\"async\" loading=\"lazy\" class=\"alignleft wp-image-220038\" src=\"https:\/\/www.fundacionyuste.org\/wp-content\/uploads\/2020\/05\/Bloque2parte1.jpg\" sizes=\"(max-width: 274px) 100vw, 274px\" srcset=\"https:\/\/www.fundacionyuste.org\/wp-content\/uploads\/2020\/05\/Bloque2parte1.jpg 1920w, https:\/\/www.fundacionyuste.org\/wp-content\/uploads\/2020\/05\/Bloque2parte1-300x169.jpg 300w, https:\/\/www.fundacionyuste.org\/wp-content\/uploads\/2020\/05\/Bloque2parte1-1024x576.jpg 1024w, https:\/\/www.fundacionyuste.org\/wp-content\/uploads\/2020\/05\/Bloque2parte1-768x432.jpg 768w, https:\/\/www.fundacionyuste.org\/wp-content\/uploads\/2020\/05\/Bloque2parte1-1536x864.jpg 1536w, https:\/\/www.fundacionyuste.org\/wp-content\/uploads\/2020\/05\/Bloque2parte1-1080x608.jpg 1080w, https:\/\/www.fundacionyuste.org\/wp-content\/uploads\/2020\/05\/Bloque2parte1-1320x743.jpg 1320w\" alt=\"\" width=\"274\" height=\"154\" \/><\/a>Rosa Balas Torres, Sofia Corradi, Enrique Hern\u00e1ndez D\u00edez, Marzenna Adamczyk, Ignacio S\u00e1nchez Amor, Ainara Vivas Rubio, Jos\u00e9 Mar\u00eda Hern\u00e1ndez Garc\u00eda, Enrique Moradiellos Garc\u00eda.<\/p>\n<p align=\"justify\">\u00a0<\/p>\n<p align=\"justify\">\u00a0<\/p>\n<p align=\"justify\">\u00a0<\/p>\n<p align=\"justify\">\u00a0<\/p>\n<hr \/>\n<p align=\"justify\"><strong>Committed to Europe #3<\/strong><\/p>\n<p align=\"justify\"><a href=\"https:\/\/www.youtube.com\/watch?v=JhmcQdzBUnQ&amp;t=0s\" data-rel=\"lightbox-video-7\"><img decoding=\"async\" loading=\"lazy\" class=\"alignleft wp-image-220049\" src=\"https:\/\/www.fundacionyuste.org\/wp-content\/uploads\/2020\/05\/Caritas3.jpg\" sizes=\"(max-width: 274px) 100vw, 274px\" srcset=\"https:\/\/www.fundacionyuste.org\/wp-content\/uploads\/2020\/05\/Caritas3.jpg 1920w, https:\/\/www.fundacionyuste.org\/wp-content\/uploads\/2020\/05\/Caritas3-300x169.jpg 300w, https:\/\/www.fundacionyuste.org\/wp-content\/uploads\/2020\/05\/Caritas3-1024x576.jpg 1024w, https:\/\/www.fundacionyuste.org\/wp-content\/uploads\/2020\/05\/Caritas3-768x432.jpg 768w, https:\/\/www.fundacionyuste.org\/wp-content\/uploads\/2020\/05\/Caritas3-1536x864.jpg 1536w, https:\/\/www.fundacionyuste.org\/wp-content\/uploads\/2020\/05\/Caritas3-1080x608.jpg 1080w, https:\/\/www.fundacionyuste.org\/wp-content\/uploads\/2020\/05\/Caritas3-1320x743.jpg 1320w\" alt=\"\" width=\"274\" height=\"154\" \/><\/a>Carmen Romero Mar\u00ed, Alberto Rocamora Garc\u00eda, Francisco Fonseca Morillo, Laura Medina, Philippe Laurette, Juan Antonio Manzano P\u00e9rez, Manuela Mendon\u00e7a, Diego Guti\u00e9rrez Correas, Fr\u00e9d\u00e9ric Mertens de Wilmars, Beatriz Gonz\u00e1lez Su\u00e1rez, Antonio Hidalgo Garc\u00eda, Nicolas Bertrand, Ana Bel\u00e9n Valls M\u00fa\u00f1oz, C\u00e1stor D\u00edaz Barrado, Nele Hertling<\/p>\n<p align=\"justify\">\u00a0<\/p>\n<p align=\"justify\">\u00a0<\/p>\n<p align=\"justify\">\u00a0<\/p>\n<hr \/>\n<p align=\"justify\"><strong>Comprometidos con Europa #4<\/strong><\/p>\n<p align=\"justify\"><a href=\"https:\/\/www.youtube.com\/watch?v=KbGTKnnSt_o\" data-rel=\"lightbox-video-8\"><img decoding=\"async\" loading=\"lazy\" class=\" wp-image-220154 alignleft\" src=\"https:\/\/www.fundacionyuste.org\/wp-content\/uploads\/2020\/05\/Caras-bloqeu-3-parte-1-300x169.jpg\" sizes=\"(max-width: 276px) 100vw, 276px\" srcset=\"https:\/\/www.fundacionyuste.org\/wp-content\/uploads\/2020\/05\/Caras-bloqeu-3-parte-1-300x169.jpg 300w, https:\/\/www.fundacionyuste.org\/wp-content\/uploads\/2020\/05\/Caras-bloqeu-3-parte-1-1024x576.jpg 1024w, https:\/\/www.fundacionyuste.org\/wp-content\/uploads\/2020\/05\/Caras-bloqeu-3-parte-1-768x432.jpg 768w, https:\/\/www.fundacionyuste.org\/wp-content\/uploads\/2020\/05\/Caras-bloqeu-3-parte-1-1536x864.jpg 1536w, https:\/\/www.fundacionyuste.org\/wp-content\/uploads\/2020\/05\/Caras-bloqeu-3-parte-1-1080x608.jpg 1080w, https:\/\/www.fundacionyuste.org\/wp-content\/uploads\/2020\/05\/Caras-bloqeu-3-parte-1-1320x743.jpg 1320w, https:\/\/www.fundacionyuste.org\/wp-content\/uploads\/2020\/05\/Caras-bloqeu-3-parte-1.jpg 1920w\" alt=\"\" width=\"276\" height=\"156\" \/><\/a>Rebeca Grynspan, Jos\u00e9 Mar\u00eda Gil-Robles, Olga Tostado Calvo, Ricardo Rivero Ortega, Gabriel Moreno Gonz\u00e1lez, Maite Pagazaurtund\u00faa, Gonzalo S\u00e1nchez Rodr\u00edguez, Jairo Marcos P\u00e9rez, Rosario Cordero Mart\u00edn, Cecilio J. Venegas Fito, Beatrijs Van Craenenbroeck, Miguel \u00c1ngel Gallardo, Teresa Rainha, Jos\u00e9 M\u00aa Cruz Rodr\u00edguez<\/p>\n<p align=\"justify\">\u00a0<\/p>\n<p align=\"justify\">\u00a0<\/p>\n<p align=\"justify\">\u00a0<\/p>\n<hr \/>\n<p align=\"justify\"><strong>Committed to Europe #5<\/strong><\/p>\n<p align=\"justify\"><a href=\"https:\/\/www.youtube.com\/watch?v=GrUhQK9rLKc\" data-rel=\"lightbox-video-9\"><img decoding=\"async\" loading=\"lazy\" class=\"alignleft wp-image-220077\" src=\"https:\/\/www.fundacionyuste.org\/wp-content\/uploads\/2020\/05\/Caritas-bloque-3-parte-2.jpg\" sizes=\"(max-width: 274px) 100vw, 274px\" srcset=\"https:\/\/www.fundacionyuste.org\/wp-content\/uploads\/2020\/05\/Caritas-bloque-3-parte-2.jpg 1920w, https:\/\/www.fundacionyuste.org\/wp-content\/uploads\/2020\/05\/Caritas-bloque-3-parte-2-300x169.jpg 300w, https:\/\/www.fundacionyuste.org\/wp-content\/uploads\/2020\/05\/Caritas-bloque-3-parte-2-1024x576.jpg 1024w, https:\/\/www.fundacionyuste.org\/wp-content\/uploads\/2020\/05\/Caritas-bloque-3-parte-2-768x432.jpg 768w, https:\/\/www.fundacionyuste.org\/wp-content\/uploads\/2020\/05\/Caritas-bloque-3-parte-2-1536x864.jpg 1536w, https:\/\/www.fundacionyuste.org\/wp-content\/uploads\/2020\/05\/Caritas-bloque-3-parte-2-1080x608.jpg 1080w, https:\/\/www.fundacionyuste.org\/wp-content\/uploads\/2020\/05\/Caritas-bloque-3-parte-2-1320x743.jpg 1320w\" alt=\"\" width=\"274\" height=\"154\" \/><\/a>Juan Carlos Rodr\u00edguez Ibarra, Patricia N\u00fa\u00f1ez Cort\u00e9s, Elsa Triguero Fern\u00e1ndez, Stefano Dominioni, Matteo Laruffa, M\u00aa Eugenia Rodr\u00edguez Palop, Daniel Lavado Bellido, Manuela Mesa Peinado, Benito Rom\u00e1n Rosa, F\u00e1tima Dom\u00ednguez Espinilla, Mar\u00eda Salvadora Ortiz, Jes\u00fas Baigorri Jal\u00f3n<\/p>\n<p align=\"justify\">\u00a0<\/p>\n<p align=\"justify\">\u00a0<\/p>\n<p align=\"justify\">\u00a0<\/p>\n<hr \/>\n<p align=\"justify\"><strong>Committed to Europe #6<\/strong><\/p>\n<p align=\"justify\"><a href=\"https:\/\/www.youtube.com\/watch?v=WYq-iDN_lzo\" data-rel=\"lightbox-video-10\"><img decoding=\"async\" loading=\"lazy\" class=\"alignleft wp-image-220087\" src=\"https:\/\/www.fundacionyuste.org\/wp-content\/uploads\/2020\/05\/Bloque-4parte1.jpg\" sizes=\"(max-width: 274px) 100vw, 274px\" srcset=\"https:\/\/www.fundacionyuste.org\/wp-content\/uploads\/2020\/05\/Bloque-4parte1.jpg 1920w, https:\/\/www.fundacionyuste.org\/wp-content\/uploads\/2020\/05\/Bloque-4parte1-300x169.jpg 300w, https:\/\/www.fundacionyuste.org\/wp-content\/uploads\/2020\/05\/Bloque-4parte1-1024x576.jpg 1024w, https:\/\/www.fundacionyuste.org\/wp-content\/uploads\/2020\/05\/Bloque-4parte1-768x432.jpg 768w, https:\/\/www.fundacionyuste.org\/wp-content\/uploads\/2020\/05\/Bloque-4parte1-1536x864.jpg 1536w, https:\/\/www.fundacionyuste.org\/wp-content\/uploads\/2020\/05\/Bloque-4parte1-1080x608.jpg 1080w, https:\/\/www.fundacionyuste.org\/wp-content\/uploads\/2020\/05\/Bloque-4parte1-1320x743.jpg 1320w\" alt=\"\" width=\"274\" height=\"154\" \/><\/a>Javier Solana Madariaga, Clara Rivero Medina, Francisco Jos\u00e9 Dacoba Cervi\u00f1o, Pilar S\u00e1nchez Rodr\u00edguez,Lorena Chano Rega\u00f1a, Cayetano Polo Naharro, Polly Ruth Polak, Mario Pedro D\u00edaz Barrado, Javier L\u00f3pez Fern\u00e1ndez, Rosa Tomasone, Mayte Anais Dongo Sueiro, Christian Ghymers<\/p>\n<p align=\"justify\">\u00a0<\/p>\n<p align=\"justify\">\u00a0<\/p>\n<p align=\"justify\">\u00a0<\/p>\n<hr \/>\n<p align=\"justify\"><strong>Comprometidos con Europa #7<\/strong><\/p>\n<p align=\"justify\"><a href=\"https:\/\/www.youtube.com\/watch?v=8pXj2Sl8ZlU\" data-rel=\"lightbox-video-11\"><img decoding=\"async\" loading=\"lazy\" class=\"alignleft wp-image-220123\" src=\"https:\/\/www.fundacionyuste.org\/wp-content\/uploads\/2020\/05\/Bloque4parte2.jpg\" sizes=\"(max-width: 274px) 100vw, 274px\" srcset=\"https:\/\/www.fundacionyuste.org\/wp-content\/uploads\/2020\/05\/Bloque4parte2.jpg 1920w, https:\/\/www.fundacionyuste.org\/wp-content\/uploads\/2020\/05\/Bloque4parte2-300x169.jpg 300w, https:\/\/www.fundacionyuste.org\/wp-content\/uploads\/2020\/05\/Bloque4parte2-1024x576.jpg 1024w, https:\/\/www.fundacionyuste.org\/wp-content\/uploads\/2020\/05\/Bloque4parte2-768x432.jpg 768w, https:\/\/www.fundacionyuste.org\/wp-content\/uploads\/2020\/05\/Bloque4parte2-1536x864.jpg 1536w, https:\/\/www.fundacionyuste.org\/wp-content\/uploads\/2020\/05\/Bloque4parte2-1080x608.jpg 1080w, https:\/\/www.fundacionyuste.org\/wp-content\/uploads\/2020\/05\/Bloque4parte2-1320x743.jpg 1320w\" alt=\"\" width=\"274\" height=\"154\" \/><\/a>Ram\u00f3n J\u00e1uregui Atondo, Susana del R\u00edo Villar, David Jim\u00e9nez S\u00e1nchez, Paola Amadei, C\u00e9sar Chaparro G\u00f3mez, Maria Pia di Nonno, Marta Rodr\u00edguez Gonz\u00e1lez, Manuel N\u00fa\u00f1ez Cort\u00e9s, Teresa Jim\u00e9nez Becerril, Nieves Moreno Horrillo, Javier Peinado, Maria Do Ceu, Juan Jos\u00e9 Salado S\u00e1nchez<\/p>\n<p align=\"justify\">\u00a0<\/p>\n<p align=\"justify\">\u00a0<\/p>\n<p align=\"justify\">\u00a0<\/p>\n<hr \/>\n<p align=\"justify\"><strong>Comprometidos con Europa #8<\/strong><\/p>\n<p align=\"justify\"><a href=\"https:\/\/www.youtube.com\/watch?v=jtynCEkX6P4\" data-rel=\"lightbox-video-12\"><img decoding=\"async\" loading=\"lazy\" class=\"alignleft wp-image-220134\" src=\"https:\/\/www.fundacionyuste.org\/wp-content\/uploads\/2020\/05\/Bloque5parte1.jpg\" sizes=\"(max-width: 274px) 100vw, 274px\" srcset=\"https:\/\/www.fundacionyuste.org\/wp-content\/uploads\/2020\/05\/Bloque5parte1.jpg 1920w, https:\/\/www.fundacionyuste.org\/wp-content\/uploads\/2020\/05\/Bloque5parte1-300x169.jpg 300w, https:\/\/www.fundacionyuste.org\/wp-content\/uploads\/2020\/05\/Bloque5parte1-1024x576.jpg 1024w, https:\/\/www.fundacionyuste.org\/wp-content\/uploads\/2020\/05\/Bloque5parte1-768x432.jpg 768w, https:\/\/www.fundacionyuste.org\/wp-content\/uploads\/2020\/05\/Bloque5parte1-1536x864.jpg 1536w, https:\/\/www.fundacionyuste.org\/wp-content\/uploads\/2020\/05\/Bloque5parte1-1080x608.jpg 1080w, https:\/\/www.fundacionyuste.org\/wp-content\/uploads\/2020\/05\/Bloque5parte1-1320x743.jpg 1320w\" alt=\"\" width=\"274\" height=\"154\" \/><\/a>Felipe Gonz\u00e1lez M\u00e1rquez, Rosa M\u00aa Mart\u00ednez De Codes, Mart\u00edn Guillermo Ram\u00edrez, Raquel Mar\u00edn Chamorro, Juan Ignacio Zoido \u00c1lvarez, Candela Lozano \u00c1lvarez, Enrique Mart\u00edn Bernardi, Sof\u00eda Juan Esteve, Mahir Namur, Henrique Sim Sim, Steve Austen, Diego Leal Pobre, Valentino Cerrone, V\u00edctor Guerrero Cabanillas, Lara Garlito Batalla, Francisco Miguel S\u00e1nchez Margallo<\/p>\n<p align=\"justify\">\u00a0<\/p>\n<p align=\"justify\">\u00a0<\/p>\n<p align=\"justify\">\u00a0<\/p>\n<hr \/>\n<p align=\"justify\"><strong>Comprometidos con Europa #9<\/strong><\/p>\n<p align=\"justify\"><a href=\"https:\/\/www.youtube.com\/watch?v=3jhT96SA9Jo\" data-rel=\"lightbox-video-13\"><img decoding=\"async\" loading=\"lazy\" class=\"alignleft wp-image-220143\" src=\"https:\/\/www.fundacionyuste.org\/wp-content\/uploads\/2020\/05\/Bloque5parte2.jpg\" sizes=\"(max-width: 274px) 100vw, 274px\" srcset=\"https:\/\/www.fundacionyuste.org\/wp-content\/uploads\/2020\/05\/Bloque5parte2.jpg 1920w, https:\/\/www.fundacionyuste.org\/wp-content\/uploads\/2020\/05\/Bloque5parte2-300x169.jpg 300w, https:\/\/www.fundacionyuste.org\/wp-content\/uploads\/2020\/05\/Bloque5parte2-1024x576.jpg 1024w, https:\/\/www.fundacionyuste.org\/wp-content\/uploads\/2020\/05\/Bloque5parte2-768x432.jpg 768w, https:\/\/www.fundacionyuste.org\/wp-content\/uploads\/2020\/05\/Bloque5parte2-1536x864.jpg 1536w, https:\/\/www.fundacionyuste.org\/wp-content\/uploads\/2020\/05\/Bloque5parte2-1080x608.jpg 1080w, https:\/\/www.fundacionyuste.org\/wp-content\/uploads\/2020\/05\/Bloque5parte2-1320x743.jpg 1320w\" alt=\"\" width=\"274\" height=\"154\" \/><\/a>Pilar Blanco-Morales Limones, Fray Guillermo Cerrato, Teresa Freixes Sanjuan, Jos\u00e9 Antonio Monago Terraza, Jaume Duch Guillot, Mar\u00eda Teresa Su\u00e1rez Vega, Jos\u00e9 Antonio Sanahuja Perales, Lorenzo Ramos Silva, Maurice Braud, Beatriz Gonz\u00e1lez Ardila, Pablo Hurtado Pardo, Pilar del Castillo Vera, Mar\u00eda Andr\u00e9s Mar\u00edn, Paula Chato Hidalgo, Ana Milo\u0161evi\u0107, Federico Mayor Zaragoza<\/p>\n<p align=\"justify\">\u00a0<\/p>\n<p align=\"justify\">\u00a0<\/p>\n<p align=\"justify\">\u00a0<\/p>\n<hr \/>\n<p align=\"justify\"><strong>Comprometidos con Europa #10<\/strong><\/p>\n<p align=\"justify\"><a href=\"https:\/\/www.youtube.com\/watch?v=tExIKQUE0Mo\" data-rel=\"lightbox-video-14\"><img decoding=\"async\" loading=\"lazy\" class=\"alignleft wp-image-220219\" src=\"https:\/\/www.fundacionyuste.org\/wp-content\/uploads\/2020\/05\/Yuste-COMPROMETIDOS.jpg\" sizes=\"(max-width: 274px) 100vw, 274px\" srcset=\"https:\/\/www.fundacionyuste.org\/wp-content\/uploads\/2020\/05\/Yuste-COMPROMETIDOS.jpg 1920w, https:\/\/www.fundacionyuste.org\/wp-content\/uploads\/2020\/05\/Yuste-COMPROMETIDOS-300x169.jpg 300w, https:\/\/www.fundacionyuste.org\/wp-content\/uploads\/2020\/05\/Yuste-COMPROMETIDOS-1024x576.jpg 1024w, https:\/\/www.fundacionyuste.org\/wp-content\/uploads\/2020\/05\/Yuste-COMPROMETIDOS-768x432.jpg 768w, https:\/\/www.fundacionyuste.org\/wp-content\/uploads\/2020\/05\/Yuste-COMPROMETIDOS-1536x864.jpg 1536w, https:\/\/www.fundacionyuste.org\/wp-content\/uploads\/2020\/05\/Yuste-COMPROMETIDOS-1080x608.jpg 1080w, https:\/\/www.fundacionyuste.org\/wp-content\/uploads\/2020\/05\/Yuste-COMPROMETIDOS-1320x743.jpg 1320w\" alt=\"\" width=\"274\" height=\"154\" \/><\/a>Nuria Verdiguier Cer\u00f3n, Esperanza Rayo Fern\u00e1ndez, Rafael Gonz\u00e1lez Mart\u00ednez de Tejada, Jos\u00e9 Luis Forte Zarcero, Guadalupe L\u00f3pez Tena, Ver\u00f3nica Guill\u00e9n Melo, Miguel \u00c1ngel Mart\u00edn Ramos, Beatriz Cartas G\u00f3mez, Juan Carlos Salas Olgado, Mar\u00eda Jes\u00fas Pascual Gonz\u00e1lez, Mar\u00eda Dolores Lucio Carrasco, Mar\u00eda Jos\u00e9 Muriel Santurino, Fernando Iglesias Garc\u00eda, Purificaci\u00f3n D\u00edaz Bl\u00e1zquez, Mar\u00eda Bardaj\u00ed G\u00e1lvez, Francisca Merino Fuentes, Juan Carlos Moreno Pi\u00f1ero<\/p>\n<p align=\"justify\">\u00a0<\/p>\n<p align=\"justify\">\u00a0<\/p>\n<p>[\/et_pb_text][et_pb_tabs admin_label=&#8221;CONTENIDO EN PESTA\u00d1AS &#8221; active_tab_background_color=&#8221;#368e00&#8243; inactive_tab_background_color=&#8221;#e09900&#8243; _builder_version=&#8221;3.27.4&#8243; tab_font=&#8221;Muli|600||on|||||&#8221; custom_margin=&#8221;||40px|&#8221; body_text_shadow_horizontal_length=&#8221;body_text_shadow_style,%91object Object%93&#8243; body_text_shadow_horizontal_length_tablet=&#8221;0px&#8221; body_text_shadow_vertical_length=&#8221;body_text_shadow_style,%91object Object%93&#8243; body_text_shadow_vertical_length_tablet=&#8221;0px&#8221; body_text_shadow_blur_strength=&#8221;body_text_shadow_style,%91object Object%93&#8243; body_text_shadow_blur_strength_tablet=&#8221;1px&#8221; body_link_text_shadow_horizontal_length=&#8221;body_link_text_shadow_style,%91object Object%93&#8243; body_link_text_shadow_horizontal_length_tablet=&#8221;0px&#8221; body_link_text_shadow_vertical_length=&#8221;body_link_text_shadow_style,%91object Object%93&#8243; body_link_text_shadow_vertical_length_tablet=&#8221;0px&#8221; body_link_text_shadow_blur_strength=&#8221;body_link_text_shadow_style,%91object Object%93&#8243; body_link_text_shadow_blur_strength_tablet=&#8221;1px&#8221; body_ul_text_shadow_horizontal_length=&#8221;body_ul_text_shadow_style,%91object Object%93&#8243; body_ul_text_shadow_horizontal_length_tablet=&#8221;0px&#8221; body_ul_text_shadow_vertical_length=&#8221;body_ul_text_shadow_style,%91object Object%93&#8243; body_ul_text_shadow_vertical_length_tablet=&#8221;0px&#8221; body_ul_text_shadow_blur_strength=&#8221;body_ul_text_shadow_style,%91object Object%93&#8243; body_ul_text_shadow_blur_strength_tablet=&#8221;1px&#8221; body_ol_text_shadow_horizontal_length=&#8221;body_ol_text_shadow_style,%91object Object%93&#8243; body_ol_text_shadow_horizontal_length_tablet=&#8221;0px&#8221; body_ol_text_shadow_vertical_length=&#8221;body_ol_text_shadow_style,%91object Object%93&#8243; body_ol_text_shadow_vertical_length_tablet=&#8221;0px&#8221; body_ol_text_shadow_blur_strength=&#8221;body_ol_text_shadow_style,%91object Object%93&#8243; body_ol_text_shadow_blur_strength_tablet=&#8221;1px&#8221; body_quote_text_shadow_horizontal_length=&#8221;body_quote_text_shadow_style,%91object Object%93&#8243; body_quote_text_shadow_horizontal_length_tablet=&#8221;0px&#8221; body_quote_text_shadow_vertical_length=&#8221;body_quote_text_shadow_style,%91object Object%93&#8243; body_quote_text_shadow_vertical_length_tablet=&#8221;0px&#8221; body_quote_text_shadow_blur_strength=&#8221;body_quote_text_shadow_style,%91object Object%93&#8243; body_quote_text_shadow_blur_strength_tablet=&#8221;1px&#8221; tab_text_shadow_horizontal_length=&#8221;tab_text_shadow_style,%91object Object%93&#8243; tab_text_shadow_horizontal_length_tablet=&#8221;0px&#8221; tab_text_shadow_vertical_length=&#8221;tab_text_shadow_style,%91object Object%93&#8243; tab_text_shadow_vertical_length_tablet=&#8221;0px&#8221; tab_text_shadow_blur_strength=&#8221;tab_text_shadow_style,%91object Object%93&#8243; tab_text_shadow_blur_strength_tablet=&#8221;1px&#8221; box_shadow_horizontal_tablet=&#8221;0px&#8221; box_shadow_vertical_tablet=&#8221;0px&#8221; box_shadow_blur_tablet=&#8221;40px&#8221; box_shadow_spread_tablet=&#8221;0px&#8221; z_index_tablet=&#8221;500&#8243;][et_pb_tab title=&#8221;News&#8221; _builder_version=&#8221;3.27.4&#8243; tab_font=&#8221;||||||||&#8221; use_background_color_gradient=&#8221;off&#8221; background_color_gradient_start=&#8221;#2b87da&#8221; background_color_gradient_end=&#8221;#29c4a9&#8243; background_color_gradient_type=&#8221;linear&#8221; background_color_gradient_direction=&#8221;180deg&#8221; background_color_gradient_direction_radial=&#8221;center&#8221; background_color_gradient_start_position=&#8221;0%&#8221; background_color_gradient_end_position=&#8221;100%&#8221; parallax=&#8221;off&#8221; parallax_method=&#8221;on&#8221; background_size=&#8221;cover&#8221; background_position=&#8221;center&#8221; background_repeat=&#8221;no-repeat&#8221; background_blend=&#8221;normal&#8221; allow_player_pause=&#8221;off&#8221; tab_text_shadow_style=&#8221;none&#8221; body_text_shadow_style=&#8221;none&#8221; title_tablet=&#8221;Noticias&#8221; title_phone=&#8221;Noticias&#8221; link_option_url_new_window=&#8221;off&#8221; background_color_gradient_direction_tablet=&#8221;180deg&#8221; background_color_gradient_direction_phone=&#8221;180deg&#8221; background_color_gradient_start_position_tablet=&#8221;0%&#8221; background_color_gradient_start_position_phone=&#8221;0%&#8221; background_color_gradient_end_position_tablet=&#8221;100%&#8221; background_color_gradient_end_position_phone=&#8221;100%&#8221; background_color_gradient_overlays_image=&#8221;off&#8221; background_video_pause_outside_viewport=&#8221;on&#8221; body_text_shadow_horizontal_length=&#8221;0em&#8221; body_text_shadow_horizontal_length_tablet=&#8221;0em&#8221; body_text_shadow_horizontal_length_phone=&#8221;0em&#8221; body_text_shadow_vertical_length=&#8221;0em&#8221; body_text_shadow_vertical_length_tablet=&#8221;0em&#8221; body_text_shadow_vertical_length_phone=&#8221;0em&#8221; body_text_shadow_blur_strength=&#8221;0em&#8221; body_text_shadow_blur_strength_tablet=&#8221;0em&#8221; body_text_shadow_blur_strength_phone=&#8221;0em&#8221; body_link_text_shadow_style=&#8221;none&#8221; body_link_text_shadow_horizontal_length=&#8221;body_link_text_shadow_style,%91object Object%93&#8243; body_link_text_shadow_horizontal_length_tablet=&#8221;0px&#8221; body_link_text_shadow_horizontal_length_phone=&#8221;0px&#8221; body_link_text_shadow_vertical_length=&#8221;body_link_text_shadow_style,%91object Object%93&#8243; body_link_text_shadow_vertical_length_tablet=&#8221;0px&#8221; body_link_text_shadow_vertical_length_phone=&#8221;0px&#8221; body_link_text_shadow_blur_strength=&#8221;body_link_text_shadow_style,%91object Object%93&#8243; body_link_text_shadow_blur_strength_tablet=&#8221;1px&#8221; body_link_text_shadow_blur_strength_phone=&#8221;1px&#8221; body_ul_text_shadow_style=&#8221;none&#8221; body_ul_text_shadow_horizontal_length=&#8221;body_ul_text_shadow_style,%91object Object%93&#8243; body_ul_text_shadow_horizontal_length_tablet=&#8221;0px&#8221; body_ul_text_shadow_horizontal_length_phone=&#8221;0px&#8221; body_ul_text_shadow_vertical_length=&#8221;body_ul_text_shadow_style,%91object Object%93&#8243; body_ul_text_shadow_vertical_length_tablet=&#8221;0px&#8221; body_ul_text_shadow_vertical_length_phone=&#8221;0px&#8221; body_ul_text_shadow_blur_strength=&#8221;body_ul_text_shadow_style,%91object Object%93&#8243; body_ul_text_shadow_blur_strength_tablet=&#8221;1px&#8221; body_ul_text_shadow_blur_strength_phone=&#8221;1px&#8221; body_ol_text_shadow_style=&#8221;none&#8221; body_ol_text_shadow_horizontal_length=&#8221;body_ol_text_shadow_style,%91object Object%93&#8243; body_ol_text_shadow_horizontal_length_tablet=&#8221;0px&#8221; body_ol_text_shadow_horizontal_length_phone=&#8221;0px&#8221; body_ol_text_shadow_vertical_length=&#8221;body_ol_text_shadow_style,%91object Object%93&#8243; body_ol_text_shadow_vertical_length_tablet=&#8221;0px&#8221; body_ol_text_shadow_vertical_length_phone=&#8221;0px&#8221; body_ol_text_shadow_blur_strength=&#8221;body_ol_text_shadow_style,%91object Object%93&#8243; body_ol_text_shadow_blur_strength_tablet=&#8221;1px&#8221; body_ol_text_shadow_blur_strength_phone=&#8221;1px&#8221; body_quote_text_shadow_style=&#8221;none&#8221; body_quote_text_shadow_horizontal_length=&#8221;body_quote_text_shadow_style,%91object Object%93&#8243; body_quote_text_shadow_horizontal_length_tablet=&#8221;0px&#8221; body_quote_text_shadow_horizontal_length_phone=&#8221;0px&#8221; body_quote_text_shadow_vertical_length=&#8221;body_quote_text_shadow_style,%91object Object%93&#8243; body_quote_text_shadow_vertical_length_tablet=&#8221;0px&#8221; body_quote_text_shadow_vertical_length_phone=&#8221;0px&#8221; body_quote_text_shadow_blur_strength=&#8221;body_quote_text_shadow_style,%91object Object%93&#8243; body_quote_text_shadow_blur_strength_tablet=&#8221;1px&#8221; body_quote_text_shadow_blur_strength_phone=&#8221;1px&#8221; tab_text_shadow_horizontal_length=&#8221;0em&#8221; tab_text_shadow_horizontal_length_tablet=&#8221;0em&#8221; tab_text_shadow_horizontal_length_phone=&#8221;0em&#8221; tab_text_shadow_vertical_length=&#8221;0em&#8221; tab_text_shadow_vertical_length_tablet=&#8221;0em&#8221; tab_text_shadow_vertical_length_phone=&#8221;0em&#8221; tab_text_shadow_blur_strength=&#8221;0em&#8221; tab_text_shadow_blur_strength_tablet=&#8221;0em&#8221; tab_text_shadow_blur_strength_phone=&#8221;0em&#8221; hover_transition_duration=&#8221;300ms&#8221; hover_transition_duration_tablet=&#8221;300ms&#8221; hover_transition_duration_phone=&#8221;300ms&#8221; hover_transition_delay=&#8221;0ms&#8221; hover_transition_delay_tablet=&#8221;0ms&#8221; hover_transition_delay_phone=&#8221;0ms&#8221; hover_transition_speed_curve=&#8221;ease&#8221;]<\/p>\n<blockquote class=\"wp-embedded-content\" data-secret=\"7h1y7S7ANA\"><p><a href=\"https:\/\/www.fundacionyuste.org\/en\/european-renaissance-we-go-back-to-yuste\/\">European Renaissance. We Go Back to Yuste<\/a><\/p><\/blockquote>\n<p><iframe title=\"&#8220;European Renaissance. We Go Back to Yuste&#8221; &#8212; FUNDACI\u00d3N YUSTE\" class=\"wp-embedded-content\" sandbox=\"allow-scripts\" security=\"restricted\" style=\"position: absolute; clip: rect(1px, 1px, 1px, 1px);\" src=\"https:\/\/www.fundacionyuste.org\/en\/european-renaissance-we-go-back-to-yuste\/embed\/#?secret=7h1y7S7ANA\" data-secret=\"7h1y7S7ANA\" width=\"600\" height=\"338\" frameborder=\"0\" marginwidth=\"0\" marginheight=\"0\" scrolling=\"no\"><\/iframe><\/p>\n<blockquote class=\"wp-embedded-content\" data-secret=\"3WMCgS9kXn\"><p><a href=\"https:\/\/www.fundacionyuste.org\/en\/yuste-foundation-celebrates-europe-day-sending-a-message-of-union-in-the-face-of-adversity\/\">Yuste Foundation Celebrates Europe Day Sending a Message of Union in the Face of Adversity<\/a><\/p><\/blockquote>\n<p><iframe title=\"&#8220;Yuste Foundation Celebrates Europe Day Sending a Message of Union in the Face of Adversity&#8221; &#8212; FUNDACI\u00d3N YUSTE\" class=\"wp-embedded-content\" sandbox=\"allow-scripts\" security=\"restricted\" style=\"position: absolute; clip: rect(1px, 1px, 1px, 1px);\" src=\"https:\/\/www.fundacionyuste.org\/en\/yuste-foundation-celebrates-europe-day-sending-a-message-of-union-in-the-face-of-adversity\/embed\/#?secret=3WMCgS9kXn\" data-secret=\"3WMCgS9kXn\" width=\"600\" height=\"338\" frameborder=\"0\" marginwidth=\"0\" marginheight=\"0\" scrolling=\"no\"><\/iframe><\/p>\n<p>&nbsp;<\/p>\n<p>&nbsp;<\/p>\n<p>&nbsp;<\/p>\n<p>&nbsp;<\/p>\n<p>&nbsp;<\/p>\n<p>[\/et_pb_tab][\/et_pb_tabs][\/et_pb_column][\/et_pb_row][\/et_pb_section]<\/p>\n","protected":false},"excerpt":{"rendered":"<p>9 May 2020<\/p>\n","protected":false},"author":2,"featured_media":219954,"parent":0,"menu_order":0,"comment_status":"closed","ping_status":"closed","template":"","meta":{"_et_pb_use_builder":"on","_et_pb_old_content":"","_et_gb_content_width":"","_links_to":"","_links_to_target":""},"_links":{"self":[{"href":"https:\/\/www.fundacionyuste.org\/en\/wp-json\/wp\/v2\/pages\/219963"}],"collection":[{"href":"https:\/\/www.fundacionyuste.org\/en\/wp-json\/wp\/v2\/pages"}],"about":[{"href":"https:\/\/www.fundacionyuste.org\/en\/wp-json\/wp\/v2\/types\/page"}],"author":[{"embeddable":true,"href":"https:\/\/www.fundacionyuste.org\/en\/wp-json\/wp\/v2\/users\/2"}],"replies":[{"embeddable":true,"href":"https:\/\/www.fundacionyuste.org\/en\/wp-json\/wp\/v2\/comments?post=219963"}],"version-history":[{"count":0,"href":"https:\/\/www.fundacionyuste.org\/en\/wp-json\/wp\/v2\/pages\/219963\/revisions"}],"wp:featuredmedia":[{"embeddable":true,"href":"https:\/\/www.fundacionyuste.org\/en\/wp-json\/wp\/v2\/media\/219954"}],"wp:attachment":[{"href":"https:\/\/www.fundacionyuste.org\/en\/wp-json\/wp\/v2\/media?parent=219963"}],"curies":[{"name":"wp","href":"https:\/\/api.w.org\/{rel}","templated":true}]}}