{"id":2919,"date":"2014-09-27T19:18:40","date_gmt":"2014-09-27T19:18:40","guid":{"rendered":"https:\/\/www.fundacionyuste.org:8008\/?post_type=project&#038;p=2919"},"modified":"2020-12-29T10:01:21","modified_gmt":"2020-12-29T10:01:21","slug":"umberto-eco","status":"publish","type":"project","link":"https:\/\/www.fundacionyuste.org\/en\/project\/umberto-eco\/","title":{"rendered":"Umberto Eco"},"content":{"rendered":"<p>[et_pb_section bb_built=&#8221;1&#8243; _builder_version=&#8221;3.0.85&#8243; inner_width=&#8221;auto&#8221; inner_max_width=&#8221;none&#8221; next_background_color=&#8221;#000000&#8243;][et_pb_row custom_padding=&#8221;19.4px|0px|9px|0px&#8221; _builder_version=&#8221;3.0.47&#8243; background_size=&#8221;initial&#8221; background_position=&#8221;top_left&#8221; background_repeat=&#8221;repeat&#8221; width=&#8221;90%&#8221; max_width=&#8221;1080px&#8221;][et_pb_column type=&#8221;1_4&#8243; custom_padding__hover=&#8221;|||&#8221; custom_padding=&#8221;|||&#8221;][et_pb_text admin_label=&#8221;TITULO SECCI\u00d3N&#8221; _builder_version=&#8221;3.27.4&#8243; text_font=&#8221;Muli|600|||||||&#8221; text_font_size=&#8221;33px&#8221; text_text_color=&#8221;#7cda24&#8243; text_text_shadow_style=&#8221;preset3&#8243; text_text_shadow_color=&#8221;rgba(0,0,0,0.28)&#8221; header_font_size=&#8221;31px&#8221; header_text_shadow_style=&#8221;preset3&#8243; text_orientation=&#8221;right&#8221; module_alignment=&#8221;right&#8221; custom_padding=&#8221;|6px||&#8221; link_text_shadow_horizontal_length=&#8221;link_text_shadow_style,%91object Object%93&#8243; link_text_shadow_horizontal_length_tablet=&#8221;0px&#8221; link_text_shadow_vertical_length=&#8221;link_text_shadow_style,%91object Object%93&#8243; link_text_shadow_vertical_length_tablet=&#8221;0px&#8221; link_text_shadow_blur_strength=&#8221;link_text_shadow_style,%91object Object%93&#8243; link_text_shadow_blur_strength_tablet=&#8221;1px&#8221; ul_text_shadow_horizontal_length=&#8221;ul_text_shadow_style,%91object Object%93&#8243; ul_text_shadow_horizontal_length_tablet=&#8221;0px&#8221; ul_text_shadow_vertical_length=&#8221;ul_text_shadow_style,%91object Object%93&#8243; ul_text_shadow_vertical_length_tablet=&#8221;0px&#8221; ul_text_shadow_blur_strength=&#8221;ul_text_shadow_style,%91object Object%93&#8243; ul_text_shadow_blur_strength_tablet=&#8221;1px&#8221; ol_text_shadow_horizontal_length=&#8221;ol_text_shadow_style,%91object Object%93&#8243; ol_text_shadow_horizontal_length_tablet=&#8221;0px&#8221; ol_text_shadow_vertical_length=&#8221;ol_text_shadow_style,%91object Object%93&#8243; ol_text_shadow_vertical_length_tablet=&#8221;0px&#8221; ol_text_shadow_blur_strength=&#8221;ol_text_shadow_style,%91object Object%93&#8243; ol_text_shadow_blur_strength_tablet=&#8221;1px&#8221; quote_text_shadow_horizontal_length=&#8221;quote_text_shadow_style,%91object Object%93&#8243; quote_text_shadow_horizontal_length_tablet=&#8221;0px&#8221; quote_text_shadow_vertical_length=&#8221;quote_text_shadow_style,%91object Object%93&#8243; quote_text_shadow_vertical_length_tablet=&#8221;0px&#8221; quote_text_shadow_blur_strength=&#8221;quote_text_shadow_style,%91object Object%93&#8243; quote_text_shadow_blur_strength_tablet=&#8221;1px&#8221; header_2_text_shadow_horizontal_length=&#8221;header_2_text_shadow_style,%91object Object%93&#8243; header_2_text_shadow_horizontal_length_tablet=&#8221;0px&#8221; header_2_text_shadow_vertical_length=&#8221;header_2_text_shadow_style,%91object Object%93&#8243; header_2_text_shadow_vertical_length_tablet=&#8221;0px&#8221; header_2_text_shadow_blur_strength=&#8221;header_2_text_shadow_style,%91object Object%93&#8243; header_2_text_shadow_blur_strength_tablet=&#8221;1px&#8221; header_3_text_shadow_horizontal_length=&#8221;header_3_text_shadow_style,%91object Object%93&#8243; header_3_text_shadow_horizontal_length_tablet=&#8221;0px&#8221; header_3_text_shadow_vertical_length=&#8221;header_3_text_shadow_style,%91object Object%93&#8243; header_3_text_shadow_vertical_length_tablet=&#8221;0px&#8221; header_3_text_shadow_blur_strength=&#8221;header_3_text_shadow_style,%91object Object%93&#8243; header_3_text_shadow_blur_strength_tablet=&#8221;1px&#8221; header_4_text_shadow_horizontal_length=&#8221;header_4_text_shadow_style,%91object Object%93&#8243; header_4_text_shadow_horizontal_length_tablet=&#8221;0px&#8221; header_4_text_shadow_vertical_length=&#8221;header_4_text_shadow_style,%91object Object%93&#8243; header_4_text_shadow_vertical_length_tablet=&#8221;0px&#8221; header_4_text_shadow_blur_strength=&#8221;header_4_text_shadow_style,%91object Object%93&#8243; header_4_text_shadow_blur_strength_tablet=&#8221;1px&#8221; header_5_text_shadow_horizontal_length=&#8221;header_5_text_shadow_style,%91object Object%93&#8243; header_5_text_shadow_horizontal_length_tablet=&#8221;0px&#8221; header_5_text_shadow_vertical_length=&#8221;header_5_text_shadow_style,%91object Object%93&#8243; header_5_text_shadow_vertical_length_tablet=&#8221;0px&#8221; header_5_text_shadow_blur_strength=&#8221;header_5_text_shadow_style,%91object Object%93&#8243; header_5_text_shadow_blur_strength_tablet=&#8221;1px&#8221; header_6_text_shadow_horizontal_length=&#8221;header_6_text_shadow_style,%91object Object%93&#8243; header_6_text_shadow_horizontal_length_tablet=&#8221;0px&#8221; header_6_text_shadow_vertical_length=&#8221;header_6_text_shadow_style,%91object Object%93&#8243; header_6_text_shadow_vertical_length_tablet=&#8221;0px&#8221; header_6_text_shadow_blur_strength=&#8221;header_6_text_shadow_style,%91object Object%93&#8243; header_6_text_shadow_blur_strength_tablet=&#8221;1px&#8221; box_shadow_horizontal_tablet=&#8221;0px&#8221; box_shadow_vertical_tablet=&#8221;0px&#8221; box_shadow_blur_tablet=&#8221;40px&#8221; box_shadow_spread_tablet=&#8221;0px&#8221; z_index_tablet=&#8221;500&#8243;]<\/p>\n<h1>THE ACADEMY<\/h1>\n<p>[\/et_pb_text][\/et_pb_column][et_pb_column type=&#8221;3_4&#8243; custom_padding__hover=&#8221;|||&#8221; custom_padding=&#8221;|||&#8221;][et_pb_post_title admin_label=&#8221;T\u00cdTULO DE LA P\u00c1GINA (Autom\u00e1tico)&#8221; meta=&#8221;off&#8221; featured_image=&#8221;off&#8221; _builder_version=&#8221;3.0.85&#8243; title_level=&#8221;h2&#8243; title_font=&#8221;Muli|700||on|||||&#8221; title_font_size=&#8221;20px&#8221; custom_margin=&#8221;6px|||&#8221; \/][\/et_pb_column][\/et_pb_row][\/et_pb_section][et_pb_section bb_built=&#8221;1&#8243; specialty=&#8221;on&#8221; _builder_version=&#8221;3.0.85&#8243; custom_padding=&#8221;0px|0px|0px|0px&#8221; padding_top_1=&#8221;0px&#8221; padding_right_1=&#8221;0px&#8221; padding_bottom_1=&#8221;0px&#8221; padding_left_1=&#8221;0px&#8221; inner_width=&#8221;auto&#8221; inner_max_width=&#8221;none&#8221; prev_background_color=&#8221;#000000&#8243;][et_pb_column type=&#8221;1_4&#8243;][et_pb_sidebar admin_label=&#8221;MEN\u00da LATERAL&#8221; area=&#8221;et_pb_widget_area_3&#8243; _builder_version=&#8221;3.27.4&#8243; custom_padding=&#8221;0px|0px|0px|0px&#8221; custom_margin=&#8221;0px|0px|0px|0px&#8221; text_shadow_horizontal_length=&#8221;text_shadow_style,%91object Object%93&#8243; text_shadow_horizontal_length_tablet=&#8221;0px&#8221; text_shadow_vertical_length=&#8221;text_shadow_style,%91object Object%93&#8243; text_shadow_vertical_length_tablet=&#8221;0px&#8221; text_shadow_blur_strength=&#8221;text_shadow_style,%91object Object%93&#8243; text_shadow_blur_strength_tablet=&#8221;1px&#8221; header_text_shadow_horizontal_length=&#8221;header_text_shadow_style,%91object Object%93&#8243; header_text_shadow_horizontal_length_tablet=&#8221;0px&#8221; header_text_shadow_vertical_length=&#8221;header_text_shadow_style,%91object Object%93&#8243; header_text_shadow_vertical_length_tablet=&#8221;0px&#8221; header_text_shadow_blur_strength=&#8221;header_text_shadow_style,%91object Object%93&#8243; header_text_shadow_blur_strength_tablet=&#8221;1px&#8221; body_text_shadow_horizontal_length=&#8221;body_text_shadow_style,%91object Object%93&#8243; body_text_shadow_horizontal_length_tablet=&#8221;0px&#8221; body_text_shadow_vertical_length=&#8221;body_text_shadow_style,%91object Object%93&#8243; body_text_shadow_vertical_length_tablet=&#8221;0px&#8221; body_text_shadow_blur_strength=&#8221;body_text_shadow_style,%91object Object%93&#8243; body_text_shadow_blur_strength_tablet=&#8221;1px&#8221; box_shadow_horizontal_tablet=&#8221;0px&#8221; box_shadow_vertical_tablet=&#8221;0px&#8221; box_shadow_blur_tablet=&#8221;40px&#8221; box_shadow_spread_tablet=&#8221;0px&#8221; z_index_tablet=&#8221;500&#8243; \/][\/et_pb_column][et_pb_column type=&#8221;3_4&#8243; specialty_columns=&#8221;3&#8243;][et_pb_row_inner admin_label=&#8221;Fila&#8221; custom_padding=&#8221;0px|0px|44.0167px|0px&#8221; _builder_version=&#8221;3.0.85&#8243;][et_pb_column_inner type=&#8221;1_2&#8243; saved_specialty_column_type=&#8221;3_4&#8243; custom_padding__hover=&#8221;|||&#8221; custom_padding=&#8221;|||&#8221; saved_specialty_column_type=&#8221;3_4&#8243;][et_pb_image _builder_version=&#8221;3.0.85&#8243; show_in_lightbox=&#8221;off&#8221; url_new_window=&#8221;off&#8221; use_overlay=&#8221;off&#8221; always_center_on_mobile=&#8221;on&#8221; force_fullwidth=&#8221;off&#8221; show_bottom_space=&#8221;on&#8221; src=&#8221;https:\/\/www.fundacionyuste.org\/wp-content\/uploads\/2014\/09\/1998Eco3-1.jpg&#8221; align_last_edited=&#8221;on|desktop&#8221; align_tablet=&#8221;center&#8221; \/][\/et_pb_column_inner][et_pb_column_inner type=&#8221;1_2&#8243; saved_specialty_column_type=&#8221;3_4&#8243; custom_padding__hover=&#8221;|||&#8221; custom_padding=&#8221;|||&#8221; saved_specialty_column_type=&#8221;3_4&#8243;][et_pb_text _builder_version=&#8221;3.0.85&#8243; background_layout=&#8221;light&#8221; text_orientation=&#8221;left&#8221;]<\/p>\n<h4><strong>Plato Chair<\/strong><\/h4>\n<h2><strong>\u00a0<\/strong><\/h2>\n<p><strong>Date:<\/strong><br \/>\n5-01-1922 (Alessandria -Italy)<\/p>\n<p><strong>Nationality:<\/strong><br \/>\nItaly<\/p>\n<p><strong>Profession:<\/strong><br \/>\nSemiotician, essayist, philosopher, literary critic<\/p>\n<p><strong>Member since:<\/strong><\/p>\n<p>25\/6\/1998<\/p>\n<p>[\/et_pb_text][\/et_pb_column_inner][\/et_pb_row_inner][\/et_pb_column][\/et_pb_section]<\/p>\n","protected":false},"excerpt":{"rendered":"<p>THE ACADEMY Plato Chair \u00a0 Date: 5-01-1922 (Alessandria -Italy) Nationality: Italy Profession: Semiotician, essayist, philosopher, literary critic Member since: 25\/6\/1998<\/p>\n","protected":false},"author":1,"featured_media":2335,"comment_status":"open","ping_status":"closed","template":"","meta":{"_et_pb_use_builder":"on","_et_pb_old_content":"<p>[et_pb_section fullwidth=\"off\" specialty=\"off\" inner_shadow=\"off\" parallax=\"off\" parallax_method=\"css\"][et_pb_row][et_pb_column type=\"1_3\"][et_pb_sidebar admin_label=\"Sidebar\" orientation=\"left\" area=\"et_pb_widget_area_3\" background_layout=\"light\" \/][\/et_pb_column][et_pb_column type=\"1_3\"][et_pb_gallery admin_label=\"GALER\u00cdA ACADEMICO\" gallery_ids=\"2374\" fullwidth=\"on\" posts_number=\"4\" show_title_and_caption=\"on\" show_pagination=\"on\" background_layout=\"light\" \/][\/et_pb_column][et_pb_column type=\"1_3\"][et_pb_text admin_label=\"DESCRIPCI\u00d3N\" background_layout=\"light\" text_orientation=\"left\"]<\/p><h1>Umberto Eco<\/h1><h2><strong>\u00a0Sill\u00f3n Plat\u00f3n <\/strong><\/h2><p><strong>Toma de posesi\u00f3n: <\/strong><span class=\"textonormal\">25-06-1998<\/span><\/p><p><strong>Fecha y lugar de nacimiento:<\/strong><br \/> 5-01-1922 (Alessandria -Italia)<\/p><p><strong>Nacionalidad:<\/strong><br \/> Italiana<\/p><p><strong>Profesi\u00f3n:<\/strong><br \/> Escritor<\/p><p>\u00a0<\/p><p>\u00a0<\/p><p>[\/et_pb_text][\/et_pb_column][\/et_pb_row][et_pb_row][et_pb_column type=\"1_3\"][\/et_pb_column][et_pb_column type=\"2_3\"][et_pb_accordion admin_label=\"CONTENIDO DESPLEGABLE\"][et_pb_accordion_item title=\"BIOGRAF\u00cdA\"]<\/p><p class=\"a12r666\" align=\"justify\">Semi\u00f3tico y ensayista italiano, nacido en Alessandria el 5 de enero de 1932. Ha sido profesor en las universidades de Tur\u00edn, Mil\u00e1n, Florencia y Bolonia. Ha dictado conferencias y cursos en numerosas universidades europeas y americanas, dirigido revistas como VS-Quaderni de studi semiotici y presidido la International Association for Semiotic Studies.<\/p><p class=\"a12r666\" align=\"justify\">Inici\u00f3 sus estudios en la universidad de Tur\u00edn. Pero abandona sus estudios de leyes y en contra de los deseos paternos inicia sus estudios de filosof\u00eda medieval y literatura, escribiendo su tesis sobre Tomas de Aquino y obtiene su doctorado en filosof\u00eda en 1954. Despu\u00e9s de esto entr\u00f3 en el mundo del periodismo como Editor de Programas Culturales en Mil\u00e1n para la televisi\u00f3n italiana ,RAI, que le dio una oportunidad de primera mano para examinar la cultura a trav\u00e9s de los ojos de los medios de comunicaci\u00f3n. En 1956, publica su primer libro, que naturalmente es una extensi\u00f3n de su tesis: El problema est\u00e9tico en Santo Tom\u00e1s. Ese mismo a\u00f1o empez\u00f3 como catedr\u00e1tico en su universidad, en esta misma \u00e9poca empieza a construir una red de escritores, m\u00fasicos y pintores de vanguardia, muchos de los cuales todav\u00eda est\u00e1n asociados con \u00e9l.<\/p><p class=\"a12r666\" align=\"justify\">En 1959 publica su segundo libro y pierde su trabajo en la RAI. El libro, Sviluppo dell\u00b4estetico medievale, fue significativo no s\u00f3lo porque estableci\u00f3 a Eco como uno de los m\u00e1s importantes pensadores medievalistas, sino que adem\u00e1s finalmente convenci\u00f3 a su padre de que hab\u00eda tomado la opci\u00f3n universitaria correcta. Al mismo tiempo aumenta su demanda como conferenciante y profesor, y en 1959 se convierte en el editor senior de no ficci\u00f3n de la Casa Editrice Bompiani, cargo que desempe\u00f1a hasta 1975. En 1959 tambi\u00e9n inicia su trabajo en Il Verri, produciendo una columna semanal llamada Diario minimo. Una revista dedicada a las ideas de vanguardia y a la experimentaci\u00f3n ling\u00fc\u00edstica. Muchas de estas columnas se recoger\u00e1n en un libro Misreadings. Durante estos a\u00f1os Eco empieza a desarrollar seriamente sus ideas de texto \"abierto\" y de semi\u00f3tica, escribiendo muchos ensayos en estas materias, y en 1962 publica Opera aperta o Open Work.<\/p><p class=\"a12r666\" align=\"justify\">Los siguientes a\u00f1os ser\u00e1n de transici\u00f3n en su vida, aunque su posici\u00f3n como renombrado columnista parece asegurada, y sus escritos aparecen en una gran gama de publicaciones, incluida Il giorno, La Stampa, Corriere della Sera, La Repubblica, L\u00b4Espresso y Il Manifiesto. En 1964 Eco se traslada a Mil\u00e1n donde desarrolla su labor de conferenciante, pero un a\u00f1o m\u00e1s tarde es elegido profesor de Comunicaci\u00f3n Visual en Florencia. En 1966 se traslada a la Universidad Polit\u00e9cnica de Mil\u00e1n como profesor de Semi\u00f3tica, y ese mismo a\u00f1o publica otro libro: Le poetische di Joyce: dall \"summa\" al \"Finnegans .Wake\"<\/p><p class=\"a12r666\" align=\"justify\">En Mil\u00e1n empieza a organizar sus teor\u00edas de semi\u00f3tica, y en 1968 publica su primer texto gen\u00e9rico en esta materia: La struttura assente. Este libro, que fue posteriormente completamente revisado y retitulado A Theory of Semiotics en 1976, sienta las directrices de sus estudios desde su inter\u00e9s por la est\u00e9tica medieval transmutado en un inter\u00e9s m\u00e1s general en los valores culturales y la literatura como un todo.<\/p><p class=\"a12r666\" align=\"justify\">En 1971 es el primer profesor de semi\u00f3tica en la universidad m\u00e1s antigua de Europa: Bolonia. Aqu\u00ed, sus teor\u00edas se adquieren forma y durante los setenta publica varios libros de semi\u00f3tica. En 1974 Eco organiza el primer congreso de la Asociaci\u00f3n Internacional de Estudios de Semi\u00f3tica, y durante el acto de clausura resume el campo con la famosa afirmaci\u00f3n sobre semi\u00f3tica: \" una actitud cient\u00edfica, una manera cr\u00edtica de mirar los objetos de otras ciencias\". En 1979 Eco edita A Semiotic Landscape, una colecci\u00f3n de ensayos que tienen sus or\u00edgenes en esa conferencia.<\/p><p class=\"a12r666\" align=\"justify\">A finales de los 70, Eco hab\u00eda establecido una importante fama como semi\u00f3tico, pero nadie esperaba el giro radical que su carrera tendr\u00eda a finales de la d\u00e9cada con la publicaci\u00f3n de El nombre de la rosa. La novela se public\u00f3 en 1980 con un inmediato favor de la cr\u00edtica y del p\u00fablico: ahora el nombre de Umberto Eco se conoc\u00eda fuera del mundo universitario.<\/p><p class=\"a12r666\" align=\"justify\">Continu\u00f3 con su habitual trabajo acad\u00e9mico pero empez\u00f3 a cuestionarse que episodio de su vida podr\u00eda convertirse en novela. As\u00ed surge El P\u00e9ndulo de Foucault, publicada en 1988, y de nuevo un inmediato \u00e9xito que estableci\u00f3 a Eco en el ranking de los m\u00e1s importantes novelistas. Y aunque neg\u00f3 que tuviera planes para una tercera novela unos a\u00f1os m\u00e1s tarde apareci\u00f3 La Isla del d\u00eda antes, que desarrolla las ideas de Eco sobre escribir sobre la \"naturaleza pura\" sin una \"historia de conceptos\".<\/p><p class=\"a12r666\" align=\"justify\">En 1998 volvi\u00f3 al an\u00e1lisis del lenguaje con Tra menzogna e iron\u00eda (Entre mentira e iron\u00eda) cuatro ensayos publicados de forma aisladas y nacidos como pr\u00f3logos o conferencias, con un hilo conductor: todos estudian el uso de diversas \"estrategias de mentira, de travestismo, abusos del lenguaje e inversiones ir\u00f3nicas de estos abusos\", seg\u00fan sus propias palabras.<\/p><p class=\"a12r666\" align=\"justify\">En 2000 recibi\u00f3 el Premio Pr\u00edncipe de Asturias de Comunicaci\u00f3n y Humanidades, por \"su calidad \u00e9tica, su constante preocupaci\u00f3n por la interpretaci\u00f3n hist\u00f3rica y su atenci\u00f3n a las nuevas formas de la cultura\". Ese mismo a\u00f1o regres\u00f3 al g\u00e9nero narrativo con la publicaci\u00f3n de Baudolino, novela ambientada en la Edad Media donde la experiencia de un p\u00edcaro italiano, que ha vivido en la corte del emperador Federico, sirve de pretexto al autor para ofrecer una revisi\u00f3n de una de sus etapas favoritas de la Historia.<\/p><p class=\"a12r666\" align=\"justify\">En 2001 public\u00f3 su siguiente novela, Baudolino, ambientada en el Piamonte del siglo XII y en 2002 recibi\u00f3 el premio austr\u00edaco de Literatura Europea.<\/p><p>[\/et_pb_accordion_item][\/et_pb_accordion][\/et_pb_column][\/et_pb_row][\/et_pb_section]<\/p>","_et_gb_content_width":"","_links_to":"","_links_to_target":""},"project_category":[282],"_links":{"self":[{"href":"https:\/\/www.fundacionyuste.org\/en\/wp-json\/wp\/v2\/project\/2919"}],"collection":[{"href":"https:\/\/www.fundacionyuste.org\/en\/wp-json\/wp\/v2\/project"}],"about":[{"href":"https:\/\/www.fundacionyuste.org\/en\/wp-json\/wp\/v2\/types\/project"}],"author":[{"embeddable":true,"href":"https:\/\/www.fundacionyuste.org\/en\/wp-json\/wp\/v2\/users\/1"}],"replies":[{"embeddable":true,"href":"https:\/\/www.fundacionyuste.org\/en\/wp-json\/wp\/v2\/comments?post=2919"}],"version-history":[{"count":0,"href":"https:\/\/www.fundacionyuste.org\/en\/wp-json\/wp\/v2\/project\/2919\/revisions"}],"wp:featuredmedia":[{"embeddable":true,"href":"https:\/\/www.fundacionyuste.org\/en\/wp-json\/wp\/v2\/media\/2335"}],"wp:attachment":[{"href":"https:\/\/www.fundacionyuste.org\/en\/wp-json\/wp\/v2\/media?parent=2919"}],"wp:term":[{"taxonomy":"project_category","embeddable":true,"href":"https:\/\/www.fundacionyuste.org\/en\/wp-json\/wp\/v2\/project_category?post=2919"}],"curies":[{"name":"wp","href":"https:\/\/api.w.org\/{rel}","templated":true}]}}