{"id":2954,"date":"2014-09-27T11:00:53","date_gmt":"2014-09-27T11:00:53","guid":{"rendered":"https:\/\/www.fundacionyuste.org:8008\/?post_type=project&#038;p=2954"},"modified":"2020-02-11T13:54:12","modified_gmt":"2020-02-11T13:54:12","slug":"jose-manuel-durao-barroso","status":"publish","type":"project","link":"https:\/\/www.fundacionyuste.org\/en\/project\/jose-manuel-durao-barroso\/","title":{"rendered":"Jos\u00e9 Manuel Dur\u00e3o Barroso"},"content":{"rendered":"<p>[et_pb_section bb_built=&#8221;1&#8243; _builder_version=&#8221;3.0.85&#8243;][et_pb_row _builder_version=&#8221;3.0.47&#8243; background_size=&#8221;initial&#8221; background_position=&#8221;top_left&#8221; background_repeat=&#8221;repeat&#8221;][et_pb_column type=&#8221;1_4&#8243;][et_pb_text admin_label=&#8221;TITULO SECCI\u00d3N&#8221; _builder_version=&#8221;3.0.85&#8243; text_font=&#8221;Muli|600|||||||&#8221; text_font_size=&#8221;33px&#8221; text_text_color=&#8221;#7cda24&#8243; text_text_shadow_style=&#8221;preset3&#8243; text_text_shadow_color=&#8221;rgba(0,0,0,0.28)&#8221; header_font_size=&#8221;31px&#8221; header_text_shadow_style=&#8221;preset3&#8243; text_orientation=&#8221;right&#8221; custom_padding=&#8221;|20px||&#8221; module_alignment=&#8221;right&#8221;]<\/p>\n<h1>PREMIADOS<\/h1>\n<p>[\/et_pb_text][\/et_pb_column][et_pb_column type=&#8221;3_4&#8243;][et_pb_post_title admin_label=&#8221;T\u00cdTULO DE LA P\u00c1GINA (Autom\u00e1tico)&#8221; meta=&#8221;off&#8221; featured_image=&#8221;off&#8221; _builder_version=&#8221;3.0.85&#8243; title_level=&#8221;h2&#8243; title_font=&#8221;Muli|700||on|||||&#8221; title_font_size=&#8221;20px&#8221; custom_margin=&#8221;6px|||&#8221; title=&#8221;on&#8221; author=&#8221;on&#8221; date=&#8221;on&#8221; categories=&#8221;on&#8221; comments=&#8221;on&#8221; featured_placement=&#8221;below&#8221; text_color=&#8221;dark&#8221; text_background=&#8221;off&#8221; \/][\/et_pb_column][\/et_pb_row][et_pb_row _builder_version=&#8221;3.0.85&#8243; background_size=&#8221;initial&#8221; background_position=&#8221;top_left&#8221; background_repeat=&#8221;repeat&#8221;][et_pb_column type=&#8221;1_4&#8243;][et_pb_sidebar admin_label=&#8221;MEN\u00da LATERAL&#8221; area=&#8221;et_pb_widget_area_3&#8243; _builder_version=&#8221;3.0.85&#8243; \/][\/et_pb_column][et_pb_column type=&#8221;3_4&#8243;][et_pb_text admin_label=&#8221;CONTENIDO PREMIADO&#8221; _builder_version=&#8221;3.0.85&#8243; text_font=&#8221;Muli||||||||&#8221; header_font_size=&#8221;27px&#8221; header_2_font_size=&#8221;23px&#8221; header_3_font_size=&#8221;21px&#8221; header_4_font_size=&#8221;1px&#8221; header_5_font_size=&#8221;1px&#8221; background_size=&#8221;initial&#8221; background_position=&#8221;top_left&#8221; background_repeat=&#8221;repeat&#8221; module_alignment=&#8221;left&#8221; inline_fonts=&#8221;Muli&#8221; background_layout=&#8221;light&#8221;]<\/p>\n<h1><img decoding=\"async\" loading=\"lazy\" class=\"alignleft wp-image-2242 size-full\" src=\"https:\/\/www.fundacionyuste.org\/wp-content\/uploads\/2014\/09\/durao-mini.jpg\" alt=\"\" width=\"276\" height=\"276\" srcset=\"https:\/\/www.fundacionyuste.org\/wp-content\/uploads\/2014\/09\/durao-mini.jpg 276w, https:\/\/www.fundacionyuste.org\/wp-content\/uploads\/2014\/09\/durao-mini-150x150.jpg 150w\" sizes=\"(max-width: 276px) 100vw, 276px\" \/><span style=\"font-family: Muli; font-weight: normal; font-size: medium;\"><strong>Award 2014<\/strong><\/span><\/h1>\n<p align=\"justify\">The president of the European Commission, Jos\u00e9 Manuel Dur\u00e3o Barroso, received the Carlos V European Award 2014, given by the European Academy of Yuste Foundation, at a ceremony held on 16th January 2014 at the Royal Monastery of Yuste (Caceres, Extremadura), which was presided over by His Royal Highness, the Prince of Asturias. The Jury of the \u2018Charles V European Award\u2019 decided to reward Jos\u00e9 Manuel Dur\u00e3o Barroso (Lisbon, 23rd March, 1956), President of the European Commission, <em><strong>for his career, his commitment to the European unification policy, his work in the interest of citizen participation in the process of European integration, and his commitment to bringing Europe closer to its citizens, seeking always the common good above individual interests<\/strong><\/em>.<\/p>\n<p><strong>Country:<\/strong> Portugal<\/p>\n<p>[\/et_pb_text][et_pb_tabs admin_label=&#8221;CONTENIDO EN PESTA\u00d1AS&#8221; _builder_version=&#8221;3.0.85&#8243; tab_font=&#8221;Muli||||||||&#8221; body_font=&#8221;Muli||||||||&#8221; custom_margin=&#8221;10%|0px|30px|0px&#8221;] [et_pb_tab title=&#8221;CEREMONY&#8221; _builder_version=&#8221;3.0.85&#8243; tab_font=&#8221;||||||||&#8221; body_font=&#8221;Muli||||||||&#8221; use_background_color_gradient=&#8221;off&#8221; background_color_gradient_start=&#8221;#2b87da&#8221; background_color_gradient_end=&#8221;#29c4a9&#8243; background_color_gradient_type=&#8221;linear&#8221; background_color_gradient_direction=&#8221;180deg&#8221; background_color_gradient_direction_radial=&#8221;center&#8221; background_color_gradient_start_position=&#8221;0%&#8221; background_color_gradient_end_position=&#8221;100%&#8221; parallax=&#8221;off&#8221; parallax_method=&#8221;on&#8221; background_size=&#8221;cover&#8221; background_position=&#8221;center&#8221; background_repeat=&#8221;no-repeat&#8221; background_blend=&#8221;normal&#8221; allow_player_pause=&#8221;off&#8221; tab_text_shadow_style=&#8221;none&#8221; tab_text_shadow_color=&#8221;rgba(0,0,0,0.4)&#8221; body_text_shadow_style=&#8221;none&#8221; body_text_shadow_color=&#8221;rgba(0,0,0,0.4)&#8221;]<\/p>\n<p>The president of the European Commission, Jos\u00e9 Manuel Dur\u00e3o Barroso, received the Charles V European Award 2014 from His Royal Highness, The Prince of Asturias at a ceremony which took place on 16 January 2014 at the Royal Monastery of Yuste (Caceres, Extremadura), headquarters of the European Academy of Yuste Foundation, the institution which presents this European award.<\/p>\n<p>Numerous leading international figures attending, among these were the President of Spain, Mariano Rajoy who was charged with delivering a tribute to the recipient; the Prime Minister of the Republic of Portugal, Pedro Passos Coelho; the Minister of Foreign Affairs and Cooperation, Jos\u00e9 Manuel Garc\u00eda-Margallo, and the president of the Regional Government of Extremadura, Jos\u00e9 Antonio Monago Terraza.<\/p>\n<p>The jury decided to reward the work of Dur\u00e3o Barroso \u201cfor his track record, and his commitment within the sphere of European unification policy, his work in favour of citizen participation in the European integration process, and his commitment to bringing Europe closer to its citizens, always placing the general interests of the people above those of the individual\u201d. They also highlighted his support of a stronger Europe at an international level \u201cwhere not just economic, financial and political interests are taken into account, but also those that most concern the citizens and where culture plays an essential role in the process of European construction and the future of the old<br \/>\ncontinent\u201d. The jury, in addition, noted the recipient\u2019s commitment \u201cin representing European general interests during a turbulent period of economic, political and social crisis, pushing even more for the European Union to be considered the only real solution common to all in order to resolve the biggest challenges being faced with a strengthened model of citizen integration so that the European Union continues to be an example of peace, democracy and prosperity to the rest of the world\u201d.<\/p>\n<p>It is worth noting that almost 100 communications media professionals of different nationalities covered the Charles V European Award ceremony, in which Telef\u00f3nica and La Caixa participated as sponsors and Correos as partner. Millennium BCP, Vegenat, Organic and Caf\u00e9 Delta also collaborated in this event.<\/p>\n<p>[\/et_pb_tab][et_pb_tab _builder_version=&#8221;3.0.85&#8243; title=&#8221;PHOTO GALLERY&#8221; use_background_color_gradient=&#8221;off&#8221; background_color_gradient_start=&#8221;#2b87da&#8221; background_color_gradient_end=&#8221;#29c4a9&#8243; background_color_gradient_type=&#8221;linear&#8221; background_color_gradient_direction=&#8221;180deg&#8221; background_color_gradient_direction_radial=&#8221;center&#8221; background_color_gradient_start_position=&#8221;0%&#8221; background_color_gradient_end_position=&#8221;100%&#8221; parallax=&#8221;off&#8221; parallax_method=&#8221;on&#8221; background_size=&#8221;cover&#8221; background_position=&#8221;center&#8221; background_repeat=&#8221;no-repeat&#8221; background_blend=&#8221;normal&#8221; allow_player_pause=&#8221;off&#8221; tab_font=&#8221;||||||||&#8221; tab_text_shadow_style=&#8221;none&#8221; tab_text_shadow_color=&#8221;rgba(0,0,0,0.4)&#8221; body_font=&#8221;||||||||&#8221; body_text_shadow_style=&#8221;none&#8221; body_text_shadow_color=&#8221;rgba(0,0,0,0.4)&#8221;]<\/p>\n\n\t\t<style type=\"text\/css\">\n\t\t\t#gallery-1 {\n\t\t\t\tmargin: auto;\n\t\t\t}\n\t\t\t#gallery-1 .gallery-item {\n\t\t\t\tfloat: left;\n\t\t\t\tmargin-top: 10px;\n\t\t\t\ttext-align: center;\n\t\t\t\twidth: 25%;\n\t\t\t}\n\t\t\t#gallery-1 img {\n\t\t\t\tborder: 2px solid #cfcfcf;\n\t\t\t}\n\t\t\t#gallery-1 .gallery-caption {\n\t\t\t\tmargin-left: 0;\n\t\t\t}\n\t\t\t\/* see gallery_shortcode() in wp-includes\/media.php *\/\n\t\t<\/style>\n\t\t<div id='gallery-1' class='gallery galleryid-2954 gallery-columns-4 gallery-size-thumbnail'><dl class='gallery-item'>\n\t\t\t<dt class='gallery-icon landscape'>\n\t\t\t\t<a href='https:\/\/www.fundacionyuste.org\/wp-content\/uploads\/2014\/06\/JAM6309.jpg' title=\"\" data-rl_title=\"\" class=\"rl-gallery-link\" data-rl_caption=\"\" data-rel=\"lightbox-gallery-1\"><img width=\"150\" height=\"150\" src=\"https:\/\/www.fundacionyuste.org\/wp-content\/uploads\/2014\/06\/JAM6309-150x150.jpg\" class=\"attachment-thumbnail size-thumbnail\" alt=\"\" decoding=\"async\" loading=\"lazy\" \/><\/a>\n\t\t\t<\/dt><\/dl><dl class='gallery-item'>\n\t\t\t<dt class='gallery-icon landscape'>\n\t\t\t\t<a href='https:\/\/www.fundacionyuste.org\/wp-content\/uploads\/2014\/06\/L79A0800.jpg' title=\"\" data-rl_title=\"\" class=\"rl-gallery-link\" data-rl_caption=\"\" data-rel=\"lightbox-gallery-1\"><img width=\"150\" height=\"150\" src=\"https:\/\/www.fundacionyuste.org\/wp-content\/uploads\/2014\/06\/L79A0800-150x150.jpg\" class=\"attachment-thumbnail size-thumbnail\" alt=\"\" decoding=\"async\" loading=\"lazy\" \/><\/a>\n\t\t\t<\/dt><\/dl><dl class='gallery-item'>\n\t\t\t<dt class='gallery-icon landscape'>\n\t\t\t\t<a href='https:\/\/www.fundacionyuste.org\/wp-content\/uploads\/2014\/06\/L79A0727.jpg' title=\"\" data-rl_title=\"\" class=\"rl-gallery-link\" data-rl_caption=\"\" data-rel=\"lightbox-gallery-1\"><img width=\"150\" height=\"150\" src=\"https:\/\/www.fundacionyuste.org\/wp-content\/uploads\/2014\/06\/L79A0727-150x150.jpg\" class=\"attachment-thumbnail size-thumbnail\" alt=\"\" decoding=\"async\" loading=\"lazy\" \/><\/a>\n\t\t\t<\/dt><\/dl><dl class='gallery-item'>\n\t\t\t<dt class='gallery-icon landscape'>\n\t\t\t\t<a href='https:\/\/www.fundacionyuste.org\/wp-content\/uploads\/2014\/06\/JAM6471.jpg' title=\"\" data-rl_title=\"\" class=\"rl-gallery-link\" data-rl_caption=\"\" data-rel=\"lightbox-gallery-1\"><img width=\"150\" height=\"150\" src=\"https:\/\/www.fundacionyuste.org\/wp-content\/uploads\/2014\/06\/JAM6471-150x150.jpg\" class=\"attachment-thumbnail size-thumbnail\" alt=\"\" decoding=\"async\" loading=\"lazy\" \/><\/a>\n\t\t\t<\/dt><\/dl><br style=\"clear: both\" \/><dl class='gallery-item'>\n\t\t\t<dt class='gallery-icon landscape'>\n\t\t\t\t<a href='https:\/\/www.fundacionyuste.org\/wp-content\/uploads\/2014\/06\/L79A0489.jpg' title=\"\" data-rl_title=\"\" class=\"rl-gallery-link\" data-rl_caption=\"\" data-rel=\"lightbox-gallery-1\"><img width=\"150\" height=\"150\" src=\"https:\/\/www.fundacionyuste.org\/wp-content\/uploads\/2014\/06\/L79A0489-150x150.jpg\" class=\"attachment-thumbnail size-thumbnail\" alt=\"\" decoding=\"async\" loading=\"lazy\" \/><\/a>\n\t\t\t<\/dt><\/dl><dl class='gallery-item'>\n\t\t\t<dt class='gallery-icon landscape'>\n\t\t\t\t<a href='https:\/\/www.fundacionyuste.org\/wp-content\/uploads\/2014\/06\/L79A0672.jpg' title=\"\" data-rl_title=\"\" class=\"rl-gallery-link\" data-rl_caption=\"\" data-rel=\"lightbox-gallery-1\"><img width=\"150\" height=\"150\" src=\"https:\/\/www.fundacionyuste.org\/wp-content\/uploads\/2014\/06\/L79A0672-150x150.jpg\" class=\"attachment-thumbnail size-thumbnail\" alt=\"\" decoding=\"async\" loading=\"lazy\" \/><\/a>\n\t\t\t<\/dt><\/dl><dl class='gallery-item'>\n\t\t\t<dt class='gallery-icon landscape'>\n\t\t\t\t<a href='https:\/\/www.fundacionyuste.org\/wp-content\/uploads\/2014\/06\/JAM6690.jpg' title=\"\" data-rl_title=\"\" class=\"rl-gallery-link\" data-rl_caption=\"\" data-rel=\"lightbox-gallery-1\"><img width=\"150\" height=\"150\" src=\"https:\/\/www.fundacionyuste.org\/wp-content\/uploads\/2014\/06\/JAM6690-150x150.jpg\" class=\"attachment-thumbnail size-thumbnail\" alt=\"\" decoding=\"async\" loading=\"lazy\" \/><\/a>\n\t\t\t<\/dt><\/dl><dl class='gallery-item'>\n\t\t\t<dt class='gallery-icon landscape'>\n\t\t\t\t<a href='https:\/\/www.fundacionyuste.org\/wp-content\/uploads\/2014\/06\/JAM6597.jpg' title=\"\" data-rl_title=\"\" class=\"rl-gallery-link\" data-rl_caption=\"\" data-rel=\"lightbox-gallery-1\"><img width=\"150\" height=\"150\" src=\"https:\/\/www.fundacionyuste.org\/wp-content\/uploads\/2014\/06\/JAM6597-150x150.jpg\" class=\"attachment-thumbnail size-thumbnail\" alt=\"\" decoding=\"async\" loading=\"lazy\" \/><\/a>\n\t\t\t<\/dt><\/dl><br style=\"clear: both\" \/><dl class='gallery-item'>\n\t\t\t<dt class='gallery-icon landscape'>\n\t\t\t\t<a href='https:\/\/www.fundacionyuste.org\/wp-content\/uploads\/2014\/06\/JAM6835.jpg' title=\"\" data-rl_title=\"\" class=\"rl-gallery-link\" data-rl_caption=\"\" data-rel=\"lightbox-gallery-1\"><img width=\"150\" height=\"150\" src=\"https:\/\/www.fundacionyuste.org\/wp-content\/uploads\/2014\/06\/JAM6835-150x150.jpg\" class=\"attachment-thumbnail size-thumbnail\" alt=\"\" decoding=\"async\" loading=\"lazy\" \/><\/a>\n\t\t\t<\/dt><\/dl><dl class='gallery-item'>\n\t\t\t<dt class='gallery-icon landscape'>\n\t\t\t\t<a href='https:\/\/www.fundacionyuste.org\/wp-content\/uploads\/2014\/06\/L79A0895.jpg' title=\"\" data-rl_title=\"\" class=\"rl-gallery-link\" data-rl_caption=\"\" data-rel=\"lightbox-gallery-1\"><img width=\"150\" height=\"150\" src=\"https:\/\/www.fundacionyuste.org\/wp-content\/uploads\/2014\/06\/L79A0895-150x150.jpg\" class=\"attachment-thumbnail size-thumbnail\" alt=\"\" decoding=\"async\" loading=\"lazy\" \/><\/a>\n\t\t\t<\/dt><\/dl>\n\t\t\t<br style='clear: both' \/>\n\t\t<\/div>\n\n<p>[\/et_pb_tab] [\/et_pb_tabs][\/et_pb_column][\/et_pb_row][\/et_pb_section]<\/p>\n","protected":false},"excerpt":{"rendered":"<p>PREMIADOS Award 2014 The president of the European Commission, Jos\u00e9 Manuel Dur\u00e3o Barroso, received the Carlos V European Award 2014, given by the European Academy of Yuste Foundation, at a ceremony held on 16th January 2014 at the Royal Monastery of Yuste (Caceres, Extremadura), which was presided over by His Royal Highness, the Prince of [&hellip;]<\/p>\n","protected":false},"author":1,"featured_media":223472,"comment_status":"open","ping_status":"closed","template":"","meta":{"_et_pb_use_builder":"on","_et_pb_old_content":"<p>[et_pb_section fullwidth=\"off\" specialty=\"off\" inner_shadow=\"off\" parallax=\"off\" parallax_method=\"css\"][et_pb_row][et_pb_column type=\"1_3\"][et_pb_sidebar admin_label=\"Sidebar\" orientation=\"left\" area=\"et_pb_widget_area_2\" background_layout=\"light\" \/][\/et_pb_column][et_pb_column type=\"1_3\"][et_pb_gallery admin_label=\"GALER\u00cdA PREMIADO\" gallery_ids=\"2265,2262,2259,2260,2261,2263,2264,2266,2267,2268\" fullwidth=\"on\" posts_number=\"4\" show_title_and_caption=\"on\" show_pagination=\"on\" background_layout=\"light\" \/][\/et_pb_column][et_pb_column type=\"1_3\"][et_pb_text admin_label=\"DESCRIPCI\u00d3N\" background_layout=\"light\" text_orientation=\"left\"]<\/p><h2>JOS\u00c9 MANUEL DUR\u00c3O BARROSO<\/h2><p><strong>Premio 2014<\/strong><\/p><p align=\"justify\">El presidente de la Comisi\u00f3n Europea, Jos\u00e9 Manuel Durao Barroso, recibi\u00f3 el Premio Carlos V, que otorga la Fundaci\u00f3n Academia Europea de Yuste, el 16 de enero de 2014 en una ceremonia que tuvo lugar en el Real Monasterio de Yuste (C\u00e1ceres), presidida por Su Alteza Real el Pr\u00edncipe de Asturias. El Jurado del \u2018Premio Europeo Carlos V\u2019, que convoca la Fundaci\u00f3n A. Europea de Yuste, decidi\u00f3 premiar la labor de Jos\u00e9 Manuel Dur\u00e3o Barroso (Lisboa, 23 de marzo de 1956), Presidente de la Comisi\u00f3n Europea, <em><strong>por su trayectoria y su compromiso en la pol\u00edtica de unificaci\u00f3n europea,\u00a0 su trabajo a favor de la participaci\u00f3n ciudadana en el proceso de integraci\u00f3n europea, y su compromiso por acercar Europa a sus ciudadanos buscando siempre el inter\u00e9s com\u00fan por encima de intereses individuales<\/strong>.<\/em><\/p><p><strong>Pa\u00eds:<\/strong> Portugal<\/p><p>\u00a0<\/p><p>\u00a0<\/p><p>[\/et_pb_text][\/et_pb_column][\/et_pb_row][et_pb_row][et_pb_column type=\"1_3\"][\/et_pb_column][et_pb_column type=\"2_3\"][et_pb_accordion admin_label=\"CONTENIDO DESPLEGABLE\"][et_pb_accordion_item title=\"BIOGRAF\u00cdA\"]<\/p><p>Jos\u00e9 Manuel Dur\u00e3o Barroso (Lisboa, 23 de marzo de 1956) es un pol\u00edtico portugu\u00e9s, presidente de la Comisi\u00f3n Europea desde el 23 de noviembre de 2004. Antes fue primer ministro de Portugal (del 6 de abril de 2002 al 29 de junio de 2004).<\/p><p>Est\u00e1 casado y tiene tres hijos.<\/p><p>Dur\u00e3o Barroso se licenci\u00f3 en Derecho en la Universidad de Lisboa y estudi\u00f3 Ciencias Econ\u00f3micas y Sociales en la Universidad de Ginebra. Fue profesor ayudante en la Facultad de Derecho en Georgetown. Despu\u00e9s, regres\u00f3 a Lisboa y se convirti\u00f3 en director del Departamento de Relaciones Internacionales de la Universidad Lus\u00edada.<\/p><p>En los a\u00f1os 1970, antes de la Revoluci\u00f3n de los Claveles del 25 de abril de 1974, siendo estudiante adopt\u00f3 la ideolog\u00eda mao\u00edsta, formando parte del MRPP, aunque evolucion\u00f3 posteriormente hacia el centro derecha, afili\u00e1ndose en diciembre de 1980 al Partido Social Dem\u00f3crata (PSD) portugu\u00e9s del que llegar\u00eda a ser l\u00edder, y en el que contin\u00faa hasta el d\u00eda de hoy.<\/p><p>Durante los gobiernos de An\u00edbal Cavaco Silva, desempe\u00f1\u00f3 los siguientes puestos:<\/p><blockquote><p><strong>Subsecretario de Estado en el Ministerio de Interior (1985-1987)<\/strong><br \/> <strong>Secretario de Estado de Asuntos Externos (1987-1992)<\/strong><br \/> <strong>Ministro de Asuntos Exteriores (1992-1995)<\/strong><\/p><\/blockquote><p>En 1995, Dur\u00e3o Barroso fue elegido diputado en el Parlamento portugu\u00e9s. Cuatro a\u00f1os m\u00e1s tarde, ser\u00eda designado presidente del PSD y, por lo tanto, l\u00edder de la oposici\u00f3n.<\/p><p>Se convirti\u00f3 en Primer Ministro portugu\u00e9s el 6 de abril de 2002 al ganar las elecciones celebradas poco antes.<\/p><p>El 29 de junio de 2004, Barroso dimiti\u00f3 como primer ministro de Portugal al ser elegido por el Consejo Europeo para presidir la Comisi\u00f3n Europea, cargo en el que sucedi\u00f3 al italiano Romano Prodi, siendo reelegido el 16 de septiembre de 2009 para un periodo adicional de 5 a\u00f1os.<\/p><p>[\/et_pb_accordion_item][\/et_pb_accordion][et_pb_text admin_label=\"CARRUSEL PREMIADOS\" background_layout=\"light\" text_orientation=\"left\"]<\/p><h2>OTROS PREMIADOS<\/h2><p>\u00a0<\/p><p>[all_around id=\"2\"][\/et_pb_text][\/et_pb_column][\/et_pb_row][\/et_pb_section]<\/p>","_et_gb_content_width":"","_links_to":"","_links_to_target":""},"project_category":[229,12,283],"_links":{"self":[{"href":"https:\/\/www.fundacionyuste.org\/en\/wp-json\/wp\/v2\/project\/2954"}],"collection":[{"href":"https:\/\/www.fundacionyuste.org\/en\/wp-json\/wp\/v2\/project"}],"about":[{"href":"https:\/\/www.fundacionyuste.org\/en\/wp-json\/wp\/v2\/types\/project"}],"author":[{"embeddable":true,"href":"https:\/\/www.fundacionyuste.org\/en\/wp-json\/wp\/v2\/users\/1"}],"replies":[{"embeddable":true,"href":"https:\/\/www.fundacionyuste.org\/en\/wp-json\/wp\/v2\/comments?post=2954"}],"version-history":[{"count":0,"href":"https:\/\/www.fundacionyuste.org\/en\/wp-json\/wp\/v2\/project\/2954\/revisions"}],"wp:featuredmedia":[{"embeddable":true,"href":"https:\/\/www.fundacionyuste.org\/en\/wp-json\/wp\/v2\/media\/223472"}],"wp:attachment":[{"href":"https:\/\/www.fundacionyuste.org\/en\/wp-json\/wp\/v2\/media?parent=2954"}],"wp:term":[{"taxonomy":"project_category","embeddable":true,"href":"https:\/\/www.fundacionyuste.org\/en\/wp-json\/wp\/v2\/project_category?post=2954"}],"curies":[{"name":"wp","href":"https:\/\/api.w.org\/{rel}","templated":true}]}}