{"id":2957,"date":"2014-09-27T10:50:43","date_gmt":"2014-09-27T10:50:43","guid":{"rendered":"https:\/\/www.fundacionyuste.org:8008\/?post_type=project&#038;p=2957"},"modified":"2020-02-11T12:17:36","modified_gmt":"2020-02-11T12:17:36","slug":"simone-veil","status":"publish","type":"project","link":"https:\/\/www.fundacionyuste.org\/en\/project\/simone-veil\/","title":{"rendered":"Simone Veil"},"content":{"rendered":"<p>[et_pb_section bb_built=&#8221;1&#8243; _builder_version=&#8221;3.0.85&#8243;][et_pb_row _builder_version=&#8221;3.0.47&#8243; background_size=&#8221;initial&#8221; background_position=&#8221;top_left&#8221; background_repeat=&#8221;repeat&#8221;][et_pb_column type=&#8221;1_4&#8243;][et_pb_text admin_label=&#8221;TITULO SECCI\u00d3N&#8221; _builder_version=&#8221;3.0.85&#8243; text_font=&#8221;Muli|600|||||||&#8221; text_font_size=&#8221;33px&#8221; text_text_color=&#8221;#7cda24&#8243; text_text_shadow_style=&#8221;preset3&#8243; text_text_shadow_color=&#8221;rgba(0,0,0,0.28)&#8221; header_font_size=&#8221;31px&#8221; header_text_shadow_style=&#8221;preset3&#8243; text_orientation=&#8221;right&#8221; custom_padding=&#8221;|20px||&#8221; module_alignment=&#8221;right&#8221;]<\/p>\n<h1>PREMIADOS<\/h1>\n<p>[\/et_pb_text][\/et_pb_column][et_pb_column type=&#8221;3_4&#8243;][et_pb_post_title admin_label=&#8221;T\u00cdTULO DE LA P\u00c1GINA (Autom\u00e1tico)&#8221; meta=&#8221;off&#8221; featured_image=&#8221;off&#8221; _builder_version=&#8221;3.0.85&#8243; title_level=&#8221;h2&#8243; title_font=&#8221;Muli|700||on|||||&#8221; title_font_size=&#8221;20px&#8221; custom_margin=&#8221;6px|||&#8221; title=&#8221;on&#8221; author=&#8221;on&#8221; date=&#8221;on&#8221; categories=&#8221;on&#8221; comments=&#8221;on&#8221; featured_placement=&#8221;below&#8221; text_color=&#8221;dark&#8221; text_background=&#8221;off&#8221;]<\/p>\n<p>&nbsp;<\/p>\n<p>[\/et_pb_post_title][\/et_pb_column][\/et_pb_row][et_pb_row _builder_version=&#8221;3.0.85&#8243; background_size=&#8221;initial&#8221; background_position=&#8221;top_left&#8221; background_repeat=&#8221;repeat&#8221;][et_pb_column type=&#8221;1_4&#8243;][et_pb_sidebar admin_label=&#8221;MEN\u00da LATERAL&#8221; area=&#8221;et_pb_widget_area_3&#8243; _builder_version=&#8221;3.0.85&#8243;]<br \/>\n[\/et_pb_sidebar][\/et_pb_column][et_pb_column type=&#8221;3_4&#8243;][et_pb_text admin_label=&#8221;CONTENIDO PREMIADO&#8221; _builder_version=&#8221;3.0.85&#8243; text_font=&#8221;Muli||||||||&#8221; header_font_size=&#8221;27px&#8221; header_2_font_size=&#8221;23px&#8221; header_3_font_size=&#8221;21px&#8221; header_4_font_size=&#8221;1px&#8221; header_5_font_size=&#8221;1px&#8221; background_size=&#8221;initial&#8221; background_position=&#8221;top_left&#8221; background_repeat=&#8221;repeat&#8221; module_alignment=&#8221;left&#8221; inline_fonts=&#8221;Muli&#8221; background_layout=&#8221;light&#8221;]<\/p>\n<h1><a  href=\"https:\/\/www.fundacionyuste.org\/wp-content\/uploads\/2014\/09\/simone-mini.jpg\" data-rel=\"lightbox-gallery-1\" data-rl_title=\"\" data-rl_caption=\"\" title=\"\"><img decoding=\"async\" loading=\"lazy\" class=\"size-full wp-image-2244 alignleft\" src=\"https:\/\/www.fundacionyuste.org\/wp-content\/uploads\/2014\/09\/simone-mini.jpg\" alt=\"\" width=\"276\" height=\"276\" srcset=\"https:\/\/www.fundacionyuste.org\/wp-content\/uploads\/2014\/09\/simone-mini.jpg 276w, https:\/\/www.fundacionyuste.org\/wp-content\/uploads\/2014\/09\/simone-mini-150x150.jpg 150w\" sizes=\"(max-width: 276px) 100vw, 276px\" \/><\/a><span style=\"font-family: Muli; font-weight: normal; font-size: medium;\"><strong>Award 2008<\/strong><\/span><\/h1>\n<p align=\"justify\">Simone Veil received the Carlos V European Award 2008 on 18 June at a ceremony presided over by Their Royal Majesties, the King and Queen of Spain at the Royal Monastery of Yuste. The jury noted that<em><strong> \u201cthe recipient is an example of the defence of social issues, she is a fighter and creative in the way she conducts politics. She is a woman known for her clarity regarding the world of ideas and who unanimously receives this award in recognition of her courage and tenacity especially in times marked by great upheaval\u201d.<\/strong><\/em><\/p>\n<p><strong>Country:<\/strong> Francia<\/p>\n<p>&nbsp;<\/p>\n<p>[\/et_pb_text][et_pb_tabs admin_label=&#8221;CONTENIDO EN PESTA\u00d1AS&#8221; _builder_version=&#8221;3.0.85&#8243; tab_font=&#8221;Muli||||||||&#8221; body_font=&#8221;Muli||||||||&#8221; custom_margin=&#8221;10%|0px|30px|0px&#8221;]<\/p>\n<p>[et_pb_tab title=&#8221;PHOTO GALLERY&#8221; _builder_version=&#8221;3.0.85&#8243; tab_font=&#8221;||||||||&#8221; body_font=&#8221;Muli||||||||&#8221; body_text_shadow_style=&#8221;preset3&#8243; body_text_shadow_color=&#8221;rgba(0,0,0,0.38)&#8221; custom_padding=&#8221;0px|0px|0px|0px&#8221; custom_padding_tablet=&#8221;0px|0px|0px|0px&#8221; custom_padding_phone=&#8221;0px|0px|0px|0px&#8221; custom_css_main_element=&#8221;margin-top: -6px; padding-top:6px !important;border-top-left-radius: 4px;border-top-right-radius: 4px; border-top: solid 4px #efb821 !important;border-bottom-left-radius: 4px;border-bottom-right-radius: 4px;padding: 0;padding-right: 0px;padding-bottom: 0px;padding-left: 0px;||&#8221; use_background_color_gradient=&#8221;off&#8221; background_color_gradient_start=&#8221;#2b87da&#8221; background_color_gradient_end=&#8221;#29c4a9&#8243; background_color_gradient_type=&#8221;linear&#8221; background_color_gradient_direction=&#8221;180deg&#8221; background_color_gradient_direction_radial=&#8221;center&#8221; background_color_gradient_start_position=&#8221;0%&#8221; background_color_gradient_end_position=&#8221;100%&#8221; parallax=&#8221;off&#8221; parallax_method=&#8221;on&#8221; background_size=&#8221;cover&#8221; background_position=&#8221;center&#8221; background_repeat=&#8221;no-repeat&#8221; background_blend=&#8221;normal&#8221; allow_player_pause=&#8221;off&#8221; tab_text_shadow_style=&#8221;none&#8221; tab_text_shadow_color=&#8221;rgba(0,0,0,0.4)&#8221;]<\/p>\n\n\t\t<style type=\"text\/css\">\n\t\t\t#gallery-1 {\n\t\t\t\tmargin: auto;\n\t\t\t}\n\t\t\t#gallery-1 .gallery-item {\n\t\t\t\tfloat: left;\n\t\t\t\tmargin-top: 10px;\n\t\t\t\ttext-align: center;\n\t\t\t\twidth: 25%;\n\t\t\t}\n\t\t\t#gallery-1 img {\n\t\t\t\tborder: 2px solid #cfcfcf;\n\t\t\t}\n\t\t\t#gallery-1 .gallery-caption {\n\t\t\t\tmargin-left: 0;\n\t\t\t}\n\t\t\t\/* see gallery_shortcode() in wp-includes\/media.php *\/\n\t\t<\/style>\n\t\t<div id='gallery-1' class='gallery galleryid-2957 gallery-columns-4 gallery-size-medium'><dl class='gallery-item'>\n\t\t\t<dt class='gallery-icon landscape'>\n\t\t\t\t<a href='https:\/\/www.fundacionyuste.org\/wp-content\/uploads\/2008\/08\/ACTOREYES118-1024x696.jpg' title=\"\" data-rl_title=\"\" class=\"rl-gallery-link\" data-rl_caption=\"\" data-rel=\"lightbox-gallery-1\"><img width=\"300\" height=\"204\" src=\"https:\/\/www.fundacionyuste.org\/wp-content\/uploads\/2008\/08\/ACTOREYES118-300x204.jpg\" class=\"attachment-medium size-medium\" alt=\"\" decoding=\"async\" loading=\"lazy\" srcset=\"https:\/\/www.fundacionyuste.org\/wp-content\/uploads\/2008\/08\/ACTOREYES118-300x204.jpg 300w, https:\/\/www.fundacionyuste.org\/wp-content\/uploads\/2008\/08\/ACTOREYES118-768x522.jpg 768w, https:\/\/www.fundacionyuste.org\/wp-content\/uploads\/2008\/08\/ACTOREYES118-1024x696.jpg 1024w, https:\/\/www.fundacionyuste.org\/wp-content\/uploads\/2008\/08\/ACTOREYES118-1080x734.jpg 1080w\" sizes=\"(max-width: 300px) 100vw, 300px\" \/><\/a>\n\t\t\t<\/dt><\/dl><dl class='gallery-item'>\n\t\t\t<dt class='gallery-icon landscape'>\n\t\t\t\t<a href='https:\/\/www.fundacionyuste.org\/wp-content\/uploads\/2008\/08\/ACTOREYES119-1024x683.jpg' title=\"\" data-rl_title=\"\" class=\"rl-gallery-link\" data-rl_caption=\"\" data-rel=\"lightbox-gallery-1\"><img width=\"300\" height=\"200\" src=\"https:\/\/www.fundacionyuste.org\/wp-content\/uploads\/2008\/08\/ACTOREYES119-300x200.jpg\" class=\"attachment-medium size-medium\" alt=\"\" decoding=\"async\" loading=\"lazy\" srcset=\"https:\/\/www.fundacionyuste.org\/wp-content\/uploads\/2008\/08\/ACTOREYES119-300x200.jpg 300w, https:\/\/www.fundacionyuste.org\/wp-content\/uploads\/2008\/08\/ACTOREYES119-768x512.jpg 768w, https:\/\/www.fundacionyuste.org\/wp-content\/uploads\/2008\/08\/ACTOREYES119-1024x683.jpg 1024w, https:\/\/www.fundacionyuste.org\/wp-content\/uploads\/2008\/08\/ACTOREYES119-1080x720.jpg 1080w\" sizes=\"(max-width: 300px) 100vw, 300px\" \/><\/a>\n\t\t\t<\/dt><\/dl><dl class='gallery-item'>\n\t\t\t<dt class='gallery-icon landscape'>\n\t\t\t\t<a href='https:\/\/www.fundacionyuste.org\/wp-content\/uploads\/2008\/08\/ACTOREYES120-1024x764.jpg' title=\"\" data-rl_title=\"\" class=\"rl-gallery-link\" data-rl_caption=\"\" data-rel=\"lightbox-gallery-1\"><img width=\"300\" height=\"224\" src=\"https:\/\/www.fundacionyuste.org\/wp-content\/uploads\/2008\/08\/ACTOREYES120-300x224.jpg\" class=\"attachment-medium size-medium\" alt=\"\" decoding=\"async\" loading=\"lazy\" srcset=\"https:\/\/www.fundacionyuste.org\/wp-content\/uploads\/2008\/08\/ACTOREYES120-300x224.jpg 300w, https:\/\/www.fundacionyuste.org\/wp-content\/uploads\/2008\/08\/ACTOREYES120-768x573.jpg 768w, https:\/\/www.fundacionyuste.org\/wp-content\/uploads\/2008\/08\/ACTOREYES120-1024x764.jpg 1024w, https:\/\/www.fundacionyuste.org\/wp-content\/uploads\/2008\/08\/ACTOREYES120-1080x806.jpg 1080w\" sizes=\"(max-width: 300px) 100vw, 300px\" \/><\/a>\n\t\t\t<\/dt><\/dl><dl class='gallery-item'>\n\t\t\t<dt class='gallery-icon landscape'>\n\t\t\t\t<a href='https:\/\/www.fundacionyuste.org\/wp-content\/uploads\/2008\/08\/ACTOREYES121-1024x683.jpg' title=\"\" data-rl_title=\"\" class=\"rl-gallery-link\" data-rl_caption=\"\" data-rel=\"lightbox-gallery-1\"><img width=\"300\" height=\"200\" src=\"https:\/\/www.fundacionyuste.org\/wp-content\/uploads\/2008\/08\/ACTOREYES121-300x200.jpg\" class=\"attachment-medium size-medium\" alt=\"\" decoding=\"async\" loading=\"lazy\" srcset=\"https:\/\/www.fundacionyuste.org\/wp-content\/uploads\/2008\/08\/ACTOREYES121-300x200.jpg 300w, https:\/\/www.fundacionyuste.org\/wp-content\/uploads\/2008\/08\/ACTOREYES121-768x512.jpg 768w, https:\/\/www.fundacionyuste.org\/wp-content\/uploads\/2008\/08\/ACTOREYES121-1024x683.jpg 1024w, https:\/\/www.fundacionyuste.org\/wp-content\/uploads\/2008\/08\/ACTOREYES121-1080x720.jpg 1080w\" sizes=\"(max-width: 300px) 100vw, 300px\" \/><\/a>\n\t\t\t<\/dt><\/dl><br style=\"clear: both\" \/><dl class='gallery-item'>\n\t\t\t<dt class='gallery-icon landscape'>\n\t\t\t\t<a href='https:\/\/www.fundacionyuste.org\/wp-content\/uploads\/2008\/08\/ACTOREYES122-1024x712.jpg' title=\"\" data-rl_title=\"\" class=\"rl-gallery-link\" data-rl_caption=\"\" data-rel=\"lightbox-gallery-1\"><img width=\"300\" height=\"209\" src=\"https:\/\/www.fundacionyuste.org\/wp-content\/uploads\/2008\/08\/ACTOREYES122-300x209.jpg\" class=\"attachment-medium size-medium\" alt=\"\" decoding=\"async\" loading=\"lazy\" srcset=\"https:\/\/www.fundacionyuste.org\/wp-content\/uploads\/2008\/08\/ACTOREYES122-300x209.jpg 300w, https:\/\/www.fundacionyuste.org\/wp-content\/uploads\/2008\/08\/ACTOREYES122-768x534.jpg 768w, https:\/\/www.fundacionyuste.org\/wp-content\/uploads\/2008\/08\/ACTOREYES122-1024x712.jpg 1024w, https:\/\/www.fundacionyuste.org\/wp-content\/uploads\/2008\/08\/ACTOREYES122-1080x751.jpg 1080w\" sizes=\"(max-width: 300px) 100vw, 300px\" \/><\/a>\n\t\t\t<\/dt><\/dl><dl class='gallery-item'>\n\t\t\t<dt class='gallery-icon landscape'>\n\t\t\t\t<a href='https:\/\/www.fundacionyuste.org\/wp-content\/uploads\/2008\/08\/ACTOREYES123-1024x683.jpg' title=\"\" data-rl_title=\"\" class=\"rl-gallery-link\" data-rl_caption=\"\" data-rel=\"lightbox-gallery-1\"><img width=\"300\" height=\"200\" src=\"https:\/\/www.fundacionyuste.org\/wp-content\/uploads\/2008\/08\/ACTOREYES123-300x200.jpg\" class=\"attachment-medium size-medium\" alt=\"\" decoding=\"async\" loading=\"lazy\" srcset=\"https:\/\/www.fundacionyuste.org\/wp-content\/uploads\/2008\/08\/ACTOREYES123-300x200.jpg 300w, https:\/\/www.fundacionyuste.org\/wp-content\/uploads\/2008\/08\/ACTOREYES123-768x512.jpg 768w, https:\/\/www.fundacionyuste.org\/wp-content\/uploads\/2008\/08\/ACTOREYES123-1024x683.jpg 1024w, https:\/\/www.fundacionyuste.org\/wp-content\/uploads\/2008\/08\/ACTOREYES123-1080x720.jpg 1080w\" sizes=\"(max-width: 300px) 100vw, 300px\" \/><\/a>\n\t\t\t<\/dt><\/dl><dl class='gallery-item'>\n\t\t\t<dt class='gallery-icon landscape'>\n\t\t\t\t<a href='https:\/\/www.fundacionyuste.org\/wp-content\/uploads\/2008\/08\/ACTOREYES124-1024x683.jpg' title=\"\" data-rl_title=\"\" class=\"rl-gallery-link\" data-rl_caption=\"\" data-rel=\"lightbox-gallery-1\"><img width=\"300\" height=\"200\" src=\"https:\/\/www.fundacionyuste.org\/wp-content\/uploads\/2008\/08\/ACTOREYES124-300x200.jpg\" class=\"attachment-medium size-medium\" alt=\"\" decoding=\"async\" loading=\"lazy\" srcset=\"https:\/\/www.fundacionyuste.org\/wp-content\/uploads\/2008\/08\/ACTOREYES124-300x200.jpg 300w, https:\/\/www.fundacionyuste.org\/wp-content\/uploads\/2008\/08\/ACTOREYES124-768x512.jpg 768w, https:\/\/www.fundacionyuste.org\/wp-content\/uploads\/2008\/08\/ACTOREYES124-1024x683.jpg 1024w, https:\/\/www.fundacionyuste.org\/wp-content\/uploads\/2008\/08\/ACTOREYES124-1080x720.jpg 1080w\" sizes=\"(max-width: 300px) 100vw, 300px\" \/><\/a>\n\t\t\t<\/dt><\/dl><dl class='gallery-item'>\n\t\t\t<dt class='gallery-icon landscape'>\n\t\t\t\t<a href='https:\/\/www.fundacionyuste.org\/wp-content\/uploads\/2008\/08\/ACTOREYES125-1024x683.jpg' title=\"\" data-rl_title=\"\" class=\"rl-gallery-link\" data-rl_caption=\"\" data-rel=\"lightbox-gallery-1\"><img width=\"300\" height=\"200\" src=\"https:\/\/www.fundacionyuste.org\/wp-content\/uploads\/2008\/08\/ACTOREYES125-300x200.jpg\" class=\"attachment-medium size-medium\" alt=\"\" decoding=\"async\" loading=\"lazy\" srcset=\"https:\/\/www.fundacionyuste.org\/wp-content\/uploads\/2008\/08\/ACTOREYES125-300x200.jpg 300w, https:\/\/www.fundacionyuste.org\/wp-content\/uploads\/2008\/08\/ACTOREYES125-768x512.jpg 768w, https:\/\/www.fundacionyuste.org\/wp-content\/uploads\/2008\/08\/ACTOREYES125-1024x683.jpg 1024w, https:\/\/www.fundacionyuste.org\/wp-content\/uploads\/2008\/08\/ACTOREYES125-1080x720.jpg 1080w\" sizes=\"(max-width: 300px) 100vw, 300px\" \/><\/a>\n\t\t\t<\/dt><\/dl><br style=\"clear: both\" \/><dl class='gallery-item'>\n\t\t\t<dt class='gallery-icon landscape'>\n\t\t\t\t<a href='https:\/\/www.fundacionyuste.org\/wp-content\/uploads\/2008\/08\/ACTOREYES126-1024x683.jpg' title=\"\" data-rl_title=\"\" class=\"rl-gallery-link\" data-rl_caption=\"\" data-rel=\"lightbox-gallery-1\"><img width=\"300\" height=\"200\" src=\"https:\/\/www.fundacionyuste.org\/wp-content\/uploads\/2008\/08\/ACTOREYES126-300x200.jpg\" class=\"attachment-medium size-medium\" alt=\"\" decoding=\"async\" loading=\"lazy\" srcset=\"https:\/\/www.fundacionyuste.org\/wp-content\/uploads\/2008\/08\/ACTOREYES126-300x200.jpg 300w, https:\/\/www.fundacionyuste.org\/wp-content\/uploads\/2008\/08\/ACTOREYES126-768x512.jpg 768w, https:\/\/www.fundacionyuste.org\/wp-content\/uploads\/2008\/08\/ACTOREYES126-1024x683.jpg 1024w, https:\/\/www.fundacionyuste.org\/wp-content\/uploads\/2008\/08\/ACTOREYES126-1080x720.jpg 1080w\" sizes=\"(max-width: 300px) 100vw, 300px\" \/><\/a>\n\t\t\t<\/dt><\/dl><dl class='gallery-item'>\n\t\t\t<dt class='gallery-icon landscape'>\n\t\t\t\t<a href='https:\/\/www.fundacionyuste.org\/wp-content\/uploads\/2008\/08\/ACTOREYES127-1024x683.jpg' title=\"\" data-rl_title=\"\" class=\"rl-gallery-link\" data-rl_caption=\"\" data-rel=\"lightbox-gallery-1\"><img width=\"300\" height=\"200\" src=\"https:\/\/www.fundacionyuste.org\/wp-content\/uploads\/2008\/08\/ACTOREYES127-300x200.jpg\" class=\"attachment-medium size-medium\" alt=\"\" decoding=\"async\" loading=\"lazy\" srcset=\"https:\/\/www.fundacionyuste.org\/wp-content\/uploads\/2008\/08\/ACTOREYES127-300x200.jpg 300w, https:\/\/www.fundacionyuste.org\/wp-content\/uploads\/2008\/08\/ACTOREYES127-768x512.jpg 768w, https:\/\/www.fundacionyuste.org\/wp-content\/uploads\/2008\/08\/ACTOREYES127-1024x683.jpg 1024w, https:\/\/www.fundacionyuste.org\/wp-content\/uploads\/2008\/08\/ACTOREYES127-1080x720.jpg 1080w\" sizes=\"(max-width: 300px) 100vw, 300px\" \/><\/a>\n\t\t\t<\/dt><\/dl><dl class='gallery-item'>\n\t\t\t<dt class='gallery-icon landscape'>\n\t\t\t\t<a href='https:\/\/www.fundacionyuste.org\/wp-content\/uploads\/2008\/08\/ACTOREYES128-1024x683.jpg' title=\"\" data-rl_title=\"\" class=\"rl-gallery-link\" data-rl_caption=\"\" data-rel=\"lightbox-gallery-1\"><img width=\"300\" height=\"200\" src=\"https:\/\/www.fundacionyuste.org\/wp-content\/uploads\/2008\/08\/ACTOREYES128-300x200.jpg\" class=\"attachment-medium size-medium\" alt=\"\" decoding=\"async\" loading=\"lazy\" srcset=\"https:\/\/www.fundacionyuste.org\/wp-content\/uploads\/2008\/08\/ACTOREYES128-300x200.jpg 300w, https:\/\/www.fundacionyuste.org\/wp-content\/uploads\/2008\/08\/ACTOREYES128-768x512.jpg 768w, https:\/\/www.fundacionyuste.org\/wp-content\/uploads\/2008\/08\/ACTOREYES128-1024x683.jpg 1024w, https:\/\/www.fundacionyuste.org\/wp-content\/uploads\/2008\/08\/ACTOREYES128-1080x720.jpg 1080w\" sizes=\"(max-width: 300px) 100vw, 300px\" \/><\/a>\n\t\t\t<\/dt><\/dl><dl class='gallery-item'>\n\t\t\t<dt class='gallery-icon landscape'>\n\t\t\t\t<a href='https:\/\/www.fundacionyuste.org\/wp-content\/uploads\/2008\/08\/ACTOREYES129-1024x683.jpg' title=\"\" data-rl_title=\"\" class=\"rl-gallery-link\" data-rl_caption=\"\" data-rel=\"lightbox-gallery-1\"><img width=\"300\" height=\"200\" src=\"https:\/\/www.fundacionyuste.org\/wp-content\/uploads\/2008\/08\/ACTOREYES129-300x200.jpg\" class=\"attachment-medium size-medium\" alt=\"\" decoding=\"async\" loading=\"lazy\" srcset=\"https:\/\/www.fundacionyuste.org\/wp-content\/uploads\/2008\/08\/ACTOREYES129-300x200.jpg 300w, https:\/\/www.fundacionyuste.org\/wp-content\/uploads\/2008\/08\/ACTOREYES129-768x512.jpg 768w, https:\/\/www.fundacionyuste.org\/wp-content\/uploads\/2008\/08\/ACTOREYES129-1024x683.jpg 1024w, https:\/\/www.fundacionyuste.org\/wp-content\/uploads\/2008\/08\/ACTOREYES129-1080x720.jpg 1080w\" sizes=\"(max-width: 300px) 100vw, 300px\" \/><\/a>\n\t\t\t<\/dt><\/dl><br style=\"clear: both\" \/><dl class='gallery-item'>\n\t\t\t<dt class='gallery-icon landscape'>\n\t\t\t\t<a href='https:\/\/www.fundacionyuste.org\/wp-content\/uploads\/2008\/08\/ACTOREYES130-1024x683.jpg' title=\"\" data-rl_title=\"\" class=\"rl-gallery-link\" data-rl_caption=\"\" data-rel=\"lightbox-gallery-1\"><img width=\"300\" height=\"200\" src=\"https:\/\/www.fundacionyuste.org\/wp-content\/uploads\/2008\/08\/ACTOREYES130-300x200.jpg\" class=\"attachment-medium size-medium\" alt=\"\" decoding=\"async\" loading=\"lazy\" srcset=\"https:\/\/www.fundacionyuste.org\/wp-content\/uploads\/2008\/08\/ACTOREYES130-300x200.jpg 300w, https:\/\/www.fundacionyuste.org\/wp-content\/uploads\/2008\/08\/ACTOREYES130-768x512.jpg 768w, https:\/\/www.fundacionyuste.org\/wp-content\/uploads\/2008\/08\/ACTOREYES130-1024x683.jpg 1024w, https:\/\/www.fundacionyuste.org\/wp-content\/uploads\/2008\/08\/ACTOREYES130-1080x720.jpg 1080w\" sizes=\"(max-width: 300px) 100vw, 300px\" \/><\/a>\n\t\t\t<\/dt><\/dl><dl class='gallery-item'>\n\t\t\t<dt class='gallery-icon landscape'>\n\t\t\t\t<a href='https:\/\/www.fundacionyuste.org\/wp-content\/uploads\/2008\/08\/ACTOREYES131-1024x683.jpg' title=\"\" data-rl_title=\"\" class=\"rl-gallery-link\" data-rl_caption=\"\" data-rel=\"lightbox-gallery-1\"><img width=\"300\" height=\"200\" src=\"https:\/\/www.fundacionyuste.org\/wp-content\/uploads\/2008\/08\/ACTOREYES131-300x200.jpg\" class=\"attachment-medium size-medium\" alt=\"\" decoding=\"async\" loading=\"lazy\" srcset=\"https:\/\/www.fundacionyuste.org\/wp-content\/uploads\/2008\/08\/ACTOREYES131-300x200.jpg 300w, https:\/\/www.fundacionyuste.org\/wp-content\/uploads\/2008\/08\/ACTOREYES131-768x512.jpg 768w, https:\/\/www.fundacionyuste.org\/wp-content\/uploads\/2008\/08\/ACTOREYES131-1024x683.jpg 1024w, https:\/\/www.fundacionyuste.org\/wp-content\/uploads\/2008\/08\/ACTOREYES131-1080x720.jpg 1080w\" sizes=\"(max-width: 300px) 100vw, 300px\" \/><\/a>\n\t\t\t<\/dt><\/dl><dl class='gallery-item'>\n\t\t\t<dt class='gallery-icon landscape'>\n\t\t\t\t<a href='https:\/\/www.fundacionyuste.org\/wp-content\/uploads\/2008\/08\/ACTOREYES132-1024x683.jpg' title=\"\" data-rl_title=\"\" class=\"rl-gallery-link\" data-rl_caption=\"\" data-rel=\"lightbox-gallery-1\"><img width=\"300\" height=\"200\" src=\"https:\/\/www.fundacionyuste.org\/wp-content\/uploads\/2008\/08\/ACTOREYES132-300x200.jpg\" class=\"attachment-medium size-medium\" alt=\"\" decoding=\"async\" loading=\"lazy\" srcset=\"https:\/\/www.fundacionyuste.org\/wp-content\/uploads\/2008\/08\/ACTOREYES132-300x200.jpg 300w, https:\/\/www.fundacionyuste.org\/wp-content\/uploads\/2008\/08\/ACTOREYES132-768x512.jpg 768w, https:\/\/www.fundacionyuste.org\/wp-content\/uploads\/2008\/08\/ACTOREYES132-1024x683.jpg 1024w, https:\/\/www.fundacionyuste.org\/wp-content\/uploads\/2008\/08\/ACTOREYES132-1080x720.jpg 1080w\" sizes=\"(max-width: 300px) 100vw, 300px\" \/><\/a>\n\t\t\t<\/dt><\/dl><dl class='gallery-item'>\n\t\t\t<dt class='gallery-icon landscape'>\n\t\t\t\t<a href='https:\/\/www.fundacionyuste.org\/wp-content\/uploads\/2008\/08\/ACTOREYES133-1024x683.jpg' title=\"\" data-rl_title=\"\" class=\"rl-gallery-link\" data-rl_caption=\"\" data-rel=\"lightbox-gallery-1\"><img width=\"300\" height=\"200\" src=\"https:\/\/www.fundacionyuste.org\/wp-content\/uploads\/2008\/08\/ACTOREYES133-300x200.jpg\" class=\"attachment-medium size-medium\" alt=\"\" decoding=\"async\" loading=\"lazy\" srcset=\"https:\/\/www.fundacionyuste.org\/wp-content\/uploads\/2008\/08\/ACTOREYES133-300x200.jpg 300w, https:\/\/www.fundacionyuste.org\/wp-content\/uploads\/2008\/08\/ACTOREYES133-768x512.jpg 768w, https:\/\/www.fundacionyuste.org\/wp-content\/uploads\/2008\/08\/ACTOREYES133-1024x683.jpg 1024w, https:\/\/www.fundacionyuste.org\/wp-content\/uploads\/2008\/08\/ACTOREYES133-1080x720.jpg 1080w\" sizes=\"(max-width: 300px) 100vw, 300px\" \/><\/a>\n\t\t\t<\/dt><\/dl><br style=\"clear: both\" \/><dl class='gallery-item'>\n\t\t\t<dt class='gallery-icon landscape'>\n\t\t\t\t<a href='https:\/\/www.fundacionyuste.org\/wp-content\/uploads\/2008\/08\/ACTOREYES134-1024x696.jpg' title=\"\" data-rl_title=\"\" class=\"rl-gallery-link\" data-rl_caption=\"\" data-rel=\"lightbox-gallery-1\"><img width=\"300\" height=\"204\" src=\"https:\/\/www.fundacionyuste.org\/wp-content\/uploads\/2008\/08\/ACTOREYES134-300x204.jpg\" class=\"attachment-medium size-medium\" alt=\"\" decoding=\"async\" loading=\"lazy\" srcset=\"https:\/\/www.fundacionyuste.org\/wp-content\/uploads\/2008\/08\/ACTOREYES134-300x204.jpg 300w, https:\/\/www.fundacionyuste.org\/wp-content\/uploads\/2008\/08\/ACTOREYES134-768x522.jpg 768w, https:\/\/www.fundacionyuste.org\/wp-content\/uploads\/2008\/08\/ACTOREYES134-1024x696.jpg 1024w, https:\/\/www.fundacionyuste.org\/wp-content\/uploads\/2008\/08\/ACTOREYES134-1080x734.jpg 1080w\" sizes=\"(max-width: 300px) 100vw, 300px\" \/><\/a>\n\t\t\t<\/dt><\/dl><dl class='gallery-item'>\n\t\t\t<dt class='gallery-icon landscape'>\n\t\t\t\t<a href='https:\/\/www.fundacionyuste.org\/wp-content\/uploads\/2008\/08\/ACTOREYES135-1024x683.jpg' title=\"\" data-rl_title=\"\" class=\"rl-gallery-link\" data-rl_caption=\"\" data-rel=\"lightbox-gallery-1\"><img width=\"300\" height=\"200\" src=\"https:\/\/www.fundacionyuste.org\/wp-content\/uploads\/2008\/08\/ACTOREYES135-300x200.jpg\" class=\"attachment-medium size-medium\" alt=\"\" decoding=\"async\" loading=\"lazy\" srcset=\"https:\/\/www.fundacionyuste.org\/wp-content\/uploads\/2008\/08\/ACTOREYES135-300x200.jpg 300w, https:\/\/www.fundacionyuste.org\/wp-content\/uploads\/2008\/08\/ACTOREYES135-768x512.jpg 768w, https:\/\/www.fundacionyuste.org\/wp-content\/uploads\/2008\/08\/ACTOREYES135-1024x683.jpg 1024w, https:\/\/www.fundacionyuste.org\/wp-content\/uploads\/2008\/08\/ACTOREYES135-1080x720.jpg 1080w\" sizes=\"(max-width: 300px) 100vw, 300px\" \/><\/a>\n\t\t\t<\/dt><\/dl>\n\t\t\t<br style='clear: both' \/>\n\t\t<\/div>\n\n<p>[\/et_pb_tab]<\/p>\n<p>[\/et_pb_tabs][\/et_pb_column][\/et_pb_row][\/et_pb_section]<\/p>\n","protected":false},"excerpt":{"rendered":"<p>PREMIADOS &nbsp; Award 2008 Simone Veil received the Carlos V European Award 2008 on 18 June at a ceremony presided over by Their Royal Majesties, the King and Queen of Spain at the Royal Monastery of Yuste. The jury noted that \u201cthe recipient is an example of the defence of social issues, she is a [&hellip;]<\/p>\n","protected":false},"author":1,"featured_media":2244,"comment_status":"open","ping_status":"closed","template":"","meta":{"_et_pb_use_builder":"on","_et_pb_old_content":"<p>[et_pb_section fullwidth=\"off\" specialty=\"off\" inner_shadow=\"off\" parallax=\"off\" parallax_method=\"css\"][et_pb_row][et_pb_column type=\"1_3\"][et_pb_sidebar admin_label=\"Sidebar\" orientation=\"left\" area=\"et_pb_widget_area_2\" background_layout=\"light\" \/][\/et_pb_column][et_pb_column type=\"1_3\"][et_pb_gallery admin_label=\"GALER\u00cdA PREMIADO\" gallery_ids=\"2283\" fullwidth=\"on\" posts_number=\"4\" show_title_and_caption=\"on\" show_pagination=\"on\" background_layout=\"light\" \/][\/et_pb_column][et_pb_column type=\"1_3\"][et_pb_text admin_label=\"DESCRIPCI\u00d3N\" background_layout=\"light\" text_orientation=\"left\"]<\/p><h2>SIMONE VEIL<\/h2><p><strong>Premio 2008<\/strong><\/p><div align=\"justify\">Simone Veil recibi\u00f3 el 'Premio Europeo Carlos V' 2008 el d\u00eda <strong>18 de junio<\/strong> en un acto presidido por SS. MM. los Reyes en el Real Monasterio de Yuste. El Jurado destac\u00f3 que <em><strong>\u201cla ganadora es un ejemplo de defensa de lo social, de lucha, de creatividad en su hacer y crear pol\u00edtico. Una mujer cuya se\u00f1a de identidad ha sido tener claro el mundo de las ideas, que recibe por unanimidad este premio que reconoce su coraje y su tes\u00f3n en unos momentos especialmente convulsos\u201d.<\/strong><\/em><\/div><p><strong>Pa\u00eds:<\/strong> Francia<\/p><p>\u00a0<\/p><p>[\/et_pb_text][\/et_pb_column][\/et_pb_row][et_pb_row][et_pb_column type=\"1_3\"][\/et_pb_column][et_pb_column type=\"2_3\"][et_pb_accordion admin_label=\"CONTENIDO DESPLEGABLE\"][et_pb_accordion_item title=\"BIOGRAF\u00cdA\"]<\/p><p>Pol\u00edtica francesa, presidenta del Parlamento Europeo 1979-1982) y ministra gala de Sanidad y Seguridad Social (1974-1979) y de Asuntos Sociales, Sanidad y Ciudad (1993-1995), nacida en Niza el 13 de julio de 1927.<\/p><p>Hija de un arquitecto jud\u00edo, en 1944 fue internada en el campo de concentraci\u00f3n de Auschwitz junto con su madre y su hermana. Posteriormente, fue trasladada al campo de concentraci\u00f3n de Bergen-Belsen, donde fue liberada junto a su hermana en 1945.<br \/> Tras la liberaci\u00f3n se instala en Par\u00eds, estudia derecho y ciencias pol\u00edticas en el Instituto de Estudios Pol\u00edticos, lugar en el que conoci\u00f3 a su marido, Antoine Veil, con el que contrajo matrimonio el 26 de octubre de 1946 y con el<br \/> que tuvo 3 hijos.<br \/> En 1957 ingres\u00f3 por oposici\u00f3n en la Administraci\u00f3n como agregada en el Ministerio de Justicia, hasta 1969, fecha en que entr\u00f3 a formar parte del equipo del ministro de Justicia, Ren\u00e9 Pl\u00e9ven. Desde 1970 a 1974 fue nombrada secretaria general del Consejo Superior de la Magistratura y dos a\u00f1os despu\u00e9s se integr\u00f3 en el Consejo de Administraci\u00f3n de la ORTF.<br \/> Tras la victoria en las presidenciales de Val\u00e9ry Giscard d\u00b4Estaing, en 1974, fue nombrada Ministra de Sanidad y Seguridad Social cargo que ocup\u00f3 hasta 1979. Durante este periodo aprueba leyes pol\u00e9micas como el acceso a los anticonceptivos en 1974 y la legalizaci\u00f3n del aborto en 1975.<br \/> En 1979 fue elegida presidenta del Parlamento Europeo despu\u00e9s de realizarse las primeras elecciones por sufragio universal a esta instituci\u00f3n europea, cargo que mantuvo hasta 1982.<br \/> Despu\u00e9s de muchos a\u00f1os al servicio del Parlamento Europeo, en 1993 volvi\u00f3 a la pol\u00edtica francesa al ser nombrada Ministra de Sanidad y de Asuntos Sociales durante el mandato de primer ministro \u00c9douard Balladur, cargo en el que continu\u00f3 hasta 1995. En 1998 fue nombrada miembro del Consejo Constitucional de Francia, cargo en el que ha estado hasta el a\u00f1o pasado.<br \/> Ha recibido honores de los gobiernos de Francia, Costa de Marfil, Marruecos, Grecia, Venezuela, Italia, B\u00e9lgica, Israel, Estados Unidos, Espa\u00f1a y Alemania, que le otorg\u00f3 el Premio Carlomagno en 1981. En 2005 fue galardonada con el Premio Pr\u00edncipe de Asturias de Cooperaci\u00f3n Internacional. Es doctora honoris causa por las Universidades de Princeton, Georgetown, Yale, Cambridge y Glasgow.<\/p><p>[\/et_pb_accordion_item][\/et_pb_accordion][et_pb_text admin_label=\"CARRUSEL PREMIADOS\" background_layout=\"light\" text_orientation=\"left\"]<\/p><h2>OTROS PREMIADOS<\/h2><p>\u00a0<\/p><p>[all_around id=\"2\"][\/et_pb_text][\/et_pb_column][\/et_pb_row][\/et_pb_section]<\/p>","_et_gb_content_width":"","_links_to":"","_links_to_target":""},"project_category":[229,12],"_links":{"self":[{"href":"https:\/\/www.fundacionyuste.org\/en\/wp-json\/wp\/v2\/project\/2957"}],"collection":[{"href":"https:\/\/www.fundacionyuste.org\/en\/wp-json\/wp\/v2\/project"}],"about":[{"href":"https:\/\/www.fundacionyuste.org\/en\/wp-json\/wp\/v2\/types\/project"}],"author":[{"embeddable":true,"href":"https:\/\/www.fundacionyuste.org\/en\/wp-json\/wp\/v2\/users\/1"}],"replies":[{"embeddable":true,"href":"https:\/\/www.fundacionyuste.org\/en\/wp-json\/wp\/v2\/comments?post=2957"}],"version-history":[{"count":0,"href":"https:\/\/www.fundacionyuste.org\/en\/wp-json\/wp\/v2\/project\/2957\/revisions"}],"wp:featuredmedia":[{"embeddable":true,"href":"https:\/\/www.fundacionyuste.org\/en\/wp-json\/wp\/v2\/media\/2244"}],"wp:attachment":[{"href":"https:\/\/www.fundacionyuste.org\/en\/wp-json\/wp\/v2\/media?parent=2957"}],"wp:term":[{"taxonomy":"project_category","embeddable":true,"href":"https:\/\/www.fundacionyuste.org\/en\/wp-json\/wp\/v2\/project_category?post=2957"}],"curies":[{"name":"wp","href":"https:\/\/api.w.org\/{rel}","templated":true}]}}