{"id":2961,"date":"2014-09-27T10:30:14","date_gmt":"2014-09-27T10:30:14","guid":{"rendered":"https:\/\/www.fundacionyuste.org:8008\/?post_type=project&#038;p=2961"},"modified":"2020-02-11T12:21:46","modified_gmt":"2020-02-11T12:21:46","slug":"felipe-gonzalez-marquez","status":"publish","type":"project","link":"https:\/\/www.fundacionyuste.org\/en\/project\/felipe-gonzalez-marquez\/","title":{"rendered":"Felipe Gonz\u00e1lez M\u00e1rquez"},"content":{"rendered":"<p>[et_pb_section bb_built=&#8221;1&#8243; _builder_version=&#8221;3.0.85&#8243;][et_pb_row _builder_version=&#8221;3.0.47&#8243; background_size=&#8221;initial&#8221; background_position=&#8221;top_left&#8221; background_repeat=&#8221;repeat&#8221;][et_pb_column type=&#8221;1_4&#8243;][et_pb_text admin_label=&#8221;TITULO SECCI\u00d3N&#8221; _builder_version=&#8221;3.0.85&#8243; text_font=&#8221;Muli|600|||||||&#8221; text_font_size=&#8221;33px&#8221; text_text_color=&#8221;#7cda24&#8243; text_text_shadow_style=&#8221;preset3&#8243; text_text_shadow_color=&#8221;rgba(0,0,0,0.28)&#8221; header_font_size=&#8221;31px&#8221; header_text_shadow_style=&#8221;preset3&#8243; text_orientation=&#8221;right&#8221; custom_padding=&#8221;|20px||&#8221; module_alignment=&#8221;right&#8221;]<\/p>\n<h1>PREMIADOS<\/h1>\n<p>[\/et_pb_text][\/et_pb_column][et_pb_column type=&#8221;3_4&#8243;][et_pb_post_title admin_label=&#8221;T\u00cdTULO DE LA P\u00c1GINA (Autom\u00e1tico)&#8221; meta=&#8221;off&#8221; featured_image=&#8221;off&#8221; _builder_version=&#8221;3.0.85&#8243; title_level=&#8221;h2&#8243; title_font=&#8221;Muli|700||on|||||&#8221; title_font_size=&#8221;20px&#8221; custom_margin=&#8221;6px|||&#8221; title=&#8221;on&#8221; author=&#8221;on&#8221; date=&#8221;on&#8221; categories=&#8221;on&#8221; comments=&#8221;on&#8221; featured_placement=&#8221;below&#8221; text_color=&#8221;dark&#8221; text_background=&#8221;off&#8221;]<br \/>\n[\/et_pb_post_title][\/et_pb_column][\/et_pb_row][et_pb_row _builder_version=&#8221;3.0.85&#8243; background_size=&#8221;initial&#8221; background_position=&#8221;top_left&#8221; background_repeat=&#8221;repeat&#8221;][et_pb_column type=&#8221;1_4&#8243;][et_pb_sidebar admin_label=&#8221;MEN\u00da LATERAL&#8221; area=&#8221;et_pb_widget_area_3&#8243; _builder_version=&#8221;3.0.85&#8243;]<br \/>\n[\/et_pb_sidebar][\/et_pb_column][et_pb_column type=&#8221;3_4&#8243;][et_pb_text admin_label=&#8221;CONTENIDO PREMIADO&#8221; _builder_version=&#8221;3.0.85&#8243; text_font=&#8221;Muli||||||||&#8221; header_font_size=&#8221;27px&#8221; header_2_font_size=&#8221;23px&#8221; header_3_font_size=&#8221;21px&#8221; header_4_font_size=&#8221;1px&#8221; header_5_font_size=&#8221;1px&#8221; background_size=&#8221;initial&#8221; background_position=&#8221;top_left&#8221; background_repeat=&#8221;repeat&#8221; module_alignment=&#8221;left&#8221; inline_fonts=&#8221;Muli&#8221; background_layout=&#8221;light&#8221;]<\/p>\n<h1><img decoding=\"async\" loading=\"lazy\" class=\"alignleft wp-image-2248 size-full\" src=\"https:\/\/www.fundacionyuste.org\/wp-content\/uploads\/2014\/09\/felipe-mini.jpg\" alt=\"\" width=\"276\" height=\"276\" srcset=\"https:\/\/www.fundacionyuste.org\/wp-content\/uploads\/2014\/09\/felipe-mini.jpg 276w, https:\/\/www.fundacionyuste.org\/wp-content\/uploads\/2014\/09\/felipe-mini-150x150.jpg 150w\" sizes=\"(max-width: 276px) 100vw, 276px\" \/><span style=\"font-family: Muli; font-weight: normal; font-size: medium;\"><strong>Award 2000<\/strong><\/span><\/h1>\n<p align=\"justify\">Felipe Gonz\u00e1lez M\u00e1rquez received the Carlos V European Award on 9 October 2000 at a ceremony presided over by Their Royal Majesties, the King and Queen of Spain at the Royal Monastery of Yuste. The jury highlighted the fact that<strong><em> \u201cthe incorporation of Spain into the European Economic Community on 1 January 1986 after twenty years of waiting meant the legitimisation of Spain\u2019s place within Europ e, the definitive consolidation of democracy and the overcoming of an age-old separation from Europe\u201d<\/em><\/strong>.<\/p>\n<p><strong>Country:<\/strong> Spain<\/p>\n<p>&nbsp;<\/p>\n<p>[\/et_pb_text][et_pb_tabs admin_label=&#8221;CONTENIDO EN PESTA\u00d1AS&#8221; _builder_version=&#8221;3.0.85&#8243; tab_font=&#8221;Muli||||||||&#8221; body_font=&#8221;Muli||||||||&#8221; custom_margin=&#8221;10%|0px|30px|0px&#8221;]<\/p>\n<p>[et_pb_tab title=&#8221;PHOTO GALLERY&#8221; _builder_version=&#8221;3.0.85&#8243; tab_font=&#8221;||||||||&#8221; body_font=&#8221;Muli||||||||&#8221; body_text_shadow_style=&#8221;preset3&#8243; body_text_shadow_color=&#8221;rgba(0,0,0,0.38)&#8221; custom_padding=&#8221;0px|0px|0px|0px&#8221; custom_padding_tablet=&#8221;0px|0px|0px|0px&#8221; custom_padding_phone=&#8221;0px|0px|0px|0px&#8221; custom_css_main_element=&#8221;margin-top: -6px; padding-top:6px !important;border-top-left-radius: 4px;border-top-right-radius: 4px; border-top: solid 4px #efb821 !important;border-bottom-left-radius: 4px;border-bottom-right-radius: 4px;padding: 0;padding-right: 0px;padding-bottom: 0px;padding-left: 0px;||&#8221; use_background_color_gradient=&#8221;off&#8221; background_color_gradient_start=&#8221;#2b87da&#8221; background_color_gradient_end=&#8221;#29c4a9&#8243; background_color_gradient_type=&#8221;linear&#8221; background_color_gradient_direction=&#8221;180deg&#8221; background_color_gradient_direction_radial=&#8221;center&#8221; background_color_gradient_start_position=&#8221;0%&#8221; background_color_gradient_end_position=&#8221;100%&#8221; parallax=&#8221;off&#8221; parallax_method=&#8221;on&#8221; background_size=&#8221;cover&#8221; background_position=&#8221;center&#8221; background_repeat=&#8221;no-repeat&#8221; background_blend=&#8221;normal&#8221; allow_player_pause=&#8221;off&#8221; tab_text_shadow_style=&#8221;none&#8221; tab_text_shadow_color=&#8221;rgba(0,0,0,0.4)&#8221;]<\/p>\n\n\t\t<style type=\"text\/css\">\n\t\t\t#gallery-1 {\n\t\t\t\tmargin: auto;\n\t\t\t}\n\t\t\t#gallery-1 .gallery-item {\n\t\t\t\tfloat: left;\n\t\t\t\tmargin-top: 10px;\n\t\t\t\ttext-align: center;\n\t\t\t\twidth: 25%;\n\t\t\t}\n\t\t\t#gallery-1 img {\n\t\t\t\tborder: 2px solid #cfcfcf;\n\t\t\t}\n\t\t\t#gallery-1 .gallery-caption {\n\t\t\t\tmargin-left: 0;\n\t\t\t}\n\t\t\t\/* see gallery_shortcode() in wp-includes\/media.php *\/\n\t\t<\/style>\n\t\t<div id='gallery-1' class='gallery galleryid-2961 gallery-columns-4 gallery-size-thumbnail'><dl class='gallery-item'>\n\t\t\t<dt class='gallery-icon landscape'>\n\t\t\t\t<a href='https:\/\/www.fundacionyuste.org\/wp-content\/uploads\/2000\/06\/Premio7-1024x753.jpg' title=\"\" data-rl_title=\"\" class=\"rl-gallery-link\" data-rl_caption=\"\" data-rel=\"lightbox-gallery-1\"><img width=\"150\" height=\"150\" src=\"https:\/\/www.fundacionyuste.org\/wp-content\/uploads\/2000\/06\/Premio7-150x150.jpg\" class=\"attachment-thumbnail size-thumbnail\" alt=\"\" decoding=\"async\" loading=\"lazy\" srcset=\"https:\/\/www.fundacionyuste.org\/wp-content\/uploads\/2000\/06\/Premio7-150x150.jpg 150w, https:\/\/www.fundacionyuste.org\/wp-content\/uploads\/2000\/06\/Premio7-36x36.jpg 36w, https:\/\/www.fundacionyuste.org\/wp-content\/uploads\/2000\/06\/Premio7-45x45.jpg 45w\" sizes=\"(max-width: 150px) 100vw, 150px\" \/><\/a>\n\t\t\t<\/dt><\/dl><dl class='gallery-item'>\n\t\t\t<dt class='gallery-icon landscape'>\n\t\t\t\t<a href='https:\/\/www.fundacionyuste.org\/wp-content\/uploads\/2000\/06\/13a-1002-1024x743.jpg' title=\"\" data-rl_title=\"\" class=\"rl-gallery-link\" data-rl_caption=\"\" data-rel=\"lightbox-gallery-1\"><img width=\"150\" height=\"150\" src=\"https:\/\/www.fundacionyuste.org\/wp-content\/uploads\/2000\/06\/13a-1002-150x150.jpg\" class=\"attachment-thumbnail size-thumbnail\" alt=\"\" decoding=\"async\" loading=\"lazy\" srcset=\"https:\/\/www.fundacionyuste.org\/wp-content\/uploads\/2000\/06\/13a-1002-150x150.jpg 150w, https:\/\/www.fundacionyuste.org\/wp-content\/uploads\/2000\/06\/13a-1002-36x36.jpg 36w, https:\/\/www.fundacionyuste.org\/wp-content\/uploads\/2000\/06\/13a-1002-45x45.jpg 45w\" sizes=\"(max-width: 150px) 100vw, 150px\" \/><\/a>\n\t\t\t<\/dt><\/dl><dl class='gallery-item'>\n\t\t\t<dt class='gallery-icon landscape'>\n\t\t\t\t<a href='https:\/\/www.fundacionyuste.org\/wp-content\/uploads\/2000\/06\/15a-1003-1024x745.jpg' title=\"\" data-rl_title=\"\" class=\"rl-gallery-link\" data-rl_caption=\"\" data-rel=\"lightbox-gallery-1\"><img width=\"150\" height=\"150\" src=\"https:\/\/www.fundacionyuste.org\/wp-content\/uploads\/2000\/06\/15a-1003-150x150.jpg\" class=\"attachment-thumbnail size-thumbnail\" alt=\"\" decoding=\"async\" loading=\"lazy\" srcset=\"https:\/\/www.fundacionyuste.org\/wp-content\/uploads\/2000\/06\/15a-1003-150x150.jpg 150w, https:\/\/www.fundacionyuste.org\/wp-content\/uploads\/2000\/06\/15a-1003-36x36.jpg 36w, https:\/\/www.fundacionyuste.org\/wp-content\/uploads\/2000\/06\/15a-1003-45x45.jpg 45w\" sizes=\"(max-width: 150px) 100vw, 150px\" \/><\/a>\n\t\t\t<\/dt><\/dl><dl class='gallery-item'>\n\t\t\t<dt class='gallery-icon landscape'>\n\t\t\t\t<a href='https:\/\/www.fundacionyuste.org\/wp-content\/uploads\/2000\/06\/19a-1004-1024x764.jpg' title=\"\" data-rl_title=\"\" class=\"rl-gallery-link\" data-rl_caption=\"\" data-rel=\"lightbox-gallery-1\"><img width=\"150\" height=\"150\" src=\"https:\/\/www.fundacionyuste.org\/wp-content\/uploads\/2000\/06\/19a-1004-150x150.jpg\" class=\"attachment-thumbnail size-thumbnail\" alt=\"\" decoding=\"async\" loading=\"lazy\" srcset=\"https:\/\/www.fundacionyuste.org\/wp-content\/uploads\/2000\/06\/19a-1004-150x150.jpg 150w, https:\/\/www.fundacionyuste.org\/wp-content\/uploads\/2000\/06\/19a-1004-36x36.jpg 36w, https:\/\/www.fundacionyuste.org\/wp-content\/uploads\/2000\/06\/19a-1004-45x45.jpg 45w\" sizes=\"(max-width: 150px) 100vw, 150px\" \/><\/a>\n\t\t\t<\/dt><\/dl><br style=\"clear: both\" \/><dl class='gallery-item'>\n\t\t\t<dt class='gallery-icon landscape'>\n\t\t\t\t<a href='https:\/\/www.fundacionyuste.org\/wp-content\/uploads\/2000\/06\/17a-1003-1024x753.jpg' title=\"\" data-rl_title=\"\" class=\"rl-gallery-link\" data-rl_caption=\"\" data-rel=\"lightbox-gallery-1\"><img width=\"150\" height=\"150\" src=\"https:\/\/www.fundacionyuste.org\/wp-content\/uploads\/2000\/06\/17a-1003-150x150.jpg\" class=\"attachment-thumbnail size-thumbnail\" alt=\"\" decoding=\"async\" loading=\"lazy\" srcset=\"https:\/\/www.fundacionyuste.org\/wp-content\/uploads\/2000\/06\/17a-1003-150x150.jpg 150w, https:\/\/www.fundacionyuste.org\/wp-content\/uploads\/2000\/06\/17a-1003-36x36.jpg 36w, https:\/\/www.fundacionyuste.org\/wp-content\/uploads\/2000\/06\/17a-1003-45x45.jpg 45w\" sizes=\"(max-width: 150px) 100vw, 150px\" \/><\/a>\n\t\t\t<\/dt><\/dl><dl class='gallery-item'>\n\t\t\t<dt class='gallery-icon landscape'>\n\t\t\t\t<a href='https:\/\/www.fundacionyuste.org\/wp-content\/uploads\/2000\/06\/Premio19-1024x769.jpg' title=\"\" data-rl_title=\"\" class=\"rl-gallery-link\" data-rl_caption=\"\" data-rel=\"lightbox-gallery-1\"><img width=\"150\" height=\"150\" src=\"https:\/\/www.fundacionyuste.org\/wp-content\/uploads\/2000\/06\/Premio19-150x150.jpg\" class=\"attachment-thumbnail size-thumbnail\" alt=\"\" decoding=\"async\" loading=\"lazy\" srcset=\"https:\/\/www.fundacionyuste.org\/wp-content\/uploads\/2000\/06\/Premio19-150x150.jpg 150w, https:\/\/www.fundacionyuste.org\/wp-content\/uploads\/2000\/06\/Premio19-36x36.jpg 36w, https:\/\/www.fundacionyuste.org\/wp-content\/uploads\/2000\/06\/Premio19-45x45.jpg 45w\" sizes=\"(max-width: 150px) 100vw, 150px\" \/><\/a>\n\t\t\t<\/dt><\/dl><dl class='gallery-item'>\n\t\t\t<dt class='gallery-icon landscape'>\n\t\t\t\t<a href='https:\/\/www.fundacionyuste.org\/wp-content\/uploads\/2014\/09\/premio-gonzalez.jpg' title=\"\" data-rl_title=\"\" class=\"rl-gallery-link\" data-rl_caption=\"\" data-rel=\"lightbox-gallery-1\"><img width=\"150\" height=\"150\" src=\"https:\/\/www.fundacionyuste.org\/wp-content\/uploads\/2014\/09\/premio-gonzalez-150x150.jpg\" class=\"attachment-thumbnail size-thumbnail\" alt=\"\" decoding=\"async\" loading=\"lazy\" \/><\/a>\n\t\t\t<\/dt><\/dl><dl class='gallery-item'>\n\t\t\t<dt class='gallery-icon landscape'>\n\t\t\t\t<a href='https:\/\/www.fundacionyuste.org\/wp-content\/uploads\/2000\/06\/Premio5-1024x752.jpg' title=\"\" data-rl_title=\"\" class=\"rl-gallery-link\" data-rl_caption=\"\" data-rel=\"lightbox-gallery-1\"><img width=\"150\" height=\"150\" src=\"https:\/\/www.fundacionyuste.org\/wp-content\/uploads\/2000\/06\/Premio5-150x150.jpg\" class=\"attachment-thumbnail size-thumbnail\" alt=\"\" decoding=\"async\" loading=\"lazy\" srcset=\"https:\/\/www.fundacionyuste.org\/wp-content\/uploads\/2000\/06\/Premio5-150x150.jpg 150w, https:\/\/www.fundacionyuste.org\/wp-content\/uploads\/2000\/06\/Premio5-36x36.jpg 36w, https:\/\/www.fundacionyuste.org\/wp-content\/uploads\/2000\/06\/Premio5-45x45.jpg 45w\" sizes=\"(max-width: 150px) 100vw, 150px\" \/><\/a>\n\t\t\t<\/dt><\/dl><br style=\"clear: both\" \/><dl class='gallery-item'>\n\t\t\t<dt class='gallery-icon landscape'>\n\t\t\t\t<a href='https:\/\/www.fundacionyuste.org\/wp-content\/uploads\/2000\/06\/31a-1004-1024x739.jpg' title=\"\" data-rl_title=\"\" class=\"rl-gallery-link\" data-rl_caption=\"\" data-rel=\"lightbox-gallery-1\"><img width=\"150\" height=\"150\" src=\"https:\/\/www.fundacionyuste.org\/wp-content\/uploads\/2000\/06\/31a-1004-150x150.jpg\" class=\"attachment-thumbnail size-thumbnail\" alt=\"\" decoding=\"async\" loading=\"lazy\" srcset=\"https:\/\/www.fundacionyuste.org\/wp-content\/uploads\/2000\/06\/31a-1004-150x150.jpg 150w, https:\/\/www.fundacionyuste.org\/wp-content\/uploads\/2000\/06\/31a-1004-36x36.jpg 36w, https:\/\/www.fundacionyuste.org\/wp-content\/uploads\/2000\/06\/31a-1004-45x45.jpg 45w\" sizes=\"(max-width: 150px) 100vw, 150px\" \/><\/a>\n\t\t\t<\/dt><\/dl><dl class='gallery-item'>\n\t\t\t<dt class='gallery-icon portrait'>\n\t\t\t\t<a href='https:\/\/www.fundacionyuste.org\/wp-content\/uploads\/2000\/06\/28a-1004-760x1024.jpg' title=\"\" data-rl_title=\"\" class=\"rl-gallery-link\" data-rl_caption=\"\" data-rel=\"lightbox-gallery-1\"><img width=\"150\" height=\"150\" src=\"https:\/\/www.fundacionyuste.org\/wp-content\/uploads\/2000\/06\/28a-1004-150x150.jpg\" class=\"attachment-thumbnail size-thumbnail\" alt=\"\" decoding=\"async\" loading=\"lazy\" srcset=\"https:\/\/www.fundacionyuste.org\/wp-content\/uploads\/2000\/06\/28a-1004-150x150.jpg 150w, https:\/\/www.fundacionyuste.org\/wp-content\/uploads\/2000\/06\/28a-1004-36x36.jpg 36w, https:\/\/www.fundacionyuste.org\/wp-content\/uploads\/2000\/06\/28a-1004-45x45.jpg 45w\" sizes=\"(max-width: 150px) 100vw, 150px\" \/><\/a>\n\t\t\t<\/dt><\/dl><dl class='gallery-item'>\n\t\t\t<dt class='gallery-icon landscape'>\n\t\t\t\t<a href='https:\/\/www.fundacionyuste.org\/wp-content\/uploads\/2000\/06\/foto-de-familia-1024x766.jpg' title=\"\" data-rl_title=\"\" class=\"rl-gallery-link\" data-rl_caption=\"\" data-rel=\"lightbox-gallery-1\"><img width=\"150\" height=\"150\" src=\"https:\/\/www.fundacionyuste.org\/wp-content\/uploads\/2000\/06\/foto-de-familia-150x150.jpg\" class=\"attachment-thumbnail size-thumbnail\" alt=\"\" decoding=\"async\" loading=\"lazy\" srcset=\"https:\/\/www.fundacionyuste.org\/wp-content\/uploads\/2000\/06\/foto-de-familia-150x150.jpg 150w, https:\/\/www.fundacionyuste.org\/wp-content\/uploads\/2000\/06\/foto-de-familia-36x36.jpg 36w, https:\/\/www.fundacionyuste.org\/wp-content\/uploads\/2000\/06\/foto-de-familia-45x45.jpg 45w\" sizes=\"(max-width: 150px) 100vw, 150px\" \/><\/a>\n\t\t\t<\/dt><\/dl>\n\t\t\t<br style='clear: both' \/>\n\t\t<\/div>\n\n<p>[\/et_pb_tab]<\/p>\n<p>[\/et_pb_tabs][\/et_pb_column][\/et_pb_row][\/et_pb_section]<\/p>\n","protected":false},"excerpt":{"rendered":"<p>PREMIADOS Award 2000 Felipe Gonz\u00e1lez M\u00e1rquez received the Carlos V European Award on 9 October 2000 at a ceremony presided over by Their Royal Majesties, the King and Queen of Spain at the Royal Monastery of Yuste. The jury highlighted the fact that \u201cthe incorporation of Spain into the European Economic Community on 1 January [&hellip;]<\/p>\n","protected":false},"author":1,"featured_media":2248,"comment_status":"open","ping_status":"closed","template":"","meta":{"_et_pb_use_builder":"on","_et_pb_old_content":"<p>[et_pb_section fullwidth=\"off\" specialty=\"off\" inner_shadow=\"off\" parallax=\"off\" parallax_method=\"css\"][et_pb_row][et_pb_column type=\"1_3\"][et_pb_sidebar admin_label=\"Sidebar\" orientation=\"left\" area=\"et_pb_widget_area_2\" background_layout=\"light\" \/][\/et_pb_column][et_pb_column type=\"1_3\"][et_pb_gallery admin_label=\"GALER\u00cdA PREMIADO\" gallery_ids=\"2277\" fullwidth=\"on\" posts_number=\"4\" show_title_and_caption=\"on\" show_pagination=\"on\" background_layout=\"light\" \/][\/et_pb_column][et_pb_column type=\"1_3\"][et_pb_text admin_label=\"DESCRIPCI\u00d3N\" background_layout=\"light\" text_orientation=\"left\"]<\/p><h2>FELIPE GONZ\u00c1LEZ MARQUEZ<\/h2><p><strong>Premio 2000<\/strong><\/p><p class=\"a12r666\" align=\"justify\">Felipe Gonz\u00e1lez M\u00e1rquez recibi\u00f3 el 'Premio Europeo Carlos V' 2000 el d\u00eda <strong>9 de octubre<\/strong> en un acto presidido por SS. MM. los Reyes en el Monasterio de Yuste. El Jurado del premio\u00a0destac\u00f3 <em><strong>\u00abque la incorporaci\u00f3n de Espa\u00f1a a la CEE, tras m\u00e1s de veinte a\u00f1os de espera, el 1 de enero de 1986, supuso la incardinaci\u00f3n de Espa\u00f1a en su marco natural, la consolidaci\u00f3n definitiva de la democracia y la superaci\u00f3n de un secular distanciamiento frente a Europa. La figura de Felipe Gonz\u00e1lez y la del gobierno por \u00e9l presidido cataliz\u00f3 y encauz\u00f3 las expectativas de una ampl\u00edsima mayor\u00eda de espa\u00f1oles, de toda orientaci\u00f3n pol\u00edtica y clase social, que anhelaba esa plena inserci\u00f3n en Europa, con todos los derechos y deberes de los dem\u00e1s Estados miembros\u00bb.<\/strong><\/em> Por otra parte, el Jurado resalt\u00f3 el inter\u00e9s de Felipe Gonz\u00e1lez <strong><em>\u00abpor insertar el concepto de \"ciudadan\u00eda europea\" en la realidad social y legal del marco comunitario\u00bb.<\/em><\/strong><\/p><p><strong>Pa\u00eds:<\/strong> Espa\u00f1a<\/p><p>\u00a0<\/p><p>\u00a0<\/p><p>[\/et_pb_text][\/et_pb_column][\/et_pb_row][et_pb_row][et_pb_column type=\"1_3\"][\/et_pb_column][et_pb_column type=\"2_3\"][et_pb_accordion admin_label=\"CONTENIDO DESPLEGABLE\"][et_pb_accordion_item title=\"BIOGRAF\u00cdA\"]<\/p><p class=\"a12r666\" align=\"justify\">Felipe Gonz\u00e1lez M\u00e1rquez naci\u00f3 el 5 de marzo de 1942 en la barriada sevillana de Heli\u00f3polis. Hoy en d\u00eda, sin duda alguna, es considerado, junto a Su Majestad el rey Juan Carlos y el expresidente Adolfo Su\u00e1rez, una de las figuras claves de la historia espa\u00f1ola reciente. En su juventud, bajo el r\u00e9gimen franquista, sus primeras inquietudes sociales y pol\u00edticas afloraron durante sus estudios de Derecho en Sevilla. Su enfrentamiento al SEU, el sindicato vertical de estudiantes, le acerc\u00f3 a un grupo de estudiantes antifranquistas, entre los que ya se encontraban futuros colaboradores al frente del Partido Socialista Obrero Espa\u00f1ol, PSOE (Alfonso Guerra, Luis Y\u00e1\u00f1ez, Manuel Chaves o Rafael Escudero). En 1962 se afilia a las Juventudes Socialistas Sevillanas y en 1964 se afilia al PSOE. Su personalidad subyuga al hist\u00f3rico dirigente socialista Alfonso Fern\u00e1ndez Torres, quien descubre en el joven Felipe uno de los aspirantes id\u00f3neos para reactivar el socialismo espa\u00f1ol, lastrado por los largos a\u00f1os de exilio de sus principales representantes.<\/p><p class=\"a12r666\" align=\"justify\">En 1965 concluy\u00f3 sus estudios de Derecho y residi\u00f3 un tiempo en la Universidad de Lovaina, becado por un sindicato cat\u00f3lico. De regreso en Espa\u00f1a, se dedica profesionalmente a la abogac\u00eda como abogado laboralista. Sus firmes ideales en aquella Espa\u00f1a franquista encuentran el veh\u00edculo id\u00f3neo para poder simultanear reivindicaciones pol\u00edticas y pr\u00e1ctica laboral: como abogado laboralista, viaja por Espa\u00f1a en defensa de mineros, obreros y trabajadores. En uno de sus juicios defiende a Nicol\u00e1s Redondo, que poco despu\u00e9s renunci\u00f3 a la secretar\u00eda general del PSOE para entregarse a sus tareas sindicales en la Uni\u00f3n General de Trabajadores, UGT.<\/p><p class=\"a12r666\" align=\"justify\">A partir de esos momentos, fue adquiriendo relevancia pol\u00edtica dentro del Partido Socialista Obrero Espa\u00f1ol en la clandestinidad. En el hist\u00f3rico congreso de Suresnes, Francia, celebrado en octubre de 1974, Felipe es elegido primer secretario del partido: su elecci\u00f3n personifica la culminaci\u00f3n de un proceso continuado durante m\u00e1s de seis a\u00f1os en el que los j\u00f3venes socialistas clandestinos de Espa\u00f1a asumieron la direcci\u00f3n del PSOE. Ocupa el cargo de Secretario General hasta junio de 1997. Su trayectoria y experiencia se hicieron patentes cuando, apenas tres meses despu\u00e9s del fallecimiento de Franco en 1975, se present\u00f3 en p\u00fablico bajo el apelativo clandestino de \u201cIsidoro\u201d durante una breve entrevista concedida a Televisi\u00f3n Espa\u00f1ola y emitida en sus informativos el 18 de febrero de 1976. Apenas un mes despu\u00e9s, la entrevista concedida a Eduardo Sotillos por el joven l\u00edder socialista mostraba a los espa\u00f1oles la nueva imagen de un Partido Socialista Obrero Espa\u00f1ol que emerg\u00eda a la luz despu\u00e9s de unos cuarenta a\u00f1os de clandestinidad.<\/p><p class=\"a12r666\" align=\"justify\">Tras su elecci\u00f3n como n\u00famero uno en la candidatura al Congreso de los Diputados por Madrid, en las primeras Elecciones Generales, celebradas en junio de 1977, ha sido desde entonces Diputado en todas las Legislaturas. En las Elecciones de octubre de 1982, el PSOE obtuvo la mayor\u00eda absoluta. Fue elegido Presidente del Gobierno por el Congreso de los Diputados, el 1 de diciembre de 1982 y permanece en el cargo hasta mayo de 1996, despu\u00e9s de que el PSOE haya ganado dos elecciones legislativas por mayor\u00eda absoluta y una por mayor\u00eda.<\/p><p class=\"a12r666\" align=\"justify\">Sus responsabilidades en Espa\u00f1a han corrido parejas a la asunci\u00f3n de destacados puestos en la pol\u00edtica internacional. Felipe Gonz\u00e1lez ha sido Vicepresidente de la Internacional Socialista desde 1978 hasta noviembre de 1999. Ha presidido la Comisi\u00f3n \u201cProgreso Global\u201d para la Innovaci\u00f3n de la Internacional Socialista, creada en septiembre del 1996. En diciembre de 1996 fue nombrado representante personal del Presidente en ejercicio de la Organizaci\u00f3n para la Seguridad y la Cooperaci\u00f3n Europea (OSCE) para encabezar una delegaci\u00f3n en el conflicto de la Rep\u00fablica Federal Yugoslava. En junio de 1998 fue nombrado representante especial de la Uni\u00f3n Europea para R.F.Y.<\/p><p class=\"a12r666\" align=\"justify\">El desempe\u00f1o de sus variades responsabilidades le ha merecido los reconocimientos y premios de la Universidad de Lovaina y Toulouse (Doctor Honoris Causa, 1995 y 1998 respectivamente), la concesi\u00f3n por S.M. el Rey del Collar de la Orden de Isabel la Cat\u00f3lica (mayo de 1996), la Gran Cruz de Oro al M\u00e9rito por la Rep\u00fablica de Austria (octubre de 1997), entre otros galardones.<\/p><div align=\"justify\">Uno de los momentos decisivos de su carrera pol\u00edtica coincide con un hito decisivo en la historia de Espa\u00f1a y en el proceso de unificaci\u00f3n europea. En el a\u00f1o 1985, en su calidad de Presidente del Gobierno, Felipe Gonz\u00e1lez firma el Tratado de Adhesi\u00f3n de Espa\u00f1a a la Comunidad Europea. La adhesi\u00f3n viene animada al mismo tiempo por una activaci\u00f3n espa\u00f1ola del impulso europe\u00edsta: en esa legislatura, el gobierno de Felipe Gonz\u00e1lez desarrolla una activa pol\u00edtica de impulso al proceso de construcci\u00f3n europea, destacando su contribuci\u00f3n al Tratado de la Uni\u00f3n Europea (Tratado de Maastricht) con la incorporci\u00f3n en el mismo por iniciativa de Espa\u00f1a de dos importantes elementos: Cohesi\u00f3n Econ\u00f3mica y Social y el concepto de Ciudadan\u00eda Europea. La concesi\u00f3n del Premio Carlomagno en mayo de 1993 sancion\u00f3 la contribuci\u00f3n del gobierno de Felipe Gonz\u00e1lez en la plena incorporaci\u00f3n espa\u00f1ola a la Comunidad Europea y en la activaci\u00f3n del impulso europe\u00edsta del que ha surgido el Tratado de la Uni\u00f3n Europea.<\/div><p>[\/et_pb_accordion_item][\/et_pb_accordion][et_pb_text admin_label=\"CARRUSEL PREMIADOS\" background_layout=\"light\" text_orientation=\"left\"]<\/p><h2>OTROS PREMIADOS<\/h2><p>\u00a0<\/p><p>[all_around id=\"2\"][\/et_pb_text][\/et_pb_column][\/et_pb_row][\/et_pb_section]<\/p>","_et_gb_content_width":"","_links_to":"","_links_to_target":""},"project_category":[229,12,283],"_links":{"self":[{"href":"https:\/\/www.fundacionyuste.org\/en\/wp-json\/wp\/v2\/project\/2961"}],"collection":[{"href":"https:\/\/www.fundacionyuste.org\/en\/wp-json\/wp\/v2\/project"}],"about":[{"href":"https:\/\/www.fundacionyuste.org\/en\/wp-json\/wp\/v2\/types\/project"}],"author":[{"embeddable":true,"href":"https:\/\/www.fundacionyuste.org\/en\/wp-json\/wp\/v2\/users\/1"}],"replies":[{"embeddable":true,"href":"https:\/\/www.fundacionyuste.org\/en\/wp-json\/wp\/v2\/comments?post=2961"}],"version-history":[{"count":0,"href":"https:\/\/www.fundacionyuste.org\/en\/wp-json\/wp\/v2\/project\/2961\/revisions"}],"wp:featuredmedia":[{"embeddable":true,"href":"https:\/\/www.fundacionyuste.org\/en\/wp-json\/wp\/v2\/media\/2248"}],"wp:attachment":[{"href":"https:\/\/www.fundacionyuste.org\/en\/wp-json\/wp\/v2\/media?parent=2961"}],"wp:term":[{"taxonomy":"project_category","embeddable":true,"href":"https:\/\/www.fundacionyuste.org\/en\/wp-json\/wp\/v2\/project_category?post=2961"}],"curies":[{"name":"wp","href":"https:\/\/api.w.org\/{rel}","templated":true}]}}